{"id":3970,"date":"2022-07-26T10:42:12","date_gmt":"2022-07-26T08:42:12","guid":{"rendered":"https:\/\/expo25.umh.es\/doctors-honoris-causa\/"},"modified":"2022-07-27T10:40:46","modified_gmt":"2022-07-27T08:40:46","slug":"doctors-honoris-causa","status":"publish","type":"page","link":"https:\/\/expo25.umh.es\/ca\/societat\/doctors-honoris-causa\/","title":{"rendered":"DOCTORS HONORIS CAUSA"},"content":{"rendered":"<p>[et_pb_section fb_built=&#8221;1&#8243; _builder_version=&#8221;4.16&#8243; background_enable_color=&#8221;off&#8221; background_image=&#8221;https:\/\/expo25.umh.es\/files\/2022\/06\/cabecera1.png&#8221; height=&#8221;172px&#8221; height_tablet=&#8221;&#8221; height_phone=&#8221;&#8221; height_last_edited=&#8221;on|desktop&#8221; custom_padding=&#8221;58px||44px|||&#8221; locked=&#8221;off&#8221; global_colors_info=&#8221;{}&#8221;][et_pb_row _builder_version=&#8221;4.16&#8243; background_color=&#8221;#000000&#8243; module_alignment=&#8221;center&#8221; custom_margin=&#8221;||||false|false&#8221; custom_padding=&#8221;0px||0px||false|false&#8221; border_color_all=&#8221;#000000&#8243; global_colors_info=&#8221;{}&#8221;][et_pb_column type=&#8221;4_4&#8243; _builder_version=&#8221;4.16&#8243; global_colors_info=&#8221;{}&#8221;][et_pb_text _builder_version=&#8221;4.16&#8243; text_text_color=&#8221;#ffffff&#8221; text_font_size=&#8221;30px&#8221; header_font=&#8221;Bebas Neue|700|||||||&#8221; header_text_color=&#8221;#ffffff&#8221; header_font_size=&#8221;49px&#8221; background_color=&#8221;rgba(0,0,0,0)&#8221; min_height=&#8221;29px&#8221; custom_padding=&#8221;12px||0px|||&#8221; border_width_left=&#8221;27px&#8221; border_color_left=&#8221;#000000&#8243; global_colors_info=&#8221;{}&#8221;]<\/p>\n<h1 style=\"text-align: left\"><span style=\"color: #f0981e\">IV.I<\/span> IV.I DOCTORS HONORIS CAUSA<\/h1>\n<p>[\/et_pb_text][\/et_pb_column][\/et_pb_row][\/et_pb_section][et_pb_section fb_built=&#8221;1&#8243; admin_label=&#8221;About&#8221; _builder_version=&#8221;4.16&#8243; background_enable_color=&#8221;off&#8221; background_image=&#8221;https:\/\/expo25.umh.es\/files\/2022\/06\/fondo-25-scaled.jpg&#8221; custom_padding=&#8221;4px|0px|6px|0px||&#8221; locked=&#8221;off&#8221; global_colors_info=&#8221;{}&#8221;][et_pb_row make_equal=&#8221;on&#8221; _builder_version=&#8221;4.16&#8243; custom_padding=&#8221;|||&#8221; global_colors_info=&#8221;{}&#8221;][et_pb_column type=&#8221;4_4&#8243; _builder_version=&#8221;4.16&#8243; custom_padding=&#8221;|||&#8221; global_colors_info=&#8221;{}&#8221; custom_padding__hover=&#8221;|||&#8221;][\/et_pb_column][\/et_pb_row][\/et_pb_section][et_pb_section fb_built=&#8221;1&#8243; disabled_on=&#8221;on|on|off&#8221; _builder_version=&#8221;4.16&#8243; background_color=&#8221;#f0981e  &#8221; custom_padding=&#8221;0px||24px|||&#8221; locked=&#8221;off&#8221; global_colors_info=&#8221;{}&#8221;][et_pb_row use_custom_gutter=&#8221;on&#8221; make_equal=&#8221;on&#8221; _builder_version=&#8221;4.16&#8243; max_width=&#8221;1110px&#8221; custom_padding=&#8221;14px||0px|||&#8221; locked=&#8221;off&#8221; global_colors_info=&#8221;{}&#8221;][et_pb_column type=&#8221;4_4&#8243; _builder_version=&#8221;4.16&#8243; global_colors_info=&#8221;{}&#8221;][et_pb_text admin_label=&#8221;description&#8221; _builder_version=&#8221;4.16&#8243; text_font=&#8221;Open Sans|600|||||||&#8221; text_text_color=&#8221;#000000&#8243; text_font_size=&#8221;15px&#8221; text_line_height=&#8221;1.4em&#8221; background_color=&#8221;rgba(255,255,255,0.74)&#8221; max_width_tablet=&#8221;89%&#8221; max_width_phone=&#8221;97%&#8221; max_width_last_edited=&#8221;off|desktop&#8221; custom_padding=&#8221;30px|30px|30px|30px|true|true&#8221; box_shadow_style=&#8221;preset2&#8243; global_colors_info=&#8221;{}&#8221;]<\/p>\n<p style=\"text-align: justify;font-size: 22px\"><span style=\"color: #000000\"><img loading=\"lazy\" class=\"wp-image-2438 size-full alignleft\" src=\"https:\/\/expo25.umh.es\/files\/2022\/06\/Investidura-de-la-periodista-Rosa-Maria-Calaf-como-DHC.jpeg\" width=\"536\" height=\"357\" \/><\/span><\/p>\n<p style=\"text-align: justify\">El Doctorat Honoris causa \u00e9s la m\u00e0xima distinci\u00f3 que la UMH concedeix a una persona en reconeixement a la seua traject\u00f2ria en l&#8217;\u00e0mbit acad\u00e8mic, cient\u00edfic o cultural. Aquesta concessi\u00f3 es realitza mitjan\u00e7ant acord de Consell de Govern a proposta del rector, president del Consell Social, directors de Departament, degans de Facultat, directors d&#8217;Escola o directors dels Instituts d&#8217;Investigaci\u00f3.<\/p>\n<p style=\"text-align: justify\">Aquest acte solemne d&#8217;investidura \u00e9s una de les cerim\u00f2nies m\u00e9s destacades de quantes se celebren en la universitat; compta amb un protocol molt detallat en el qual destaquen moments com la Laudatio del padr\u00ed o padrina, el lliurament del t\u00edtol de Doctor Honoris Causa, la imposici\u00f3 el birret llorejat i el lliurament dels altres atributs com s\u00f3n el llibre de la Ci\u00e8ncia i la Saviesa, l&#8217;antic anell i els guants blancs. El propi discurs del Doctor Honoris Causa \u00e9s part fonamental de la cerim\u00f2nia que finalitza amb la interpretaci\u00f3 de l&#8217;himne universitari Gaudeamus Igitur.<\/p>\n<p style=\"text-align: justify\">En aquests 25 anys s&#8217;han nomenat 58 Doctors Honoris Causa, dels quals hem seleccionat un Doctor Honoris causa de cada branca acad\u00e8mica, identificada pel color de les seues togues. Al costat del document gr\u00e0fic de l&#8217;acte de nomenament hem seleccionat un document textual referent a aquest expedient.<\/p>\n<p>[\/et_pb_text][\/et_pb_column][\/et_pb_row][\/et_pb_section][et_pb_section fb_built=&#8221;1&#8243; disabled_on=&#8221;off|off|on&#8221; _builder_version=&#8221;4.16&#8243; background_color=&#8221;#f0981e  &#8221; custom_padding=&#8221;0px||0px|||&#8221; locked=&#8221;off&#8221; global_colors_info=&#8221;{}&#8221;][et_pb_row use_custom_gutter=&#8221;on&#8221; make_equal=&#8221;on&#8221; _builder_version=&#8221;4.16&#8243; max_width=&#8221;1738px&#8221; global_colors_info=&#8221;{}&#8221;][et_pb_column type=&#8221;4_4&#8243; _builder_version=&#8221;4.16&#8243; global_colors_info=&#8221;{}&#8221;][et_pb_text admin_label=&#8221;description&#8221; _builder_version=&#8221;4.16&#8243; text_font=&#8221;Open Sans|600|||||||&#8221; text_text_color=&#8221;#000000&#8243; text_font_size=&#8221;16px&#8221; text_line_height=&#8221;1.4em&#8221; background_color=&#8221;rgba(255,255,255,0.74)&#8221; max_width_tablet=&#8221;89%&#8221; max_width_phone=&#8221;97%&#8221; max_width_last_edited=&#8221;off|desktop&#8221; custom_margin=&#8221;||||false|false&#8221; custom_padding=&#8221;30px|30px|30px|30px|true|true&#8221; box_shadow_style=&#8221;preset2&#8243; global_colors_info=&#8221;{}&#8221;]<\/p>\n<p style=\"text-align: justify\">El Doctorat Honoris causa \u00e9s la m\u00e0xima distinci\u00f3 que la UMH concedeix a una persona en reconeixement a la seua traject\u00f2ria en l&#8217;\u00e0mbit acad\u00e8mic, cient\u00edfic o cultural. Aquesta concessi\u00f3 es realitza mitjan\u00e7ant acord de Consell de Govern a proposta del rector, president del Consell Social, directors de Departament, degans de Facultat, directors d&#8217;Escola o directors dels Instituts d&#8217;Investigaci\u00f3.<\/p>\n<p style=\"text-align: justify\">Aquest acte solemne d&#8217;investidura \u00e9s una de les cerim\u00f2nies m\u00e9s destacades de quantes se celebren en la universitat; compta amb un protocol molt detallat en el qual destaquen moments com la Laudatio del padr\u00ed o padrina, el lliurament del t\u00edtol de Doctor Honoris Causa, la imposici\u00f3 el birret llorejat i el lliurament dels altres atributs com s\u00f3n el llibre de la Ci\u00e8ncia i la Saviesa, l&#8217;antic anell i els guants blancs. El propi discurs del Doctor Honoris Causa \u00e9s part fonamental de la cerim\u00f2nia que finalitza amb la interpretaci\u00f3 de l&#8217;himne universitari Gaudeamus Igitur.<\/p>\n<p style=\"text-align: justify\">En aquests 25 anys s&#8217;han nomenat 58 Doctors Honoris Causa, dels quals hem seleccionat un Doctor Honoris causa de cada branca acad\u00e8mica, identificada pel color de les seues togues. Al costat del document gr\u00e0fic de l&#8217;acte de nomenament hem seleccionat un document textual referent a aquest expedient.<\/p>\n<p>[\/et_pb_text][et_pb_image src=&#8221;https:\/\/expo25.umh.es\/files\/2022\/06\/Investidura-como-DHC-de-la-periodista-Rosa-Maria-Calaf.jpeg&#8221; alt=&#8221;Els alumnes de Periodisme Miguel \u00c1ngel *Rives i Gemma Morcillo li col\u00b7loquen la beca i entreguen un ram de roses a la padrina de la seua promoci\u00f3, Rosa Mar\u00eda Calaf, durant l&#8217;acte celebrat a l&#8217;Aula Magna de l&#8217;edifici Altabix&#8221; title_text=&#8221;Els alumnes de Periodisme Miguel \u00c1ngel *Rives i Gemma Morcillo li col\u00b7loquen la beca i entreguen un ram de roses a la padrina de la seua promoci\u00f3, Rosa Mar\u00eda Calaf, durant l&#8217;acte celebrat a l&#8217;Aula Magna de l&#8217;edifici Altabix&#8221; align=&#8221;center&#8221; _builder_version=&#8221;4.16&#8243; custom_padding=&#8221;|11px||||&#8221; global_colors_info=&#8221;{}&#8221;][\/et_pb_image][\/et_pb_column][\/et_pb_row][\/et_pb_section][et_pb_section fb_built=&#8221;1&#8243; _builder_version=&#8221;4.16&#8243; background_enable_color=&#8221;off&#8221; background_image=&#8221;https:\/\/expo25.umh.es\/files\/2022\/06\/fondo-25-scaled.jpg&#8221; background_size=&#8221;initial&#8221; background_position=&#8221;bottom_left&#8221; background_repeat=&#8221;repeat&#8221; custom_padding=&#8221;4px|0px|100px|0px|false|false&#8221; global_colors_info=&#8221;{}&#8221;][et_pb_row _builder_version=&#8221;4.16&#8243; locked=&#8221;off&#8221; global_colors_info=&#8221;{}&#8221;][et_pb_column type=&#8221;4_4&#8243; _builder_version=&#8221;4.16&#8243; global_colors_info=&#8221;{}&#8221;][et_pb_text disabled_on=&#8221;off|off|on&#8221; _builder_version=&#8221;4.16&#8243; text_font=&#8221;Bebas Neue||||||||&#8221; text_font_size=&#8221;40px&#8221; text_line_height=&#8221;1.2em&#8221; custom_margin=&#8221;||||false|false&#8221; global_colors_info=&#8221;{}&#8221;]<\/p>\n<p style=\"text-align: center\"><span style=\"color: #f0981e\">Documentaci\u00f3<\/span><br \/>\n<span style=\"color: #333333\">Audiovisual<\/span><\/p>\n<p>[\/et_pb_text][\/et_pb_column][\/et_pb_row][et_pb_row column_structure=&#8221;1_2,1_2&#8243; use_custom_gutter=&#8221;on&#8221; gutter_width=&#8221;1&#8243; make_equal=&#8221;on&#8221; _builder_version=&#8221;4.16&#8243; max_width=&#8221;1269px&#8221; custom_padding=&#8221;38px|||||&#8221; locked=&#8221;off&#8221; global_colors_info=&#8221;{}&#8221;][et_pb_column type=&#8221;1_2&#8243; _builder_version=&#8221;4.16&#8243; global_colors_info=&#8221;{}&#8221;][et_pb_text disabled_on=&#8221;off|off|off&#8221; _builder_version=&#8221;4.17.4&#8243; text_text_color=&#8221;#ffffff&#8221; text_font_size=&#8221;16px&#8221; custom_margin=&#8221;||||false|true&#8221; custom_margin_tablet=&#8221;|100px||100px|false|true&#8221; custom_margin_phone=&#8221;|50px||50px|false|true&#8221; custom_margin_last_edited=&#8221;on|phone&#8221; hover_enabled=&#8221;0&#8243; global_colors_info=&#8221;{}&#8221; sticky_enabled=&#8221;0&#8243;]<span><div id=\"shortCode25UMH_0\" class=\"shortCode25UMH\">\n\t<script type=\"text\/javascript\">  \n\t\timagenesInfo_0 = [{\"ID\":0,\"TITULO\":\"El f&iacute;sico y qu&iacute;mico alem&aacute;n Manfred Eigen, ganador del Premio Nobel de Qu&iacute;mica en 1967 y reci&eacute;n investido como Doctor Honoris Causa por la UMH, pronuncia su discurso de agradecimiento durante el Solemne Acto de Apertura del Curso Acad&eacute;mico 1997-98 celebrado en el Gran Teatro de Elche\",\"COMENTARIOS\":\"El f&iacute;sic i qu&iacute;mic alemany Manfred Eigen, guanyador del Premi Nobel de Qu&iacute;mica el 1967 i recent investit com a Doctor Honoris Causa per la UMH, pronuncia el seu discurs d'agra&iuml;ment durant el solemne acte d'obertura del curs acad&egrave;mic 1997-98 celebrat al Gran Teatre d'Elx\",\"FECHA\":\"07\\\/10\\\/97\",\"SERIE\":\"FAV.C108 HOMENAJES, DISTINCIONES Y PREMIOS\",\"CARPETA\":\"Exposici&oacute;n 25 A&ntilde;os UMH Sociedad DHC\",\"URL\":\"https:\\\/\\\/audiovisuales.umh.es\\\/consulta-audiovisual\\\/file?token=GxWVxNSvvk6bIktRmzk%2B2OK6pkYKCeQq7ZzkqNi9QNo%3D\"},{\"ID\":1,\"TITULO\":\"El economista espa&ntilde;ol y Presidente del Banco Central, Alfonso Esc&aacute;mez L&oacute;pez, reci&eacute;n investido como Doctor Honoris Causa por la UMH, pronuncia su discurso de agradecimiento desde el atril situado sobre el escenario del Gran Teatro de Elche, durante el Solemne Acto de Apertura del Curso Acad&eacute;mico 1997-98 e investidura como Doctores Honoris Causa de Alfonso Esc&aacute;mez L&oacute;pez, y Manfred Eigen\",\"COMENTARIOS\":\"L'economista espanyol i President del Banc Central, Alfonso  Esc&aacute;mez L&oacute;pez, acabat d'investir com a Doctor Honoris Causa per la  UMH, pronuncia el seu discurs d'agra&iuml;ment des del faristol situat sobre l'escenari del Gran Teatre d'Elx, durant el solemne acte d'obertura del curs acad&egrave;mic 1997-98 i investidura com a Doctors Honoris Causa d'Alfonso  Esc&aacute;mez L&oacute;pez, i  Manfred  Eigen\",\"FECHA\":\"07\\\/10\\\/97\",\"SERIE\":\"FAV.C108 HOMENAJES, DISTINCIONES Y PREMIOS\",\"CARPETA\":\"Exposici&oacute;n 25 A&ntilde;os UMH Sociedad DHC\",\"URL\":\"https:\\\/\\\/audiovisuales.umh.es\\\/consulta-audiovisual\\\/file?token=FHbzgpwptgebIktRmzk%2B2OK6pkYKCeQq7ZzkqNi9QNo%3D\"},{\"ID\":2,\"TITULO\":\"David H. Hubel, Torsten N. Wiesel y Jaime Carvajal y Urquijo conversan en el Convento de la Merced antes de que d&eacute; comienzo en el Gran Teatro de Elche el Solemne Acto de Apertura del Curso Acad&eacute;mico 1998-99 y su investidura como Doctores Honoris Causa por la UMH.\",\"COMENTARIOS\":\"David H.  Hubel,  Torsten N.  Wiesel i Jaime Carvajal i Urquijo conversen en el convent de la Merc&egrave; abans que done inici al Gran Teatre d'Elx el solemne acte d'obertura del curs acad&egrave;mic 1998-99 i la seua investidura com a Doctors Honoris Causa per la  UMH\",\"FECHA\":\"03\\\/10\\\/98\",\"SERIE\":\"FAV.C108 HOMENAJES, DISTINCIONES Y PREMIOS\",\"CARPETA\":\"Exposici&oacute;n 25 A&ntilde;os UMH Sociedad DHC\",\"URL\":\"https:\\\/\\\/audiovisuales.umh.es\\\/consulta-audiovisual\\\/file?token=YWt0OZ3PYGGbIktRmzk%2B2OK6pkYKCeQq7ZzkqNi9QNo%3D\"},{\"ID\":3,\"TITULO\":\"La nieta de Miguel Hern&aacute;ndez, Mar&iacute;a Jos&eacute; Hern&aacute;ndez, recoge de manos de su padrino, el acad&eacute;mico de Historia, Javier D&iacute;ez de Revenga, el Libro de la Ciencia y la Sabidur&iacute;a que acredita a su abuelo, el poeta oriolano Miguel Hern&aacute;ndez, como Doctor Honoris Causa a t&iacute;tulo p&oacute;stumo.\",\"COMENTARIOS\":\"La neta de Miguel Hern&aacute;ndez, Mar&iacute;a Jos&eacute; Hern&aacute;ndez, recull de mans del seu padr&iacute;, l'acad&egrave;mic d'Hist&ograve;ria, Javier D&iacute;ez de Revenga, el llibre de la ci&egrave;ncia i la saviesa que acredita al seu avi, el poeta oriol&agrave; Miguel Hern&aacute;ndez, com a Doctor Honoris Causa a t&iacute;tol p&ograve;stum\",\"FECHA\":\"19\\\/10\\\/98\",\"SERIE\":\"FAV.C108 HOMENAJES, DISTINCIONES Y PREMIOS\",\"CARPETA\":\"Exposici&oacute;n 25 A&ntilde;os UMH Sociedad DHC\",\"URL\":\"https:\\\/\\\/audiovisuales.umh.es\\\/consulta-audiovisual\\\/file?token=j3Nci5kxgx%2BbIktRmzk%2B2OK6pkYKCeQq7ZzkqNi9QNo%3D\"},{\"ID\":4,\"TITULO\":\"El Doctor en Medicina y catedr&aacute;tico de Historia de la Medicina, D. Pedro La&iacute;n Entralgo, junto a su padrino, el Doctor en Medicina Emilio Balaguer Periguell, escuchando una canci&oacute;n interpretada por el Coro de la CAM, durante los &uacute;ltimos compases del acto celebrado en la Casa de la Cultura de Sant Joan.\",\"COMENTARIOS\":\"El doctor en Medicina i catedr&agrave;tic d'Hist&ograve;ria de la Medicina, Sr. Pedro  La&iacute;n  Entralgo, al costat del seu padr&iacute;, el doctor en Medicina Emilio Balaguer  Periguell, escoltant una can&ccedil;&oacute; interpretada pel cor de la CAM, durant els &uacute;ltims compassos de l'acte celebrat a la Casa de la Cultura de Sant Joan.\",\"FECHA\":\"23\\\/10\\\/98\",\"SERIE\":\"FAV.C108 HOMENAJES, DISTINCIONES Y PREMIOS\",\"CARPETA\":\"Exposici&oacute;n 25 A&ntilde;os UMH Sociedad DHC\",\"URL\":\"https:\\\/\\\/audiovisuales.umh.es\\\/consulta-audiovisual\\\/file?token=ws%2FhEyJTc%2BCbIktRmzk%2B2OK6pkYKCeQq7ZzkqNi9QNo%3D\"},{\"ID\":5,\"TITULO\":\"El catedr&aacute;tico de Estad&iacute;stica de la Universidad de Oxford, David Cox, junto a su padrino, el catedr&aacute;tico de Estad&iacute;stica e Investigaci&oacute;n Operativa, Domingo Morales, aguardan en el vest&iacute;bulo del edificio Altabix el inicio en el Aula Magna del Solemne Acto de Investidura como Doctor Honoris Causa del estad&iacute;stico brit&aacute;nico.\",\"COMENTARIOS\":\"El catedr&agrave;tic d'Estad&iacute;stica de la Universitat d'Oxford, David Cox, al costat del seu padr&iacute;, el catedr&agrave;tic d'Estad&iacute;stica i Investigaci&oacute; Operativa, Domingo Morales, esperen en el vest&iacute;bul de l'edifici  Altabix l'inici a l'aula magna del solemne acte d'investidura com a Doctor Honoris Causa de l'estad&iacute;stic brit&agrave;nic\",\"FECHA\":\"22\\\/09\\\/99\",\"SERIE\":\"FAV.C108 HOMENAJES, DISTINCIONES Y PREMIOS\",\"CARPETA\":\"Exposici&oacute;n 25 A&ntilde;os UMH Sociedad DHC\",\"URL\":\"https:\\\/\\\/audiovisuales.umh.es\\\/consulta-audiovisual\\\/file?token=LOFbA0WDhIibIktRmzk%2B2OK6pkYKCeQq7ZzkqNi9QNo%3D\"},{\"ID\":6,\"TITULO\":\"El Rector de la UMH, Jes&uacute;s Rodr&iacute;guez Mar&iacute;n, felicita al expresidente del Congreso y Defensor del Pueblo, Fernando &Aacute;lvarez de Miranda, tras haberle investido como Doctor Honoris Causa, durante el Solemne Acto de Apertura del Curso Acad&eacute;mico 1999-2000 celebrado en el vest&iacute;bulo del edificio Altabix.\",\"COMENTARIOS\":\"El rector de la  UMH, Jes&uacute;s Rodr&iacute;guez Mar&iacute;n, felicita l'expresident del Congr&eacute;s i Defensor del Poble, Fernando &Aacute;lvarez de Miranda, despr&eacute;s d'haver-lo investit com a Doctor Honoris Causa, durant el solemne acte d'obertura del curs acad&egrave;mic 1999-2000 celebrat en el vest&iacute;bul de l'edifici  Altabix\",\"FECHA\":\"04\\\/10\\\/99\",\"SERIE\":\"FAV.C108 HOMENAJES, DISTINCIONES Y PREMIOS\",\"CARPETA\":\"Exposici&oacute;n 25 A&ntilde;os UMH Sociedad DHC\",\"URL\":\"https:\\\/\\\/audiovisuales.umh.es\\\/consulta-audiovisual\\\/file?token=bbLRMsw%2FvuCbIktRmzk%2B2OK6pkYKCeQq7ZzkqNi9QNo%3D\"},{\"ID\":7,\"TITULO\":\"El economista y acad&eacute;mico vasco, Jos&eacute; &Aacute;ngel S&aacute;nchez Asia&iacute;n, pronuncia su discurso de agradecimiento tras haber sido investido como Doctor Honoris Causa por la UMH, durante el acto celebrado en el Aula Magna del edificio Altabix.\",\"COMENTARIOS\":\"L'economista i acad&egrave;mic basc, Jos&eacute; &Aacute;ngel S&aacute;nchez  Asia&iacute;n, pronuncia el seu discurs d'agra&iuml;ment despr&eacute;s d'haver sigut investit com a Doctor Honoris Causa per la  UMH, durant l'acte celebrat a l'aula magna de l'edifici  Altabix.\",\"FECHA\":\"20\\\/10\\\/99\",\"SERIE\":\"FAV.C108 HOMENAJES, DISTINCIONES Y PREMIOS\",\"CARPETA\":\"Exposici&oacute;n 25 A&ntilde;os UMH Sociedad DHC\",\"URL\":\"https:\\\/\\\/audiovisuales.umh.es\\\/consulta-audiovisual\\\/file?token=yqRE8zMiYEybIktRmzk%2B2OK6pkYKCeQq7ZzkqNi9QNo%3D\"},{\"ID\":8,\"TITULO\":\"El doctor Stephanus Hendrikus Tijs, durante su discurso de agradecimiento tras haber sido investido como Doctor Honoris Causa por la UMH en el Aula Magna del edificio Altabix.\",\"COMENTARIOS\":\"El doctor  Stephanus  Hendrikus  Tijs, durant el seu discurs d'agra&iuml;ment despr&eacute;s d'haver sigut investit com a Doctor Honoris Causa per la  UMH a l'aula magna de l'edifici  Altabix\",\"FECHA\":\"27\\\/09\\\/00\",\"SERIE\":\"FAV.C108 HOMENAJES, DISTINCIONES Y PREMIOS\",\"CARPETA\":\"Exposici&oacute;n 25 A&ntilde;os UMH Sociedad DHC\",\"URL\":\"https:\\\/\\\/audiovisuales.umh.es\\\/consulta-audiovisual\\\/file?token=amxLiI678FKbIktRmzk%2B2OK6pkYKCeQq7ZzkqNi9QNo%3D\"},{\"ID\":9,\"TITULO\":\"El reci&eacute;n investido como Doctor Honoris Causa Sr. D. Federico Mayor Zaragoza est&aacute; leyendo su discurso de agradecimiento tras haber sido investido como Doctor Honoris Causa por la UMH, durante el Solemne Acto de Apertura del Curso Acad&eacute;mico 2000-2001 celebrado en el hall del edificio Altabix\",\"COMENTARIOS\":\"L'acabat d'investir com a Doctor Honoris Causa Sr. Federico  Mayor Zaragoza est&agrave; llegint el seu discurs d'agra&iuml;ment despr&eacute;s d'haver sigut investit com a Doctor Honoris Causa per la  UMH, durant el solemne acte d'obertura del curs acad&egrave;mic 2000-2001 celebrat en l'hall de l'edifici  Altabix\",\"FECHA\":\"03\\\/10\\\/00\",\"SERIE\":\"FAV.C108 HOMENAJES, DISTINCIONES Y PREMIOS\",\"CARPETA\":\"Exposici&oacute;n 25 A&ntilde;os UMH Sociedad DHC\",\"URL\":\"https:\\\/\\\/audiovisuales.umh.es\\\/consulta-audiovisual\\\/file?token=A5rpnhNiFXmbIktRmzk%2B2OK6pkYKCeQq7ZzkqNi9QNo%3D\"},{\"ID\":10,\"TITULO\":\"El profesor em&eacute;rito alem&aacute;n Friedrich Wilhelm Eigler, investido como Doctor Honoris Causa por la UMH en 2001\",\"COMENTARIOS\":\"El professor em&egrave;rit alemany Friedrich Wilhelm Eigler, investit com a Doctor Honoris Causa per la UMH en 2001\",\"FECHA\":\"06\\\/06\\\/22\",\"SERIE\":\"FAV.C105 EXPOSICIONES\",\"CARPETA\":\"Exposici&oacute;n 25 A&ntilde;os UMH Sociedad DHC\",\"URL\":\"https:\\\/\\\/audiovisuales.umh.es\\\/consulta-audiovisual\\\/file?token=QhPqYctES1ybIktRmzk%2B2OK6pkYKCeQq7ZzkqNi9QNo%3D\"},{\"ID\":11,\"TITULO\":\"El Rector de la UMH, Jes&uacute;s Rodr&iacute;guez Mar&iacute;n, coloca el birrete laureado al Doctor en Biolog&iacute;a, Sr. D. Antonio Garc&iacute;a Bellido, como gesto de su investidura como Doctor Honoris Causa por la UMH, ante la atenta mirada de su padrino, el Catedr&aacute;tico de la UMH, Dr. Jos&eacute; Luis Micol Molina.\",\"COMENTARIOS\":\"El rector de la  UMH, Jes&uacute;s Rodr&iacute;guez Mar&iacute;n, col&middot;loca el birret llorejat al doctor en Biologia, Sr. Antonio Garc&iacute;a Bellido, com a gest de la seua investidura com a Doctor Honoris Causa per la  UMH, davant l'atenta mirada del seu padr&iacute;, el catedr&agrave;tic de la  UMH, Dr. Jos&eacute; Luis  Micol Molina.\",\"FECHA\":\"28\\\/01\\\/02\",\"SERIE\":\"FAV.C108 HOMENAJES, DISTINCIONES Y PREMIOS\",\"CARPETA\":\"Exposici&oacute;n 25 A&ntilde;os UMH Sociedad DHC\",\"URL\":\"https:\\\/\\\/audiovisuales.umh.es\\\/consulta-audiovisual\\\/file?token=1oPzo5Y543abIktRmzk%2B2OK6pkYKCeQq7ZzkqNi9QNo%3D\"},{\"ID\":12,\"TITULO\":\"El Rector de la UMH, Jes&uacute;s Rodr&iacute;guez Mar&iacute;n, le coloca el birrete laureado al Doctor en Matem&aacute;ticas y Econom&iacute;a, Sr. D. Egon Balas, como parte de su proceso de investidura como Doctor Honoris Causa por la UMH, durante el acto celebrado en el Aula Magna del edificio Altabix.\",\"COMENTARIOS\":\"El rector de la  UMH, Jes&uacute;s Rodr&iacute;guez Mar&iacute;n, col&middot;loca el birret llorejat al doctor en Matem&agrave;tiques i Economia, Sr. Egon Balas, com a part del seu proc&eacute;s d'investidura com a Doctor Honoris Causa per la  UMH, durant l'acte celebrat a l'aula magna de l'edifici  Altabix\",\"FECHA\":\"25\\\/09\\\/02\",\"SERIE\":\"FAV.C108 HOMENAJES, DISTINCIONES Y PREMIOS\",\"CARPETA\":\"Exposici&oacute;n 25 A&ntilde;os UMH Sociedad DHC\",\"URL\":\"https:\\\/\\\/audiovisuales.umh.es\\\/consulta-audiovisual\\\/file?token=AOivaugSPdKbIktRmzk%2B2OK6pkYKCeQq7ZzkqNi9QNo%3D\"},{\"ID\":13,\"TITULO\":\"El cineasta reci&eacute;n investido como Doctor Honoris Causa, D. Luis Garc&iacute;a Berlanga, pronuncia su discurso de agradecimiento desde el atril situado en el escenario del Aula Magna del edificio Altabix, durante el Solemne Acto de Apertura del Curso Acad&eacute;mico 2002 &iquest; 2003 e Investidura de los Excmos. Sres. D. Juan Rod&eacute;s Teixidor y Luis Garc&iacute;a Berlanga como Doctores Honoris Causa.\",\"COMENTARIOS\":\"El cineasta recentment investit com a Doctor Honoris Causa, Sr. Luis Garc&iacute;a Berlanga, pronuncia el seu discurs d'agra&iuml;ment des del faristol situat en l'escenari de l'aula magna de l'edifici  Altabix, durant el solemne acte d'obertura del curs acad&egrave;mic 2002 2003 i investidura dels  Excms. Srs. Juan  Rod&eacute;s  Teixidor i Luis Garc&iacute;a Berlanga com a Doctors Honoris Causa.\",\"FECHA\":\"04\\\/10\\\/02\",\"SERIE\":\"FAV.C108 HOMENAJES, DISTINCIONES Y PREMIOS\",\"CARPETA\":\"Exposici&oacute;n 25 A&ntilde;os UMH Sociedad DHC\",\"URL\":\"https:\\\/\\\/audiovisuales.umh.es\\\/consulta-audiovisual\\\/file?token=MOiZWgSrWDybIktRmzk%2B2OK6pkYKCeQq7ZzkqNi9QNo%3D\"},{\"ID\":14,\"TITULO\":\"El reci&eacute;n investido como Doctor Honoris Causa, Dr. D. Juan Rod&eacute;s Teixidor, pronuncia su discurso de agradecimiento desde el atril situado en el escenario del Aula Magna del edificio Altabix, durante el Solemne Acto de Apertura del Curso Acad&eacute;mico 2002 &iquest; 2003 e Investidura de los Excmos. Sres. D. Juan Rod&eacute;s Teixidor y Luis Garc&iacute;a Berlanga como Doctores Honoris Causa.\",\"COMENTARIOS\":\"L'acabat d'investir com a Doctor Honoris Causa, Dr. Juan  Rod&eacute;s  Teixidor, pronuncia el seu discurs d'agra&iuml;ment des del faristol situat en l'escenari de l'aula magna de l'edifici  Altabix, durant el solemne acte d'obertura del curs acad&egrave;mic 2002\\\/2003 i investidura dels  Excms. Srs. Juan  Rod&eacute;s  Teixidor i Luis Garc&iacute;a Berlanga com a Doctors Honoris Causa.\",\"FECHA\":\"04\\\/10\\\/02\",\"SERIE\":\"FAV.C108 HOMENAJES, DISTINCIONES Y PREMIOS\",\"CARPETA\":\"Exposici&oacute;n 25 A&ntilde;os UMH Sociedad DHC\",\"URL\":\"https:\\\/\\\/audiovisuales.umh.es\\\/consulta-audiovisual\\\/file?token=hPEsYxhxQJqbIktRmzk%2B2OK6pkYKCeQq7ZzkqNi9QNo%3D\"},{\"ID\":15,\"TITULO\":\"El tenor catal&aacute;n D. Josep Carreras i Coll recibe de manos de su madrina, la profesora de la UMH Mar&iacute;a Teresa P&eacute;rez V&aacute;zquez, los guantes blancos y el Libro de la Ciencia y la Sabidur&iacute;a, que le son ofrecidos a los reci&eacute;n investidos como Doctor Honoris Causa. Este gesto se realiza en presencia del Rector de la UMH, Jes&uacute;s Rodr&iacute;guez Mar&iacute;n, durante el acto celebrado en el Palau Altea Centre d&iquest;Arts.\",\"COMENTARIOS\":\"El tenor catal&agrave; Sr. Josep Carreras i Coll rep de mans de la seua padrina, la professora de la  UMH Mar&iacute;a Teresa P&eacute;rez V&aacute;zquez, els guants blancs i el llibre de la ci&egrave;ncia i la saviesa, que li s&oacute;n oferits als acabats d'investir com a Doctor Honoris Causa. Aquest gest es realitza en pres&egrave;ncia del rector de la  UMH, Jes&uacute;s Rodr&iacute;guez Mar&iacute;n, durant l'acte celebrat en el Palau Altea Centre d Arts\",\"FECHA\":\"09\\\/01\\\/03\",\"SERIE\":\"FAV.C108 HOMENAJES, DISTINCIONES Y PREMIOS\",\"CARPETA\":\"Exposici&oacute;n 25 A&ntilde;os UMH Sociedad DHC\",\"URL\":\"https:\\\/\\\/audiovisuales.umh.es\\\/consulta-audiovisual\\\/file?token=3uztWeGimK6bIktRmzk%2B2OK6pkYKCeQq7ZzkqNi9QNo%3D\"},{\"ID\":16,\"TITULO\":\"El Rector de la UMH posa junto a S.A.R. la Infanta Do&ntilde;a Margarita de Borb&oacute;n, su marido, el doctor Carlos Zurita, y su madrina, la Decana de la Facultad de Farmacia de la UMH Carmen de Felipe Fern&aacute;ndez, a la conclusi&oacute;n del Solemne Acto de Apertura del Curso Acad&eacute;mico 2003&iquest;2004 e Investidura de la infanta como Doctora Honoris Causa celebrado en el edificio Altabix.\",\"COMENTARIOS\":\"El rector de la  UMH posa al costat de S.A.R. la Infanta Margarita de Borb&oacute;, el seu marit, el doctor Carlos Zurita, i la seua padrina, la degana de la Facultat de Farm&agrave;cia de la  UMH Carmen de Felipe Fern&aacute;ndez, en la conclusi&oacute; del solemne acte d'obertura del curs acad&egrave;mic 2003\\\/2004 i investidura de la infanta com a Doctora Honoris Causa celebrat a l'edifici  Altabix\",\"FECHA\":\"07\\\/10\\\/03\",\"SERIE\":\"FAV.C108 HOMENAJES, DISTINCIONES Y PREMIOS\",\"CARPETA\":\"Exposici&oacute;n 25 A&ntilde;os UMH Sociedad DHC\",\"URL\":\"https:\\\/\\\/audiovisuales.umh.es\\\/consulta-audiovisual\\\/file?token=1ux1LK67eU%2BbIktRmzk%2B2OK6pkYKCeQq7ZzkqNi9QNo%3D\"},{\"ID\":17,\"TITULO\":\"El Rector de la UMH, Jes&uacute;s Rodr&iacute;guez Mar&iacute;n, felicita al Catedr&aacute;tico de Historia y Jurisprudencia, Jos&eacute; Antonio Escudero L&oacute;pez, tras su investidura como Doctor Honoris Causa, en presencia de su padrino, el Catedr&aacute;tico de Historia del Derecho y las Instituciones, Ricardo G&oacute;mez Rivero.\",\"COMENTARIOS\":\"El rector de la  UMH, Jes&uacute;s Rodr&iacute;guez Mar&iacute;n, felicita el catedr&agrave;tic d'Hist&ograve;ria i Jurisprud&egrave;ncia, Jos&eacute; Antonio Escudero L&oacute;pez, despr&eacute;s de la seua investidura com a Doctor Honoris Causa, en pres&egrave;ncia del seu padr&iacute;, el catedr&agrave;tic d'Hist&ograve;ria del Dret i les Institucions, Ricardo G&oacute;mez Rivero\",\"FECHA\":\"28\\\/01\\\/04\",\"SERIE\":\"FAV.C108 HOMENAJES, DISTINCIONES Y PREMIOS\",\"CARPETA\":\"Exposici&oacute;n 25 A&ntilde;os UMH Sociedad DHC\",\"URL\":\"https:\\\/\\\/audiovisuales.umh.es\\\/consulta-audiovisual\\\/file?token=2SkBMoWCGnibIktRmzk%2B2OK6pkYKCeQq7ZzkqNi9QNo%3D\"},{\"ID\":18,\"TITULO\":\"El reci&eacute;n investido como Doctor Honoris Causa por la UMH, Sr. D. Joaqu&iacute;n Fuster de Carulla, pronuncia su discurso de agradecimiento durante el acto celebrado en la Sala de Grados `Doctor Balmis&iquest; del campus de Sant Joan.\",\"COMENTARIOS\":\"L'acabat d'investir com a Doctor Honoris Causa per la UMH, Sr. Joaqu&iacute;n Fuster de Carulla, pronuncia el seu discurs d'agra&iuml;ment durant l'acte celebrat a la Sala de Graus Doctor Balmis del campus de Sant Joan d'Alacant\",\"FECHA\":\"21\\\/05\\\/04\",\"SERIE\":\"FAV.C108 HOMENAJES, DISTINCIONES Y PREMIOS\",\"CARPETA\":\"Exposici&oacute;n 25 A&ntilde;os UMH Sociedad DHC\",\"URL\":\"https:\\\/\\\/audiovisuales.umh.es\\\/consulta-audiovisual\\\/file?token=yHhoQh6zt%2FubIktRmzk%2B2OK6pkYKCeQq7ZzkqNi9QNo%3D\"},{\"ID\":19,\"TITULO\":\"Los reci&eacute;n investidos como Doctores Honoris Causa, la Sra. D&ntilde;a. Araceli Maci&aacute; Ant&oacute;n, el Sr. D. Pedro Ruiz Torres, y el Sr. D. Francisco Pastor Jim&eacute;nez, en representaci&oacute;n del Sr. D. Pedro Amat Mu&ntilde;oz, posan junto al El Rector de la UMH, Jes&uacute;s Rodr&iacute;guez Mar&iacute;n, y el Rector de la Universidad de Valencia, Francisco Tom&aacute;s Vert, en el vest&iacute;bulo del Gran Teatro de Elche una vez finalizado el acto acad&eacute;mico.\",\"COMENTARIOS\":\"Els acabats d'investir com a Doctors Honoris Causa, la Sra. Araceli Maci&aacute; Ant&oacute;n, el Sr. Pedro Ruiz Torres, i el Sr. Sr. Francisco Pastor Jim&eacute;nez, en representaci&oacute; del Sr. Pedro Amat Mu&ntilde;oz, posen al costat del rector de la UMH, Jes&uacute;s Rodr&iacute;guez Mar&iacute;n, i el rector de la Universitat de Val&egrave;ncia, Francisco Tom&aacute;s Vert, en el vest&iacute;bul del Gran Teatre d'Elx una vegada finalitzat l'acte acad&egrave;mic.\",\"FECHA\":\"29\\\/10\\\/04\",\"SERIE\":\"FAV.C108 HOMENAJES, DISTINCIONES Y PREMIOS\",\"CARPETA\":\"Exposici&oacute;n 25 A&ntilde;os UMH Sociedad DHC\",\"URL\":\"https:\\\/\\\/audiovisuales.umh.es\\\/consulta-audiovisual\\\/file?token=p63lkBjLCIybIktRmzk%2B2OK6pkYKCeQq7ZzkqNi9QNo%3D\"},{\"ID\":20,\"TITULO\":\"La Doctora en Psicolog&iacute;a y ex Rectora de la UNED, Araceli Maci&aacute; Ant&oacute;n, posa sobre el escenario del Gran Teatro de Elche entre aplausos tras ser investida como Doctora Honoris Causa.\",\"COMENTARIOS\":\"La doctora en Psicologia i ex rectora de la  UNED, Araceli Maci&aacute; Ant&oacute;n, posa sobre l'escenari del Gran Teatre d'Elx entre aplaudiments despr&eacute;s de ser investida com a Doctora Honoris Causa.\",\"FECHA\":\"29\\\/10\\\/04\",\"SERIE\":\"FAV.C108 HOMENAJES, DISTINCIONES Y PREMIOS\",\"CARPETA\":\"Exposici&oacute;n 25 A&ntilde;os UMH Sociedad DHC\",\"URL\":\"https:\\\/\\\/audiovisuales.umh.es\\\/consulta-audiovisual\\\/file?token=aPCS6l02tQibIktRmzk%2B2OK6pkYKCeQq7ZzkqNi9QNo%3D\"},{\"ID\":21,\"TITULO\":\"El cardi&oacute;logo y premio Pr&iacute;ncipe de Asturias, Dr. D. Valent&iacute;n Fuster de Carulla, reci&eacute;n investido como Doctor Honoris Causa por la UMH, durante su discurso de agradecimiento en el transcurso del Solemne Acto de Apertura del Curso Acad&eacute;mico 2005-06 celebrado en el vest&iacute;bulo del edificio Altabix.\",\"COMENTARIOS\":\"El cardi&ograve;leg i premi Pr&iacute;ncep d'Ast&uacute;ries, Dr. Valent&iacute;n Fuster de Carulla, acabat d'investir com a Doctor Honoris Causa per la UMH, durant el seu discurs d'agra&iuml;ment en el transcurs del solemne acte d'obertura del curs acad&egrave;mic 2005-06 celebrat en el vest&iacute;bul de l'edifici Altabix\",\"FECHA\":\"04\\\/10\\\/05\",\"SERIE\":\"FAV.C108 HOMENAJES, DISTINCIONES Y PREMIOS\",\"CARPETA\":\"Exposici&oacute;n 25 A&ntilde;os UMH Sociedad DHC\",\"URL\":\"https:\\\/\\\/audiovisuales.umh.es\\\/consulta-audiovisual\\\/file?token=x9jfTzautPibIktRmzk%2B2OK6pkYKCeQq7ZzkqNi9QNo%3D\"},{\"ID\":22,\"TITULO\":\"El artista valenciano D. Manuel Vald&eacute;s Blasco, reci&eacute;n investido como Doctor Honoris Causa por la UMH, posa junto a su escultura `La Dama&iquest;, que fue inaugurada en 2004 y que preside la plaza de acceso al edificio La Galia.\",\"COMENTARIOS\":\"L'artista valenci&agrave; Sr. Manuel Vald&eacute;s Blasco, acabat d'investir com a Doctor Honoris Causa per la UMH, posa al costat de la seua escultura &quot;La Dama&quot;, que va ser inaugurada en 2004 i que presideix la pla&ccedil;a d'acc&eacute;s a l'edifici La G&agrave;l&middot;lia\",\"FECHA\":\"06\\\/10\\\/06\",\"SERIE\":\"FAV.C108 HOMENAJES, DISTINCIONES Y PREMIOS\",\"CARPETA\":\"Exposici&oacute;n 25 A&ntilde;os UMH Sociedad DHC\",\"URL\":\"https:\\\/\\\/audiovisuales.umh.es\\\/consulta-audiovisual\\\/file?token=%2BbVXZ9ONsnebIktRmzk%2B2OK6pkYKCeQq7ZzkqNi9QNo%3D\"},{\"ID\":23,\"TITULO\":\"El Rector de la UMH, Jes&uacute;s Rodr&iacute;guez Mar&iacute;n, le coloca el birrete laureado al  pintor y fot&oacute;grafo estadounidense Sean Scully, con el que le inviste como Doctor Honoris Causa, en presencia de su madrina, la profesora de la Facultad de Bellas Artes de la UMH, Pilar Escanero, durante el acto celebrado en el Sal&oacute;n de Actos del edificio Rectorado.\",\"COMENTARIOS\":\"El rector de la UMH, Jes&uacute;s Rodr&iacute;guez Mar&iacute;n, li col&middot;loca el birret llorejat al pintor i fot&ograve;graf estatunidenc Sean Scully, amb el qual li invisteix com a Doctor Honoris Causa, en pres&egrave;ncia de la seua padrina, la professora de la Facultat de Belles arts de la UMH, Pilar Escanero, durant l'acte celebrat a la Sala d'actes de l'edifici Rectorat\",\"FECHA\":\"26\\\/02\\\/07\",\"SERIE\":\"FAV.C108 HOMENAJES, DISTINCIONES Y PREMIOS\",\"CARPETA\":\"Exposici&oacute;n 25 A&ntilde;os UMH Sociedad DHC\",\"URL\":\"https:\\\/\\\/audiovisuales.umh.es\\\/consulta-audiovisual\\\/file?token=%2FKmnxVfAt62bIktRmzk%2B2OK6pkYKCeQq7ZzkqNi9QNo%3D\"},{\"ID\":24,\"TITULO\":\"El entrenador del Liverpool FC, Rafael Ben&iacute;tez, recibe el aplauso del p&uacute;blico a la conclusi&oacute;n del Solemne Acto de su investidura como Doctor Honoris Causa celebrado en el Aula Magna del edificio Altabix.\",\"COMENTARIOS\":\"L'entrenador del Liverpool FC, Rafael Ben&iacute;tez, rep l'aplaudiment del p&uacute;blic a la conclusi&oacute; del Solemne Acte de la seua investidura com a Doctor Honoris Causa celebrat a l'Aula Magna de l'edifici Altabix\",\"FECHA\":\"04\\\/06\\\/08\",\"SERIE\":\"FAV.C108 HOMENAJES, DISTINCIONES Y PREMIOS\",\"CARPETA\":\"Exposici&oacute;n 25 A&ntilde;os UMH Sociedad DHC\",\"URL\":\"https:\\\/\\\/audiovisuales.umh.es\\\/consulta-audiovisual\\\/file?token=8nESnLLIuFGbIktRmzk%2B2OK6pkYKCeQq7ZzkqNi9QNo%3D\"},{\"ID\":25,\"TITULO\":\"El astrof&iacute;sico norteamericano y Premio Nobel de F&iacute;sica 2006, George Smoot, recibiendo ayuda para vestirse correctamente con la toga en una dependencia de la Biblioteca P&uacute;blica de Orihuela, antes de la celebraci&oacute;n en el Teatro Circo de Orihuela del Solemne Acto de su Investidura como Doctor Honoris Causa.\",\"COMENTARIOS\":\"L'astrof&iacute;sic nord-americ&agrave; i Premi Nobel de F&iacute;sica 2006, George Smoot, rebent ajuda per a vestir-se correctament amb la toga en una depend&egrave;ncia de la Biblioteca p&uacute;blica d'Orihuela, abans de la celebraci&oacute; en el Teatro Circo d'Orihuela del solemne acte de la seua Investidura com a Doctor Honoris Causa\",\"FECHA\":\"28\\\/11\\\/08\",\"SERIE\":\"FAV.C108 HOMENAJES, DISTINCIONES Y PREMIOS\",\"CARPETA\":\"Exposici&oacute;n 25 A&ntilde;os UMH Sociedad DHC\",\"URL\":\"https:\\\/\\\/audiovisuales.umh.es\\\/consulta-audiovisual\\\/file?token=WgaX3nuCjoGbIktRmzk%2B2OK6pkYKCeQq7ZzkqNi9QNo%3D\"},{\"ID\":26,\"TITULO\":\"El director del Centro de Estudios Ambientales del Mediterr&aacute;neo, Mill&aacute;n Mill&aacute;n Mu&ntilde;oz, escucha con atenci&oacute;n el discurso pronunciado por su padrino, el catedr&aacute;tico de F&iacute;sica Aplicada de la UMH, Carlos Pastor Ant&oacute;n, durante el Solemne Acto de celebraci&oacute;n de la Festividad de Santo Tom&aacute;s de e Investidura como Doctor Honoris Causa del Excmo. Sr. D. Mill&aacute;n Mill&aacute;n Mu&ntilde;oz, celebrado en el Sal&oacute;n de Actos del edificio Rectorado.\",\"COMENTARIOS\":\"El director del Centre d'Estudis Ambientals del Mediterrani, Mill&aacute;n Mill&aacute;n Mu&ntilde;oz, escolta amb atenci&oacute; el discurs pronunciat pel seu padr&iacute;, el catedr&agrave;tic de F&iacute;sica Aplicada de la UMH, Carlos Pastor Ant&oacute;n, durant el solemne acte de celebraci&oacute; de la festivitat de Sant Tom&agrave;s d'Aquino i investidura com a Doctor Honoris Causa de l'Excm. Sr. Mill&aacute;n Mill&aacute;n Mu&ntilde;oz, celebrat a la sala d'actes de l'edifici Rectorat\",\"FECHA\":\"28\\\/01\\\/09\",\"SERIE\":\"FAV.C108 HOMENAJES, DISTINCIONES Y PREMIOS\",\"CARPETA\":\"Exposici&oacute;n 25 A&ntilde;os UMH Sociedad DHC\",\"URL\":\"https:\\\/\\\/audiovisuales.umh.es\\\/consulta-audiovisual\\\/file?token=WusQ3t%2F1N8%2BbIktRmzk%2B2OK6pkYKCeQq7ZzkqNi9QNo%3D\"},{\"ID\":27,\"TITULO\":\"El ginec&oacute;logo ingl&eacute;s Sr. D. Robert Wayne Shaw, recibe de manos de su padrino, el catedr&aacute;tico del &aacute;rea de Obstetricia y Ginecolog&iacute;a de la UMH, Pedro Aci&eacute;n &Aacute;lvarez, el Libro de la Ciencia y la Sabidur&iacute;a, como parte de los presentes que se le entregan a los nuevos Doctor Honoris Causa, durante el Solemne Acto de Apertura del Curso Acad&eacute;mico 2009-2010.\",\"COMENTARIOS\":\"El ginec&ograve;leg angl&eacute;s Sr. Robert Wayne Shaw, rep de mans del seu padr&iacute;, el catedr&agrave;tic de l'&agrave;rea d'Obstetr&iacute;cia i Ginecologia de la UMH, Pedro Aci&eacute;n &Aacute;lvarez, el llibre de la ci&egrave;ncia i la saviesa, com a part dels presents que se lliuren als nous Doctors Honoris Causa, durant el solemne acte d'obertura del curs acad&egrave;mic 2009-2010\",\"FECHA\":\"02\\\/10\\\/09\",\"SERIE\":\"FAV.C108 HOMENAJES, DISTINCIONES Y PREMIOS\",\"CARPETA\":\"Exposici&oacute;n 25 A&ntilde;os UMH Sociedad DHC\",\"URL\":\"https:\\\/\\\/audiovisuales.umh.es\\\/consulta-audiovisual\\\/file?token=P0ti%2BczgxjubIktRmzk%2B2OK6pkYKCeQq7ZzkqNi9QNo%3D\"},{\"ID\":28,\"TITULO\":\"El fundador de Grupo Eulen, David &Aacute;lvarez D&iacute;ez, sonriente sobre el escenario del Sal&oacute;n de Actos del edificio Rectorado tras haber sido investido como Doctor Honoris Causa, recibe los aplausos del p&uacute;blico durante el Solemne Acto de su investidura.\",\"COMENTARIOS\":\"El fundador de Grup Eulen, David &Aacute;lvarez D&iacute;ez, somrient sobre l'escenari de la sala d'actes de l'edifici Rectorat despr&eacute;s d'haver sigut investit com a Doctor Honoris Causa, rep els aplaudiments del p&uacute;blic durant el solemne acte de la seua investidura\",\"FECHA\":\"24\\\/05\\\/10\",\"SERIE\":\"FAV.C108 HOMENAJES, DISTINCIONES Y PREMIOS\",\"CARPETA\":\"Exposici&oacute;n 25 A&ntilde;os UMH Sociedad DHC\",\"URL\":\"https:\\\/\\\/audiovisuales.umh.es\\\/consulta-audiovisual\\\/file?token=d5JoQV2q8r%2BbIktRmzk%2B2OK6pkYKCeQq7ZzkqNi9QNo%3D\"},{\"ID\":29,\"TITULO\":\"Los alumnos de Periodismo Miguel &Aacute;ngel Rives y Gemma Morcillo le colocan la beca y entregan un ramo de rosas a la madrina de su promoci&oacute;n, Rosa Mar&iacute;a Calaf, durante el acto celebrado en el Aula Magna del edificio Altabix.\",\"COMENTARIOS\":\"Els alumnes de Periodisme Miguel &Aacute;ngel Rives i Gemma Morcillo col&middot;loquen la beca i entreguen un ram de roses a la padrina de la seua promoci&oacute;, Rosa Mar&iacute;a Calaf, durant l'acte celebrat a l'aula magna de l'edifici Altabix\",\"FECHA\":\"18\\\/06\\\/10\",\"SERIE\":\"FAV.C108 HOMENAJES, DISTINCIONES Y PREMIOS\",\"CARPETA\":\"Exposici&oacute;n 25 A&ntilde;os UMH Sociedad DHC\",\"URL\":\"https:\\\/\\\/audiovisuales.umh.es\\\/consulta-audiovisual\\\/file?token=luaD7GxhtwKbIktRmzk%2B2OK6pkYKCeQq7ZzkqNi9QNo%3D\"},{\"ID\":30,\"TITULO\":\"El cantautor catal&aacute;n Joan Manuel Serrat, reci&eacute;n investido como Doctor Honoris Causa, lee su discurso de agradecimiento ante la atenta mirada de los integrantes de la mesa presidencial del acto celebrado en el Sal&oacute;n de Actos del edificio Rectorado.\",\"COMENTARIOS\":\"El cantautor catal&agrave; Joan Manuel Serrat, acabat d'investir com a Doctor Honoris Causa, llig el seu discurs d'agra&iuml;ment davant l'atenta mirada dels integrants de la mesa presidencial de l'acte celebrat en la Sala d'actes de l'edifici Rectorat\",\"FECHA\":\"21\\\/06\\\/10\",\"SERIE\":\"FAV.C108 HOMENAJES, DISTINCIONES Y PREMIOS\",\"CARPETA\":\"Exposici&oacute;n 25 A&ntilde;os UMH Sociedad DHC\",\"URL\":\"https:\\\/\\\/audiovisuales.umh.es\\\/consulta-audiovisual\\\/file?token=Dc2wyTN7OdqbIktRmzk%2B2OK6pkYKCeQq7ZzkqNi9QNo%3D\"},{\"ID\":31,\"TITULO\":\"El economista Dr. C.A. Knox Lovell firmando en el Libro de Honor de la UMH antes del acto de Apertura del Curso Acad&eacute;mico 2010-2011 en el que ser&aacute; investido como Doctor Honoris Causa\",\"COMENTARIOS\":\"L'economista Dr. C.A. Knox Lovell signant en el llibre d'honor de la UMH abans de l'acte d'obertura del curs acad&egrave;mic 2010-2011 en el qual ser&agrave; investit com a Doctor Honoris Causa\",\"FECHA\":\"01\\\/10\\\/10\",\"SERIE\":\"FAV.C108 HOMENAJES, DISTINCIONES Y PREMIOS\",\"CARPETA\":\"Exposici&oacute;n 25 A&ntilde;os UMH Sociedad DHC\",\"URL\":\"https:\\\/\\\/audiovisuales.umh.es\\\/consulta-audiovisual\\\/file?token=AsxEILV7a%2FObIktRmzk%2B2OK6pkYKCeQq7ZzkqNi9QNo%3D\"},{\"ID\":32,\"TITULO\":\"El ex ministro de Transporte y miembro del Consejo de Seguridad Nuclear, Luis G&aacute;mir Casares, pronuncia su discurso de agradecimiento tras haber sido investido como Doctor Honoris Causa por la UMH, durante el Solemne Acto de celebraci&oacute;n de la Festividad de Santo Tom&aacute;s de Aquino y su investidura como Doctor Honoris Causa, desarrollado en el Aula Magna del edificio Altabix.\",\"COMENTARIOS\":\"L'exministre de Transport i membre del Consell de Seguretat Nuclear, Luis G&aacute;mir Casares, pronuncia el seu discurs d'agra&iuml;ment despr&eacute;s d'haver sigut investit com a Doctor Honoris Causa per la UMH, durant el solemne acte de celebraci&oacute; de la festivitat de Sant Tom&agrave;s d'Aquino i la seua investidura com a Doctor Honoris Causa, desenvolupat a l'aula magna de l'edifici Altabix.\",\"FECHA\":\"28\\\/01\\\/11\",\"SERIE\":\"FAV.C108 HOMENAJES, DISTINCIONES Y PREMIOS\",\"CARPETA\":\"Exposici&oacute;n 25 A&ntilde;os UMH Sociedad DHC\",\"URL\":\"https:\\\/\\\/audiovisuales.umh.es\\\/consulta-audiovisual\\\/file?token=9ytF6XltrN6bIktRmzk%2B2OK6pkYKCeQq7ZzkqNi9QNo%3D\"},{\"ID\":33,\"TITULO\":\"La Profesora Dra. Helga Kolb y el Profesor Dr. Richard Normann posan tras haber sido investidos como Doctores Honoris Causa por la UMH.\",\"COMENTARIOS\":\"La professora dra. Helga Kolb i el professor dr. Richard Normann posen despr&eacute;s d'haver sigut investits com a Doctors Honoris Causa per la UMH\",\"FECHA\":\"07\\\/10\\\/11\",\"SERIE\":\"FAV.C108 HOMENAJES, DISTINCIONES Y PREMIOS\",\"CARPETA\":\"Exposici&oacute;n 25 A&ntilde;os UMH Sociedad DHC\",\"URL\":\"https:\\\/\\\/audiovisuales.umh.es\\\/consulta-audiovisual\\\/file?token=roKpWScKXBibIktRmzk%2B2OK6pkYKCeQq7ZzkqNi9QNo%3D\"},{\"ID\":34,\"TITULO\":\"El Rector de la UMH, Jes&uacute;s Tadeo Pastor, le coloca el birrete laureado a la catedr&aacute;tica de &Oacute;ptica de la Universidad Aut&oacute;noma de Barcelona, Mar&iacute;a Josefa Yzuel Gim&eacute;nez, en presencia de su padrino, el catedr&aacute;tico de &Oacute;ptica de la UMH, Ignacio Moreno Soriano, como parte de su investidura como nueva Doctora Honoris Causa por la UMH, durante el acto celebrado en el Sal&oacute;n de Actos del edificio Rectorado.\",\"COMENTARIOS\":\"El rector de la  UMH, Jes&uacute;s Tadeo Pastor, col&middot;loca el birret llorejat a la catedr&agrave;tica d'&Ograve;ptica de la Universitat Aut&ograve;noma de Barcelona, Mar&iacute;a Josefa Yzuel Gim&eacute;nez, en pres&egrave;ncia del seu padr&iacute;, el catedr&agrave;tic d'&Ograve;ptica de la  UMH, Ignacio Moreno Soriano, com a part de la seua investidura com a nova Doctora Honoris Causa per la  UMH, durant l'acte celebrat a la Sala d'actes de l'edifici Rectorat\",\"FECHA\":\"27\\\/01\\\/12\",\"SERIE\":\"FAV.C108 HOMENAJES, DISTINCIONES Y PREMIOS\",\"CARPETA\":\"Exposici&oacute;n 25 A&ntilde;os UMH Sociedad DHC\",\"URL\":\"https:\\\/\\\/audiovisuales.umh.es\\\/consulta-audiovisual\\\/file?token=SP0OA4CY2nWbIktRmzk%2B2OK6pkYKCeQq7ZzkqNi9QNo%3D\"},{\"ID\":35,\"TITULO\":\"El ingeniero estadounidense Paul Mockapetris, junto a su int&eacute;rprete, atendiendo a los medios de comunicaci&oacute;n en los instantes previos al inicio del Solemne Acto de celebraci&oacute;n de la Festividad de Santo Tom&aacute;s de Aquino e Investidura como Doctor Honoris Causa del Sr. D. Paul Mockapetris.\",\"COMENTARIOS\":\"L'enginyer estatunidenc Paul Mockapetris, al costat del seu int&egrave;rpret, atenent els mitjans de comunicaci&oacute; en els instants previs a l'inici del solemne acte de celebraci&oacute; de la festivitat de Sant Tom&agrave;s d'Aquino i investidura com a Doctor Honoris Causa del Sr. Paul Mockapetris\",\"FECHA\":\"28\\\/01\\\/13\",\"SERIE\":\"FAV.C108 HOMENAJES, DISTINCIONES Y PREMIOS\",\"CARPETA\":\"Exposici&oacute;n 25 A&ntilde;os UMH Sociedad DHC\",\"URL\":\"https:\\\/\\\/audiovisuales.umh.es\\\/consulta-audiovisual\\\/file?token=XJN4%2FOho%2BAybIktRmzk%2B2OK6pkYKCeQq7ZzkqNi9QNo%3D\"},{\"ID\":36,\"TITULO\":\"Los Sres. D. Enrique Dacosta y D. Francisco Torreblanca, posan juntos tras ser investidos Doctores Honoris Causa por la UMH.\",\"COMENTARIOS\":\"Els Srs. Enrique Dacosta i Francisco Torreblanca, posen junts despr&eacute;s de ser investits Doctors Honoris Causa per la UMH\",\"FECHA\":\"27\\\/06\\\/13\",\"SERIE\":\"FAV.C108 HOMENAJES, DISTINCIONES Y PREMIOS\",\"CARPETA\":\"Exposici&oacute;n 25 A&ntilde;os UMH Sociedad DHC\",\"URL\":\"https:\\\/\\\/audiovisuales.umh.es\\\/consulta-audiovisual\\\/file?token=jQJ1KM%2Bzl2ibIktRmzk%2B2OK6pkYKCeQq7ZzkqNi9QNo%3D\"},{\"ID\":37,\"TITULO\":\"El catedr&aacute;tico de la Universidad Polit&eacute;cnica de Madrid Francisco Garc&iacute;a Olmedo, pionero de la gen&eacute;tica molecular de las plantas en Espa&ntilde;a, investido como Doctor Honoris Causa. 2014\",\"COMENTARIOS\":\"El catedr&agrave;tic de la Universitat Polit&egrave;cnica de Madrid Francisco Garc&iacute;a Olmedo, pioner de la gen&egrave;tica molecular de les plantes a Espanya, investit com a Doctor Honoris Causa. 2014\",\"FECHA\":\"06\\\/06\\\/22\",\"SERIE\":\"FAV.C105 EXPOSICIONES\",\"CARPETA\":\"Exposici&oacute;n 25 A&ntilde;os UMH Sociedad DHC\",\"URL\":\"https:\\\/\\\/audiovisuales.umh.es\\\/consulta-audiovisual\\\/file?token=Oe6H7xhZ1SCbIktRmzk%2B2OK6pkYKCeQq7ZzkqNi9QNo%3D\"},{\"ID\":38,\"TITULO\":\"El ya Doctor Honoris Causa por la UMH, D. Marcus Felson, lee su Lectio.\",\"COMENTARIOS\":\"El ja Doctor Honoris Causa per la UMH, D. Marcus Felson, llig el seu Lectio\",\"FECHA\":\"24\\\/06\\\/14\",\"SERIE\":\"FAV.C108 HOMENAJES, DISTINCIONES Y PREMIOS\",\"CARPETA\":\"Exposici&oacute;n 25 A&ntilde;os UMH Sociedad DHC\",\"URL\":\"https:\\\/\\\/audiovisuales.umh.es\\\/consulta-audiovisual\\\/file?token=CYJV5rWG4MmbIktRmzk%2B2OK6pkYKCeQq7ZzkqNi9QNo%3D\"},{\"ID\":39,\"TITULO\":\"Imagen del reci&eacute;n investido como Doctor Honoris Causa, Antonio Fraguas de Pablo &quot;Forges&quot;, fotografi&aacute;ndose con uno de los componentes de la Tuna de la UMH en el vest&iacute;bulo del edificio Rectorado tras el Solemne Acto de Apertura del Curso 2014-15 e Investidura como Doctor Honoris Causa de Antonio Fraguas de Pablo &quot;Forges&quot;.\",\"COMENTARIOS\":\"Imatge de l'acabat d'investir com a Doctor Honoris Causa, Antonio Fraguas de Pablo &quot;Forges&quot;, fotografiant-se amb un dels components de l'Estudiantina de la UMH en el vest&iacute;bul de l'edifici Rectorat despr&eacute;s del solemne acte d'obertura del curs 2014-15 i investidura com a Doctor Honoris Causa d'Antonio Fraguas de Pablo &quot;Forges&quot;.\",\"FECHA\":\"03\\\/10\\\/14\",\"SERIE\":\"FAV.C108 HOMENAJES, DISTINCIONES Y PREMIOS\",\"CARPETA\":\"Exposici&oacute;n 25 A&ntilde;os UMH Sociedad DHC\",\"URL\":\"https:\\\/\\\/audiovisuales.umh.es\\\/consulta-audiovisual\\\/file?token=bGpEWSEoUD6bIktRmzk%2B2OK6pkYKCeQq7ZzkqNi9QNo%3D\"},{\"ID\":40,\"TITULO\":\"D. Gordon L. Amidon, Doctor Honoris Causa por la UMH\",\"COMENTARIOS\":\"Sr. Gordon L. Amidon, Doctor Honoris Causa per la UMH\",\"FECHA\":\"28\\\/01\\\/15\",\"SERIE\":\"FAV.C108 HOMENAJES, DISTINCIONES Y PREMIOS\",\"CARPETA\":\"Exposici&oacute;n 25 A&ntilde;os UMH Sociedad DHC\",\"URL\":\"https:\\\/\\\/audiovisuales.umh.es\\\/consulta-audiovisual\\\/file?token=BIFec7XJ7eabIktRmzk%2B2OK6pkYKCeQq7ZzkqNi9QNo%3D\"},{\"ID\":41,\"TITULO\":\"Santo Tom&aacute;s de Aquino 2016\",\"COMENTARIOS\":\"El catedr&agrave;tic del Departament de Qu&iacute;mica Org&agrave;nica de la Universitat Aut&ograve;noma de Madrid i cient&iacute;fic s&egrave;nior associat d'Institut IMDEA-Nanoci&egrave;ncia Tom&aacute;s Torres Cebada investit com a Doctor Honoris Causa per la UMH\",\"FECHA\":\"28\\\/01\\\/16\",\"SERIE\":\"FAV.C106 CONMEMORACIONES Y FESTIVIDADES\",\"CARPETA\":\"Exposici&oacute;n 25 A&ntilde;os UMH Sociedad DHC\",\"URL\":\"https:\\\/\\\/audiovisuales.umh.es\\\/consulta-audiovisual\\\/file?token=d7MKOdQtdW%2BbIktRmzk%2B2OK6pkYKCeQq7ZzkqNi9QNo%3D\"},{\"ID\":42,\"TITULO\":\"El reci&eacute;n investido como Doctor Honoris Causa, D. Francisco Ivorra Miralles, pronuncia su discurso\",\"COMENTARIOS\":\"L'acabat d'investir com a Doctor Honoris Causa, Sr. Francisco Ivorra Miralles, pronuncia el seu discurs\",\"FECHA\":\"30\\\/06\\\/16\",\"SERIE\":\"FAV.C108 HOMENAJES, DISTINCIONES Y PREMIOS\",\"CARPETA\":\"Exposici&oacute;n 25 A&ntilde;os UMH Sociedad DHC\",\"URL\":\"https:\\\/\\\/audiovisuales.umh.es\\\/consulta-audiovisual\\\/file?token=h62N4Tk9Q1ybIktRmzk%2B2OK6pkYKCeQq7ZzkqNi9QNo%3D\"},{\"ID\":43,\"TITULO\":\"D. Jaume Bech Borr&agrave;s, momentos antes del acto de su investidura como Doctor Honoris Causa\",\"COMENTARIOS\":\"D. Jaume Bech Borr&agrave;s, moments abans de l'acte de la seua investidura com a Doctor Honoris Causa\",\"FECHA\":\"29\\\/09\\\/16\",\"SERIE\":\"FAV.C108 HOMENAJES, DISTINCIONES Y PREMIOS\",\"CARPETA\":\"Exposici&oacute;n 25 A&ntilde;os UMH Sociedad DHC\",\"URL\":\"https:\\\/\\\/audiovisuales.umh.es\\\/consulta-audiovisual\\\/file?token=jxJ%2BZe8p7gmbIktRmzk%2B2OK6pkYKCeQq7ZzkqNi9QNo%3D\"},{\"ID\":44,\"TITULO\":\"Teresa Perales Fern&aacute;ndez recibe el anillo de manos de su padrino, Ra&uacute;l Reina Vaillo\",\"COMENTARIOS\":\"Teresa Perales Fern&aacute;ndez rep l'anell de mans del seu padr&iacute;, Ra&uacute;l  Reina  Vaillo\",\"FECHA\":\"27\\\/01\\\/17\",\"SERIE\":\"FAV.C108 HOMENAJES, DISTINCIONES Y PREMIOS\",\"CARPETA\":\"Exposici&oacute;n 25 A&ntilde;os UMH Sociedad DHC\",\"URL\":\"https:\\\/\\\/audiovisuales.umh.es\\\/consulta-audiovisual\\\/file?token=RhyG0pQZvjibIktRmzk%2B2OK6pkYKCeQq7ZzkqNi9QNo%3D\"},{\"ID\":45,\"TITULO\":\"Investidura del DHC\",\"COMENTARIOS\":\"Investidura com a Doctor Honoris Causa del del catedr&agrave;tic de Psicologia Social i de les Organitzacions de la Universitat de Val&egrave;ncia Jos&eacute; Mar&iacute;a Peir&oacute; Silla\",\"FECHA\":\"04\\\/07\\\/17\",\"SERIE\":\"FAV.C108 HOMENAJES, DISTINCIONES Y PREMIOS\",\"CARPETA\":\"Exposici&oacute;n 25 A&ntilde;os UMH Sociedad DHC\",\"URL\":\"https:\\\/\\\/audiovisuales.umh.es\\\/consulta-audiovisual\\\/file?token=3YlXKz6K8tCbIktRmzk%2B2OK6pkYKCeQq7ZzkqNi9QNo%3D\"},{\"ID\":46,\"TITULO\":\"Proceso de entrega de los atributos de Doctor al hijo del Piloto de Motociclismo &Aacute;ngel Nieto &quot;Gelete&quot;\",\"COMENTARIOS\":\"Proc&eacute;s de lliurament dels atributs de doctor al fill del pilot de motociclisme &Aacute;ngel Nieto &quot;Gelete&quot;\",\"FECHA\":\"14\\\/12\\\/17\",\"SERIE\":\"FAV.C108 HOMENAJES, DISTINCIONES Y PREMIOS\",\"CARPETA\":\"Exposici&oacute;n 25 A&ntilde;os UMH Sociedad DHC\",\"URL\":\"https:\\\/\\\/audiovisuales.umh.es\\\/consulta-audiovisual\\\/file?token=pVZPsTeYzj6bIktRmzk%2B2OK6pkYKCeQq7ZzkqNi9QNo%3D\"},{\"ID\":47,\"TITULO\":\"Fotos oficiales del DHC con el Rector, el Rector Honorario y su Madrina\",\"COMENTARIOS\":\"La icona del rock hisp&agrave; Miguel R&iacute;os Campa&ntilde;a posa amb un dels seus gestos caracter&iacute;stics, abans de ser investit com a Doctor Honoris Causa per la UMH\",\"FECHA\":\"26\\\/01\\\/18\",\"SERIE\":\"FAV.C108 HOMENAJES, DISTINCIONES Y PREMIOS\",\"CARPETA\":\"Exposici&oacute;n 25 A&ntilde;os UMH Sociedad DHC\",\"URL\":\"https:\\\/\\\/audiovisuales.umh.es\\\/consulta-audiovisual\\\/file?token=5GjkKwppo1KbIktRmzk%2B2OK6pkYKCeQq7ZzkqNi9QNo%3D\"},{\"ID\":48,\"TITULO\":\"Investidura DHC Tino Villanueva.\",\"COMENTARIOS\":\"El poeta i escriptor nord-americ&agrave; d'origen xicano Tino Villanueva, en el seu acte d'investidura com a Doctor Honoris Causa per la UMH\",\"FECHA\":\"28\\\/06\\\/18\",\"SERIE\":\"FAV.C108 HOMENAJES, DISTINCIONES Y PREMIOS\",\"CARPETA\":\"Exposici&oacute;n 25 A&ntilde;os UMH Sociedad DHC\",\"URL\":\"https:\\\/\\\/audiovisuales.umh.es\\\/consulta-audiovisual\\\/file?token=EjtCE93SdLGbIktRmzk%2B2OK6pkYKCeQq7ZzkqNi9QNo%3D\"},{\"ID\":49,\"TITULO\":\"Doctora Honoris Causa, D.&ordf; Nuria Oliver.\",\"COMENTARIOS\":\"L'enginyera Nuria Oliver posa durant el seu acte d'investidura com a Doctor Honoris Causa per la UMH\",\"FECHA\":\"04\\\/10\\\/18\",\"SERIE\":\"FAV.C108 HOMENAJES, DISTINCIONES Y PREMIOS\",\"CARPETA\":\"Exposici&oacute;n 25 A&ntilde;os UMH Sociedad DHC\",\"URL\":\"https:\\\/\\\/audiovisuales.umh.es\\\/consulta-audiovisual\\\/file?token=iUvcRJyOioCbIktRmzk%2B2OK6pkYKCeQq7ZzkqNi9QNo%3D\"},{\"ID\":50,\"TITULO\":\"Investidura Doctor Honoris Causa de C. Antonio Garc&iacute;a Garc&iacute;a.\",\"COMENTARIOS\":\"Investidura Doctor Honoris Causa de C. Antonio Garc&iacute;a Garc&iacute;a\",\"FECHA\":\"28\\\/01\\\/19\",\"SERIE\":\"FAV.C108 HOMENAJES, DISTINCIONES Y PREMIOS\",\"CARPETA\":\"Exposici&oacute;n 25 A&ntilde;os UMH Sociedad DHC\",\"URL\":\"https:\\\/\\\/audiovisuales.umh.es\\\/consulta-audiovisual\\\/file?token=f9ouCnc0j7qbIktRmzk%2B2OK6pkYKCeQq7ZzkqNi9QNo%3D\"},{\"ID\":51,\"TITULO\":\"Discurso del Doctor Honoris Causa, D. Ram&oacute;n Lobo Leyder.\",\"COMENTARIOS\":\"Discurs del Doctor Honoris Causa, Sr. Ram&oacute;n  Lobo  Leyder\",\"FECHA\":\"28\\\/01\\\/20\",\"SERIE\":\"FAV.C108 HOMENAJES, DISTINCIONES Y PREMIOS\",\"CARPETA\":\"Exposici&oacute;n 25 A&ntilde;os UMH Sociedad DHC\",\"URL\":\"https:\\\/\\\/audiovisuales.umh.es\\\/consulta-audiovisual\\\/file?token=gdJCR%2BS3Lb6bIktRmzk%2B2OK6pkYKCeQq7ZzkqNi9QNo%3D\"},{\"ID\":52,\"TITULO\":\"La psic&oacute;loga Marie Johnston, nueva Doctora Honoris Causa por la UMH\",\"COMENTARIOS\":\"La psic&ograve;loga Marie Johnston, nova Doctora Honoris Causa per la UMH\",\"FECHA\":\"28\\\/01\\\/22\",\"SERIE\":\"FAV.C106 CONMEMORACIONES Y FESTIVIDADES\",\"CARPETA\":\"Exposici&oacute;n 25 A&ntilde;os UMH Sociedad DHC\",\"URL\":\"https:\\\/\\\/audiovisuales.umh.es\\\/consulta-audiovisual\\\/file?token=pqBBNvgJlGWbIktRmzk%2B2OK6pkYKCeQq7ZzkqNi9QNo%3D\"}];\n\t\ttraducciones_0 = {\"titulo\":\"t\\u00edtol\",\"comentarios\":\"comentaris\",\"fecha\":\"data\",\"serie\":\"serie\",\"verTodo\":\"Veure tot\",\"Volver\":\"Tornar\",\"productor\":\"productor\"};\n\t<\/script>\n\t<ul role=\"tablist\" class=\"navUMH25\">\n\t\t<li class=\"navUMH25-selected\"><button type=\"button\" id=\"slider25UMH-tab_0\" aria-controls=\"slider25UMH_0\" aria-selected=\"true\" disabled role=\"tab\" onclick=\"UMH25_selectTabPanel(this);\">Slider<\/button><\/li>\n\t\t<li><button type=\"button\" id=\"verTodo25UMH-tab_0\" aria-controls=\"verTodo25UMH_0\" aria-selected=\"false\" role=\"tab\" onclick=\"UMH25_selectTabPanel(this);\">Veure tot<\/button><\/li>\n\t<\/ul>\t\n\t<div class=\"tabContentUMH25\">\n\t\t<div id=\"slider25UMH_0\" role=\"tabpanel\" aria-labelledby=\"slider25UMH-tab_0\" class=\"tabPanelSelectedUMH25\">\n\t\t\t<div id=\"imgFlowUMH25_0\" class=\"imgFlowUMH25 imageflow\" style=\"background-color:#f0981e;\"><img src=\"https:\/\/audiovisuales.umh.es\/consulta-audiovisual\/file?token=GxWVxNSvvk6bIktRmzk%2B2KWOFuB0kq0%2BwvM3VjQXa3g%3D\" alt=\"El f&iacute;sic i qu&iacute;mic alemany Manfred Eigen, guanyador del Premi Nobel de Qu&iacute;mica el 1967 i recent investit com a Doctor Honoris Causa per la UMH, pronuncia el seu discurs d'agra&iuml;ment durant el solemne acte d'obertura del curs acad&egrave;mic 1997-98 celebrat al Gran Teatre d'Elx\" data-id=\"0\" \/><img src=\"https:\/\/audiovisuales.umh.es\/consulta-audiovisual\/file?token=FHbzgpwptgebIktRmzk%2B2KWOFuB0kq0%2BwvM3VjQXa3g%3D\" alt=\"L'economista espanyol i President del Banc Central, Alfonso  Esc&aacute;mez L&oacute;pez, acabat d'investir com a Doctor Honoris Causa per la  UMH, pronuncia el seu discurs d'agra&iuml;ment des del faristol situat sobre l'escenari del Gran Teatre d'Elx, durant el solemne acte d'obertura del curs acad&egrave;mic 1997-98 i investidura com a Doctors Honoris Causa d'Alfonso  Esc&aacute;mez L&oacute;pez, i  Manfred  Eigen\" data-id=\"1\" \/><img src=\"https:\/\/audiovisuales.umh.es\/consulta-audiovisual\/file?token=YWt0OZ3PYGGbIktRmzk%2B2KWOFuB0kq0%2BwvM3VjQXa3g%3D\" alt=\"David H.  Hubel,  Torsten N.  Wiesel i Jaime Carvajal i Urquijo conversen en el convent de la Merc&egrave; abans que done inici al Gran Teatre d'Elx el solemne acte d'obertura del curs acad&egrave;mic 1998-99 i la seua investidura com a Doctors Honoris Causa per la  UMH\" data-id=\"2\" \/><img src=\"https:\/\/audiovisuales.umh.es\/consulta-audiovisual\/file?token=j3Nci5kxgx%2BbIktRmzk%2B2KWOFuB0kq0%2BwvM3VjQXa3g%3D\" alt=\"La neta de Miguel Hern&aacute;ndez, Mar&iacute;a Jos&eacute; Hern&aacute;ndez, recull de mans del seu padr&iacute;, l'acad&egrave;mic d'Hist&ograve;ria, Javier D&iacute;ez de Revenga, el llibre de la ci&egrave;ncia i la saviesa que acredita al seu avi, el poeta oriol&agrave; Miguel Hern&aacute;ndez, com a Doctor Honoris Causa a t&iacute;tol p&ograve;stum\" data-id=\"3\" \/><img src=\"https:\/\/audiovisuales.umh.es\/consulta-audiovisual\/file?token=ws%2FhEyJTc%2BCbIktRmzk%2B2KWOFuB0kq0%2BwvM3VjQXa3g%3D\" alt=\"El doctor en Medicina i catedr&agrave;tic d'Hist&ograve;ria de la Medicina, Sr. Pedro  La&iacute;n  Entralgo, al costat del seu padr&iacute;, el doctor en Medicina Emilio Balaguer  Periguell, escoltant una can&ccedil;&oacute; interpretada pel cor de la CAM, durant els &uacute;ltims compassos de l'acte celebrat a la Casa de la Cultura de Sant Joan.\" data-id=\"4\" \/><img src=\"https:\/\/audiovisuales.umh.es\/consulta-audiovisual\/file?token=LOFbA0WDhIibIktRmzk%2B2KWOFuB0kq0%2BwvM3VjQXa3g%3D\" alt=\"El catedr&agrave;tic d'Estad&iacute;stica de la Universitat d'Oxford, David Cox, al costat del seu padr&iacute;, el catedr&agrave;tic d'Estad&iacute;stica i Investigaci&oacute; Operativa, Domingo Morales, esperen en el vest&iacute;bul de l'edifici  Altabix l'inici a l'aula magna del solemne acte d'investidura com a Doctor Honoris Causa de l'estad&iacute;stic brit&agrave;nic\" data-id=\"5\" \/><img src=\"https:\/\/audiovisuales.umh.es\/consulta-audiovisual\/file?token=bbLRMsw%2FvuCbIktRmzk%2B2KWOFuB0kq0%2BwvM3VjQXa3g%3D\" alt=\"El rector de la  UMH, Jes&uacute;s Rodr&iacute;guez Mar&iacute;n, felicita l'expresident del Congr&eacute;s i Defensor del Poble, Fernando &Aacute;lvarez de Miranda, despr&eacute;s d'haver-lo investit com a Doctor Honoris Causa, durant el solemne acte d'obertura del curs acad&egrave;mic 1999-2000 celebrat en el vest&iacute;bul de l'edifici  Altabix\" data-id=\"6\" \/><img src=\"https:\/\/audiovisuales.umh.es\/consulta-audiovisual\/file?token=yqRE8zMiYEybIktRmzk%2B2KWOFuB0kq0%2BwvM3VjQXa3g%3D\" alt=\"L'economista i acad&egrave;mic basc, Jos&eacute; &Aacute;ngel S&aacute;nchez  Asia&iacute;n, pronuncia el seu discurs d'agra&iuml;ment despr&eacute;s d'haver sigut investit com a Doctor Honoris Causa per la  UMH, durant l'acte celebrat a l'aula magna de l'edifici  Altabix.\" data-id=\"7\" \/><img src=\"https:\/\/audiovisuales.umh.es\/consulta-audiovisual\/file?token=amxLiI678FKbIktRmzk%2B2KWOFuB0kq0%2BwvM3VjQXa3g%3D\" alt=\"El doctor  Stephanus  Hendrikus  Tijs, durant el seu discurs d'agra&iuml;ment despr&eacute;s d'haver sigut investit com a Doctor Honoris Causa per la  UMH a l'aula magna de l'edifici  Altabix\" data-id=\"8\" \/><img src=\"https:\/\/audiovisuales.umh.es\/consulta-audiovisual\/file?token=A5rpnhNiFXmbIktRmzk%2B2KWOFuB0kq0%2BwvM3VjQXa3g%3D\" alt=\"L'acabat d'investir com a Doctor Honoris Causa Sr. Federico  Mayor Zaragoza est&agrave; llegint el seu discurs d'agra&iuml;ment despr&eacute;s d'haver sigut investit com a Doctor Honoris Causa per la  UMH, durant el solemne acte d'obertura del curs acad&egrave;mic 2000-2001 celebrat en l'hall de l'edifici  Altabix\" data-id=\"9\" \/><img src=\"https:\/\/audiovisuales.umh.es\/consulta-audiovisual\/file?token=QhPqYctES1ybIktRmzk%2B2KWOFuB0kq0%2BwvM3VjQXa3g%3D\" alt=\"El professor em&egrave;rit alemany Friedrich Wilhelm Eigler, investit com a Doctor Honoris Causa per la UMH en 2001\" data-id=\"10\" \/><img src=\"https:\/\/audiovisuales.umh.es\/consulta-audiovisual\/file?token=1oPzo5Y543abIktRmzk%2B2KWOFuB0kq0%2BwvM3VjQXa3g%3D\" alt=\"El rector de la  UMH, Jes&uacute;s Rodr&iacute;guez Mar&iacute;n, col&middot;loca el birret llorejat al doctor en Biologia, Sr. Antonio Garc&iacute;a Bellido, com a gest de la seua investidura com a Doctor Honoris Causa per la  UMH, davant l'atenta mirada del seu padr&iacute;, el catedr&agrave;tic de la  UMH, Dr. Jos&eacute; Luis  Micol Molina.\" data-id=\"11\" \/><img src=\"https:\/\/audiovisuales.umh.es\/consulta-audiovisual\/file?token=AOivaugSPdKbIktRmzk%2B2KWOFuB0kq0%2BwvM3VjQXa3g%3D\" alt=\"El rector de la  UMH, Jes&uacute;s Rodr&iacute;guez Mar&iacute;n, col&middot;loca el birret llorejat al doctor en Matem&agrave;tiques i Economia, Sr. Egon Balas, com a part del seu proc&eacute;s d'investidura com a Doctor Honoris Causa per la  UMH, durant l'acte celebrat a l'aula magna de l'edifici  Altabix\" data-id=\"12\" \/><img src=\"https:\/\/audiovisuales.umh.es\/consulta-audiovisual\/file?token=MOiZWgSrWDybIktRmzk%2B2KWOFuB0kq0%2BwvM3VjQXa3g%3D\" alt=\"El cineasta recentment investit com a Doctor Honoris Causa, Sr. Luis Garc&iacute;a Berlanga, pronuncia el seu discurs d'agra&iuml;ment des del faristol situat en l'escenari de l'aula magna de l'edifici  Altabix, durant el solemne acte d'obertura del curs acad&egrave;mic 2002 2003 i investidura dels  Excms. Srs. Juan  Rod&eacute;s  Teixidor i Luis Garc&iacute;a Berlanga com a Doctors Honoris Causa.\" data-id=\"13\" \/><img src=\"https:\/\/audiovisuales.umh.es\/consulta-audiovisual\/file?token=hPEsYxhxQJqbIktRmzk%2B2KWOFuB0kq0%2BwvM3VjQXa3g%3D\" alt=\"L'acabat d'investir com a Doctor Honoris Causa, Dr. Juan  Rod&eacute;s  Teixidor, pronuncia el seu discurs d'agra&iuml;ment des del faristol situat en l'escenari de l'aula magna de l'edifici  Altabix, durant el solemne acte d'obertura del curs acad&egrave;mic 2002\/2003 i investidura dels  Excms. Srs. Juan  Rod&eacute;s  Teixidor i Luis Garc&iacute;a Berlanga com a Doctors Honoris Causa.\" data-id=\"14\" \/><img src=\"https:\/\/audiovisuales.umh.es\/consulta-audiovisual\/file?token=3uztWeGimK6bIktRmzk%2B2KWOFuB0kq0%2BwvM3VjQXa3g%3D\" alt=\"El tenor catal&agrave; Sr. Josep Carreras i Coll rep de mans de la seua padrina, la professora de la  UMH Mar&iacute;a Teresa P&eacute;rez V&aacute;zquez, els guants blancs i el llibre de la ci&egrave;ncia i la saviesa, que li s&oacute;n oferits als acabats d'investir com a Doctor Honoris Causa. Aquest gest es realitza en pres&egrave;ncia del rector de la  UMH, Jes&uacute;s Rodr&iacute;guez Mar&iacute;n, durant l'acte celebrat en el Palau Altea Centre d Arts\" data-id=\"15\" \/><img src=\"https:\/\/audiovisuales.umh.es\/consulta-audiovisual\/file?token=1ux1LK67eU%2BbIktRmzk%2B2KWOFuB0kq0%2BwvM3VjQXa3g%3D\" alt=\"El rector de la  UMH posa al costat de S.A.R. la Infanta Margarita de Borb&oacute;, el seu marit, el doctor Carlos Zurita, i la seua padrina, la degana de la Facultat de Farm&agrave;cia de la  UMH Carmen de Felipe Fern&aacute;ndez, en la conclusi&oacute; del solemne acte d'obertura del curs acad&egrave;mic 2003\/2004 i investidura de la infanta com a Doctora Honoris Causa celebrat a l'edifici  Altabix\" data-id=\"16\" \/><img src=\"https:\/\/audiovisuales.umh.es\/consulta-audiovisual\/file?token=2SkBMoWCGnibIktRmzk%2B2KWOFuB0kq0%2BwvM3VjQXa3g%3D\" alt=\"El rector de la  UMH, Jes&uacute;s Rodr&iacute;guez Mar&iacute;n, felicita el catedr&agrave;tic d'Hist&ograve;ria i Jurisprud&egrave;ncia, Jos&eacute; Antonio Escudero L&oacute;pez, despr&eacute;s de la seua investidura com a Doctor Honoris Causa, en pres&egrave;ncia del seu padr&iacute;, el catedr&agrave;tic d'Hist&ograve;ria del Dret i les Institucions, Ricardo G&oacute;mez Rivero\" data-id=\"17\" \/><img src=\"https:\/\/audiovisuales.umh.es\/consulta-audiovisual\/file?token=yHhoQh6zt%2FubIktRmzk%2B2KWOFuB0kq0%2BwvM3VjQXa3g%3D\" alt=\"L'acabat d'investir com a Doctor Honoris Causa per la UMH, Sr. Joaqu&iacute;n Fuster de Carulla, pronuncia el seu discurs d'agra&iuml;ment durant l'acte celebrat a la Sala de Graus Doctor Balmis del campus de Sant Joan d'Alacant\" data-id=\"18\" \/><img src=\"https:\/\/audiovisuales.umh.es\/consulta-audiovisual\/file?token=p63lkBjLCIybIktRmzk%2B2KWOFuB0kq0%2BwvM3VjQXa3g%3D\" alt=\"Els acabats d'investir com a Doctors Honoris Causa, la Sra. Araceli Maci&aacute; Ant&oacute;n, el Sr. Pedro Ruiz Torres, i el Sr. Sr. Francisco Pastor Jim&eacute;nez, en representaci&oacute; del Sr. Pedro Amat Mu&ntilde;oz, posen al costat del rector de la UMH, Jes&uacute;s Rodr&iacute;guez Mar&iacute;n, i el rector de la Universitat de Val&egrave;ncia, Francisco Tom&aacute;s Vert, en el vest&iacute;bul del Gran Teatre d'Elx una vegada finalitzat l'acte acad&egrave;mic.\" data-id=\"19\" \/><img src=\"https:\/\/audiovisuales.umh.es\/consulta-audiovisual\/file?token=aPCS6l02tQibIktRmzk%2B2KWOFuB0kq0%2BwvM3VjQXa3g%3D\" alt=\"La doctora en Psicologia i ex rectora de la  UNED, Araceli Maci&aacute; Ant&oacute;n, posa sobre l'escenari del Gran Teatre d'Elx entre aplaudiments despr&eacute;s de ser investida com a Doctora Honoris Causa.\" data-id=\"20\" \/><img src=\"https:\/\/audiovisuales.umh.es\/consulta-audiovisual\/file?token=x9jfTzautPibIktRmzk%2B2KWOFuB0kq0%2BwvM3VjQXa3g%3D\" alt=\"El cardi&ograve;leg i premi Pr&iacute;ncep d'Ast&uacute;ries, Dr. Valent&iacute;n Fuster de Carulla, acabat d'investir com a Doctor Honoris Causa per la UMH, durant el seu discurs d'agra&iuml;ment en el transcurs del solemne acte d'obertura del curs acad&egrave;mic 2005-06 celebrat en el vest&iacute;bul de l'edifici Altabix\" data-id=\"21\" \/><img src=\"https:\/\/audiovisuales.umh.es\/consulta-audiovisual\/file?token=%2BbVXZ9ONsnebIktRmzk%2B2KWOFuB0kq0%2BwvM3VjQXa3g%3D\" alt=\"L'artista valenci&agrave; Sr. Manuel Vald&eacute;s Blasco, acabat d'investir com a Doctor Honoris Causa per la UMH, posa al costat de la seua escultura &quot;La Dama&quot;, que va ser inaugurada en 2004 i que presideix la pla&ccedil;a d'acc&eacute;s a l'edifici La G&agrave;l&middot;lia\" data-id=\"22\" \/><img src=\"https:\/\/audiovisuales.umh.es\/consulta-audiovisual\/file?token=%2FKmnxVfAt62bIktRmzk%2B2KWOFuB0kq0%2BwvM3VjQXa3g%3D\" alt=\"El rector de la UMH, Jes&uacute;s Rodr&iacute;guez Mar&iacute;n, li col&middot;loca el birret llorejat al pintor i fot&ograve;graf estatunidenc Sean Scully, amb el qual li invisteix com a Doctor Honoris Causa, en pres&egrave;ncia de la seua padrina, la professora de la Facultat de Belles arts de la UMH, Pilar Escanero, durant l'acte celebrat a la Sala d'actes de l'edifici Rectorat\" data-id=\"23\" \/><img src=\"https:\/\/audiovisuales.umh.es\/consulta-audiovisual\/file?token=8nESnLLIuFGbIktRmzk%2B2KWOFuB0kq0%2BwvM3VjQXa3g%3D\" alt=\"L'entrenador del Liverpool FC, Rafael Ben&iacute;tez, rep l'aplaudiment del p&uacute;blic a la conclusi&oacute; del Solemne Acte de la seua investidura com a Doctor Honoris Causa celebrat a l'Aula Magna de l'edifici Altabix\" data-id=\"24\" \/><img src=\"https:\/\/audiovisuales.umh.es\/consulta-audiovisual\/file?token=WgaX3nuCjoGbIktRmzk%2B2KWOFuB0kq0%2BwvM3VjQXa3g%3D\" alt=\"L'astrof&iacute;sic nord-americ&agrave; i Premi Nobel de F&iacute;sica 2006, George Smoot, rebent ajuda per a vestir-se correctament amb la toga en una depend&egrave;ncia de la Biblioteca p&uacute;blica d'Orihuela, abans de la celebraci&oacute; en el Teatro Circo d'Orihuela del solemne acte de la seua Investidura com a Doctor Honoris Causa\" data-id=\"25\" \/><img src=\"https:\/\/audiovisuales.umh.es\/consulta-audiovisual\/file?token=WusQ3t%2F1N8%2BbIktRmzk%2B2KWOFuB0kq0%2BwvM3VjQXa3g%3D\" alt=\"El director del Centre d'Estudis Ambientals del Mediterrani, Mill&aacute;n Mill&aacute;n Mu&ntilde;oz, escolta amb atenci&oacute; el discurs pronunciat pel seu padr&iacute;, el catedr&agrave;tic de F&iacute;sica Aplicada de la UMH, Carlos Pastor Ant&oacute;n, durant el solemne acte de celebraci&oacute; de la festivitat de Sant Tom&agrave;s d'Aquino i investidura com a Doctor Honoris Causa de l'Excm. Sr. Mill&aacute;n Mill&aacute;n Mu&ntilde;oz, celebrat a la sala d'actes de l'edifici Rectorat\" data-id=\"26\" \/><img src=\"https:\/\/audiovisuales.umh.es\/consulta-audiovisual\/file?token=P0ti%2BczgxjubIktRmzk%2B2KWOFuB0kq0%2BwvM3VjQXa3g%3D\" alt=\"El ginec&ograve;leg angl&eacute;s Sr. Robert Wayne Shaw, rep de mans del seu padr&iacute;, el catedr&agrave;tic de l'&agrave;rea d'Obstetr&iacute;cia i Ginecologia de la UMH, Pedro Aci&eacute;n &Aacute;lvarez, el llibre de la ci&egrave;ncia i la saviesa, com a part dels presents que se lliuren als nous Doctors Honoris Causa, durant el solemne acte d'obertura del curs acad&egrave;mic 2009-2010\" data-id=\"27\" \/><img src=\"https:\/\/audiovisuales.umh.es\/consulta-audiovisual\/file?token=d5JoQV2q8r%2BbIktRmzk%2B2KWOFuB0kq0%2BwvM3VjQXa3g%3D\" alt=\"El fundador de Grup Eulen, David &Aacute;lvarez D&iacute;ez, somrient sobre l'escenari de la sala d'actes de l'edifici Rectorat despr&eacute;s d'haver sigut investit com a Doctor Honoris Causa, rep els aplaudiments del p&uacute;blic durant el solemne acte de la seua investidura\" data-id=\"28\" \/><img src=\"https:\/\/audiovisuales.umh.es\/consulta-audiovisual\/file?token=luaD7GxhtwKbIktRmzk%2B2KWOFuB0kq0%2BwvM3VjQXa3g%3D\" alt=\"Els alumnes de Periodisme Miguel &Aacute;ngel Rives i Gemma Morcillo col&middot;loquen la beca i entreguen un ram de roses a la padrina de la seua promoci&oacute;, Rosa Mar&iacute;a Calaf, durant l'acte celebrat a l'aula magna de l'edifici Altabix\" data-id=\"29\" \/><img src=\"https:\/\/audiovisuales.umh.es\/consulta-audiovisual\/file?token=Dc2wyTN7OdqbIktRmzk%2B2KWOFuB0kq0%2BwvM3VjQXa3g%3D\" alt=\"El cantautor catal&agrave; Joan Manuel Serrat, acabat d'investir com a Doctor Honoris Causa, llig el seu discurs d'agra&iuml;ment davant l'atenta mirada dels integrants de la mesa presidencial de l'acte celebrat en la Sala d'actes de l'edifici Rectorat\" data-id=\"30\" \/><img src=\"https:\/\/audiovisuales.umh.es\/consulta-audiovisual\/file?token=AsxEILV7a%2FObIktRmzk%2B2KWOFuB0kq0%2BwvM3VjQXa3g%3D\" alt=\"L'economista Dr. C.A. Knox Lovell signant en el llibre d'honor de la UMH abans de l'acte d'obertura del curs acad&egrave;mic 2010-2011 en el qual ser&agrave; investit com a Doctor Honoris Causa\" data-id=\"31\" \/><img src=\"https:\/\/audiovisuales.umh.es\/consulta-audiovisual\/file?token=9ytF6XltrN6bIktRmzk%2B2KWOFuB0kq0%2BwvM3VjQXa3g%3D\" alt=\"L'exministre de Transport i membre del Consell de Seguretat Nuclear, Luis G&aacute;mir Casares, pronuncia el seu discurs d'agra&iuml;ment despr&eacute;s d'haver sigut investit com a Doctor Honoris Causa per la UMH, durant el solemne acte de celebraci&oacute; de la festivitat de Sant Tom&agrave;s d'Aquino i la seua investidura com a Doctor Honoris Causa, desenvolupat a l'aula magna de l'edifici Altabix.\" data-id=\"32\" \/><img src=\"https:\/\/audiovisuales.umh.es\/consulta-audiovisual\/file?token=roKpWScKXBibIktRmzk%2B2KWOFuB0kq0%2BwvM3VjQXa3g%3D\" alt=\"La professora dra. Helga Kolb i el professor dr. Richard Normann posen despr&eacute;s d'haver sigut investits com a Doctors Honoris Causa per la UMH\" data-id=\"33\" \/><img src=\"https:\/\/audiovisuales.umh.es\/consulta-audiovisual\/file?token=SP0OA4CY2nWbIktRmzk%2B2KWOFuB0kq0%2BwvM3VjQXa3g%3D\" alt=\"El rector de la  UMH, Jes&uacute;s Tadeo Pastor, col&middot;loca el birret llorejat a la catedr&agrave;tica d'&Ograve;ptica de la Universitat Aut&ograve;noma de Barcelona, Mar&iacute;a Josefa Yzuel Gim&eacute;nez, en pres&egrave;ncia del seu padr&iacute;, el catedr&agrave;tic d'&Ograve;ptica de la  UMH, Ignacio Moreno Soriano, com a part de la seua investidura com a nova Doctora Honoris Causa per la  UMH, durant l'acte celebrat a la Sala d'actes de l'edifici Rectorat\" data-id=\"34\" \/><img src=\"https:\/\/audiovisuales.umh.es\/consulta-audiovisual\/file?token=XJN4%2FOho%2BAybIktRmzk%2B2KWOFuB0kq0%2BwvM3VjQXa3g%3D\" alt=\"L'enginyer estatunidenc Paul Mockapetris, al costat del seu int&egrave;rpret, atenent els mitjans de comunicaci&oacute; en els instants previs a l'inici del solemne acte de celebraci&oacute; de la festivitat de Sant Tom&agrave;s d'Aquino i investidura com a Doctor Honoris Causa del Sr. Paul Mockapetris\" data-id=\"35\" \/><img src=\"https:\/\/audiovisuales.umh.es\/consulta-audiovisual\/file?token=jQJ1KM%2Bzl2ibIktRmzk%2B2KWOFuB0kq0%2BwvM3VjQXa3g%3D\" alt=\"Els Srs. Enrique Dacosta i Francisco Torreblanca, posen junts despr&eacute;s de ser investits Doctors Honoris Causa per la UMH\" data-id=\"36\" \/><img src=\"https:\/\/audiovisuales.umh.es\/consulta-audiovisual\/file?token=Oe6H7xhZ1SCbIktRmzk%2B2KWOFuB0kq0%2BwvM3VjQXa3g%3D\" alt=\"El catedr&agrave;tic de la Universitat Polit&egrave;cnica de Madrid Francisco Garc&iacute;a Olmedo, pioner de la gen&egrave;tica molecular de les plantes a Espanya, investit com a Doctor Honoris Causa. 2014\" data-id=\"37\" \/><img src=\"https:\/\/audiovisuales.umh.es\/consulta-audiovisual\/file?token=CYJV5rWG4MmbIktRmzk%2B2KWOFuB0kq0%2BwvM3VjQXa3g%3D\" alt=\"El ja Doctor Honoris Causa per la UMH, D. Marcus Felson, llig el seu Lectio\" data-id=\"38\" \/><img src=\"https:\/\/audiovisuales.umh.es\/consulta-audiovisual\/file?token=bGpEWSEoUD6bIktRmzk%2B2KWOFuB0kq0%2BwvM3VjQXa3g%3D\" alt=\"Imatge de l'acabat d'investir com a Doctor Honoris Causa, Antonio Fraguas de Pablo &quot;Forges&quot;, fotografiant-se amb un dels components de l'Estudiantina de la UMH en el vest&iacute;bul de l'edifici Rectorat despr&eacute;s del solemne acte d'obertura del curs 2014-15 i investidura com a Doctor Honoris Causa d'Antonio Fraguas de Pablo &quot;Forges&quot;.\" data-id=\"39\" \/><img src=\"https:\/\/audiovisuales.umh.es\/consulta-audiovisual\/file?token=BIFec7XJ7eabIktRmzk%2B2KWOFuB0kq0%2BwvM3VjQXa3g%3D\" alt=\"Sr. Gordon L. Amidon, Doctor Honoris Causa per la UMH\" data-id=\"40\" \/><img src=\"https:\/\/audiovisuales.umh.es\/consulta-audiovisual\/file?token=d7MKOdQtdW%2BbIktRmzk%2B2KWOFuB0kq0%2BwvM3VjQXa3g%3D\" alt=\"El catedr&agrave;tic del Departament de Qu&iacute;mica Org&agrave;nica de la Universitat Aut&ograve;noma de Madrid i cient&iacute;fic s&egrave;nior associat d'Institut IMDEA-Nanoci&egrave;ncia Tom&aacute;s Torres Cebada investit com a Doctor Honoris Causa per la UMH\" data-id=\"41\" \/><img src=\"https:\/\/audiovisuales.umh.es\/consulta-audiovisual\/file?token=h62N4Tk9Q1ybIktRmzk%2B2KWOFuB0kq0%2BwvM3VjQXa3g%3D\" alt=\"L'acabat d'investir com a Doctor Honoris Causa, Sr. Francisco Ivorra Miralles, pronuncia el seu discurs\" data-id=\"42\" \/><img src=\"https:\/\/audiovisuales.umh.es\/consulta-audiovisual\/file?token=jxJ%2BZe8p7gmbIktRmzk%2B2KWOFuB0kq0%2BwvM3VjQXa3g%3D\" alt=\"D. Jaume Bech Borr&agrave;s, moments abans de l'acte de la seua investidura com a Doctor Honoris Causa\" data-id=\"43\" \/><img src=\"https:\/\/audiovisuales.umh.es\/consulta-audiovisual\/file?token=RhyG0pQZvjibIktRmzk%2B2KWOFuB0kq0%2BwvM3VjQXa3g%3D\" alt=\"Teresa Perales Fern&aacute;ndez rep l'anell de mans del seu padr&iacute;, Ra&uacute;l  Reina  Vaillo\" data-id=\"44\" \/><img src=\"https:\/\/audiovisuales.umh.es\/consulta-audiovisual\/file?token=3YlXKz6K8tCbIktRmzk%2B2KWOFuB0kq0%2BwvM3VjQXa3g%3D\" alt=\"Investidura com a Doctor Honoris Causa del del catedr&agrave;tic de Psicologia Social i de les Organitzacions de la Universitat de Val&egrave;ncia Jos&eacute; Mar&iacute;a Peir&oacute; Silla\" data-id=\"45\" \/><img src=\"https:\/\/audiovisuales.umh.es\/consulta-audiovisual\/file?token=pVZPsTeYzj6bIktRmzk%2B2KWOFuB0kq0%2BwvM3VjQXa3g%3D\" alt=\"Proc&eacute;s de lliurament dels atributs de doctor al fill del pilot de motociclisme &Aacute;ngel Nieto &quot;Gelete&quot;\" data-id=\"46\" \/><img src=\"https:\/\/audiovisuales.umh.es\/consulta-audiovisual\/file?token=5GjkKwppo1KbIktRmzk%2B2KWOFuB0kq0%2BwvM3VjQXa3g%3D\" alt=\"La icona del rock hisp&agrave; Miguel R&iacute;os Campa&ntilde;a posa amb un dels seus gestos caracter&iacute;stics, abans de ser investit com a Doctor Honoris Causa per la UMH\" data-id=\"47\" \/><img src=\"https:\/\/audiovisuales.umh.es\/consulta-audiovisual\/file?token=EjtCE93SdLGbIktRmzk%2B2KWOFuB0kq0%2BwvM3VjQXa3g%3D\" alt=\"El poeta i escriptor nord-americ&agrave; d'origen xicano Tino Villanueva, en el seu acte d'investidura com a Doctor Honoris Causa per la UMH\" data-id=\"48\" \/><img src=\"https:\/\/audiovisuales.umh.es\/consulta-audiovisual\/file?token=iUvcRJyOioCbIktRmzk%2B2KWOFuB0kq0%2BwvM3VjQXa3g%3D\" alt=\"L'enginyera Nuria Oliver posa durant el seu acte d'investidura com a Doctor Honoris Causa per la UMH\" data-id=\"49\" \/><img src=\"https:\/\/audiovisuales.umh.es\/consulta-audiovisual\/file?token=f9ouCnc0j7qbIktRmzk%2B2KWOFuB0kq0%2BwvM3VjQXa3g%3D\" alt=\"Investidura Doctor Honoris Causa de C. Antonio Garc&iacute;a Garc&iacute;a\" data-id=\"50\" \/><img src=\"https:\/\/audiovisuales.umh.es\/consulta-audiovisual\/file?token=gdJCR%2BS3Lb6bIktRmzk%2B2KWOFuB0kq0%2BwvM3VjQXa3g%3D\" alt=\"Discurs del Doctor Honoris Causa, Sr. Ram&oacute;n  Lobo  Leyder\" data-id=\"51\" \/><img src=\"https:\/\/audiovisuales.umh.es\/consulta-audiovisual\/file?token=pqBBNvgJlGWbIktRmzk%2B2KWOFuB0kq0%2BwvM3VjQXa3g%3D\" alt=\"La psic&ograve;loga Marie Johnston, nova Doctora Honoris Causa per la UMH\" data-id=\"52\" \/><\/div>\n\t\t\t<script type=\"text\/javascript\">  \n\t\t\t\tjQuery(document).ready(function(){\t\n\t\t\t\t\tvar instanceOne = new ImageFlow();\n\t\t\t\t\tinstanceOne.init({ \n\t\t\t\t\t\tImageFlowID: 'imgFlowUMH25_0',\n\t\t\t\t\t\topacity: true,\n\t\t\t\t\t\treflectionP: 0,\n\t\t\t\t\t\treflections: false,\n\t\t\t\t\t\tbuttons: true,\n\t\t\t\t\t\tonClick: function() { UMH25_showInfo('_0',this,imagenesInfo_0,'UMH25_showInfo_0',traducciones_0); location.href = '#UMH25_showInfo_0'; },\n\t\t\t\t\t});\n\t\t\t\t});\n\t\t\t<\/script>\n\t\t\t<div id=\"UMH25_showInfo_0\" class=\"UMH25_showInfo showInfoUMH25\"><\/div>\n\t\t<\/div>\n\t\t<div id=\"verTodo25UMH_0\" role=\"tabpanel\" aria-labelledby=\"verTodo25UMH-tab_0\" class=\"verTodo25UMH\">\n\t\t\t<div id=\"verTodo25UMH-listado_0\">\t\t\t\t\n\t\t\t\t<div><button type=\"button\" id=\"botonPaginado25UMH_0_0\" data-indx=\"0\" onclick=\"UMH25_pagina('#verTodo25UMH-listado_0 > ul', 0, 10, this)\">1<\/button><button type=\"button\" id=\"botonPaginado25UMH_0_10\" data-indx=\"1\" onclick=\"UMH25_pagina('#verTodo25UMH-listado_0 > ul', 10, 20, this)\">2<\/button><button type=\"button\" id=\"botonPaginado25UMH_0_20\" data-indx=\"2\" onclick=\"UMH25_pagina('#verTodo25UMH-listado_0 > ul', 20, 30, this)\">3<\/button><button type=\"button\" id=\"botonPaginado25UMH_0_30\" data-indx=\"3\" onclick=\"UMH25_pagina('#verTodo25UMH-listado_0 > ul', 30, 40, this)\">4<\/button><button type=\"button\" id=\"botonPaginado25UMH_0_40\" data-indx=\"4\" onclick=\"UMH25_pagina('#verTodo25UMH-listado_0 > ul', 40, 50, this)\">5<\/button><button type=\"button\" id=\"botonPaginado25UMH_0_50\" data-indx=\"5\" onclick=\"UMH25_pagina('#verTodo25UMH-listado_0 > ul', 50, 60, this)\">6<\/button><\/div>\n\t\t\t\t<ul><li id=\"verTodo25UMH-listado-0_0\"><a href=\"#shortCode25UMH_0\" data-id=\"0\" onclick=\"UMH25_showTargetExclusivo('verTodo25UMH-showInfo_0');UMH25_showInfo('_0',this,imagenesInfo_0,'verTodo25UMH-showInfo_0',traducciones_0,'verTodo25UMH-listado_0','verTodo25UMH-listado-0_0'); location.href = '#shortCode25UMH_0';\"><div><img src=\"https:\/\/audiovisuales.umh.es\/consulta-audiovisual\/file?token=GxWVxNSvvk6bIktRmzk%2B2KWOFuB0kq0%2BwvM3VjQXa3g%3D\" alt=\"El f&iacute;sic i qu&iacute;mic alemany Manfred Eigen, guanyador del Premi Nobel de Qu&iacute;mica el 1967 i recent investit com a Doctor Honoris Causa per la UMH, pronuncia el seu discurs d'agra&iuml;ment durant el solemne acte d'obertura del curs acad&egrave;mic 1997-98 celebrat al Gran Teatre d'Elx\" data-id=\"0\" \/><\/div><p>El f&iacute;sic i qu&iacute;mic alemany Manfred Eigen, guanyador del Premi Nobel de Qu&iacute;mica el 1967 i recent investit com a Doctor Honoris Causa per la UMH, pronuncia el seu discurs d'agra&iuml;ment durant el solemne acte d'obertura del curs acad&egrave;mic 1997-98 celebrat al Gran Teatre d'Elx<\/p><\/a><\/li><li id=\"verTodo25UMH-listado-1_0\"><a href=\"#shortCode25UMH_0\" data-id=\"1\" onclick=\"UMH25_showTargetExclusivo('verTodo25UMH-showInfo_0');UMH25_showInfo('_0',this,imagenesInfo_0,'verTodo25UMH-showInfo_0',traducciones_0,'verTodo25UMH-listado_0','verTodo25UMH-listado-1_0'); location.href = '#shortCode25UMH_0';\"><div><img src=\"https:\/\/audiovisuales.umh.es\/consulta-audiovisual\/file?token=FHbzgpwptgebIktRmzk%2B2KWOFuB0kq0%2BwvM3VjQXa3g%3D\" alt=\"L'economista espanyol i President del Banc Central, Alfonso  Esc&aacute;mez L&oacute;pez, acabat d'investir com a Doctor Honoris Causa per la  UMH, pronuncia el seu discurs d'agra&iuml;ment des del faristol situat sobre l'escenari del Gran Teatre d'Elx, durant el solemne acte d'obertura del curs acad&egrave;mic 1997-98 i investidura com a Doctors Honoris Causa d'Alfonso  Esc&aacute;mez L&oacute;pez, i  Manfred  Eigen\" data-id=\"1\" \/><\/div><p>L'economista espanyol i President del Banc Central, Alfonso  Esc&aacute;mez L&oacute;pez, acabat d'investir com a Doctor Honoris Causa per la  UMH, pronuncia el seu discurs d'agra&iuml;ment des del faristol situat sobre l'escenari del Gran Teatre d'Elx, durant el solemne acte d'obertura del curs acad&egrave;mic 1997-98 i investidura com a Doctors Honoris Causa d'Alfonso  Esc&aacute;mez L&oacute;pez, i  Manfred  Eigen<\/p><\/a><\/li><li id=\"verTodo25UMH-listado-2_0\"><a href=\"#shortCode25UMH_0\" data-id=\"2\" onclick=\"UMH25_showTargetExclusivo('verTodo25UMH-showInfo_0');UMH25_showInfo('_0',this,imagenesInfo_0,'verTodo25UMH-showInfo_0',traducciones_0,'verTodo25UMH-listado_0','verTodo25UMH-listado-2_0'); location.href = '#shortCode25UMH_0';\"><div><img src=\"https:\/\/audiovisuales.umh.es\/consulta-audiovisual\/file?token=YWt0OZ3PYGGbIktRmzk%2B2KWOFuB0kq0%2BwvM3VjQXa3g%3D\" alt=\"David H.  Hubel,  Torsten N.  Wiesel i Jaime Carvajal i Urquijo conversen en el convent de la Merc&egrave; abans que done inici al Gran Teatre d'Elx el solemne acte d'obertura del curs acad&egrave;mic 1998-99 i la seua investidura com a Doctors Honoris Causa per la  UMH\" data-id=\"2\" \/><\/div><p>David H.  Hubel,  Torsten N.  Wiesel i Jaime Carvajal i Urquijo conversen en el convent de la Merc&egrave; abans que done inici al Gran Teatre d'Elx el solemne acte d'obertura del curs acad&egrave;mic 1998-99 i la seua investidura com a Doctors Honoris Causa per la  UMH<\/p><\/a><\/li><li id=\"verTodo25UMH-listado-3_0\"><a href=\"#shortCode25UMH_0\" data-id=\"3\" onclick=\"UMH25_showTargetExclusivo('verTodo25UMH-showInfo_0');UMH25_showInfo('_0',this,imagenesInfo_0,'verTodo25UMH-showInfo_0',traducciones_0,'verTodo25UMH-listado_0','verTodo25UMH-listado-3_0'); location.href = '#shortCode25UMH_0';\"><div><img src=\"https:\/\/audiovisuales.umh.es\/consulta-audiovisual\/file?token=j3Nci5kxgx%2BbIktRmzk%2B2KWOFuB0kq0%2BwvM3VjQXa3g%3D\" alt=\"La neta de Miguel Hern&aacute;ndez, Mar&iacute;a Jos&eacute; Hern&aacute;ndez, recull de mans del seu padr&iacute;, l'acad&egrave;mic d'Hist&ograve;ria, Javier D&iacute;ez de Revenga, el llibre de la ci&egrave;ncia i la saviesa que acredita al seu avi, el poeta oriol&agrave; Miguel Hern&aacute;ndez, com a Doctor Honoris Causa a t&iacute;tol p&ograve;stum\" data-id=\"3\" \/><\/div><p>La neta de Miguel Hern&aacute;ndez, Mar&iacute;a Jos&eacute; Hern&aacute;ndez, recull de mans del seu padr&iacute;, l'acad&egrave;mic d'Hist&ograve;ria, Javier D&iacute;ez de Revenga, el llibre de la ci&egrave;ncia i la saviesa que acredita al seu avi, el poeta oriol&agrave; Miguel Hern&aacute;ndez, com a Doctor Honoris Causa a t&iacute;tol p&ograve;stum<\/p><\/a><\/li><li id=\"verTodo25UMH-listado-4_0\"><a href=\"#shortCode25UMH_0\" data-id=\"4\" onclick=\"UMH25_showTargetExclusivo('verTodo25UMH-showInfo_0');UMH25_showInfo('_0',this,imagenesInfo_0,'verTodo25UMH-showInfo_0',traducciones_0,'verTodo25UMH-listado_0','verTodo25UMH-listado-4_0'); location.href = '#shortCode25UMH_0';\"><div><img src=\"https:\/\/audiovisuales.umh.es\/consulta-audiovisual\/file?token=ws%2FhEyJTc%2BCbIktRmzk%2B2KWOFuB0kq0%2BwvM3VjQXa3g%3D\" alt=\"El doctor en Medicina i catedr&agrave;tic d'Hist&ograve;ria de la Medicina, Sr. Pedro  La&iacute;n  Entralgo, al costat del seu padr&iacute;, el doctor en Medicina Emilio Balaguer  Periguell, escoltant una can&ccedil;&oacute; interpretada pel cor de la CAM, durant els &uacute;ltims compassos de l'acte celebrat a la Casa de la Cultura de Sant Joan.\" data-id=\"4\" \/><\/div><p>El doctor en Medicina i catedr&agrave;tic d'Hist&ograve;ria de la Medicina, Sr. Pedro  La&iacute;n  Entralgo, al costat del seu padr&iacute;, el doctor en Medicina Emilio Balaguer  Periguell, escoltant una can&ccedil;&oacute; interpretada pel cor de la CAM, durant els &uacute;ltims compassos de l'acte celebrat a la Casa de la Cultura de Sant Joan.<\/p><\/a><\/li><li id=\"verTodo25UMH-listado-5_0\"><a href=\"#shortCode25UMH_0\" data-id=\"5\" onclick=\"UMH25_showTargetExclusivo('verTodo25UMH-showInfo_0');UMH25_showInfo('_0',this,imagenesInfo_0,'verTodo25UMH-showInfo_0',traducciones_0,'verTodo25UMH-listado_0','verTodo25UMH-listado-5_0'); location.href = '#shortCode25UMH_0';\"><div><img src=\"https:\/\/audiovisuales.umh.es\/consulta-audiovisual\/file?token=LOFbA0WDhIibIktRmzk%2B2KWOFuB0kq0%2BwvM3VjQXa3g%3D\" alt=\"El catedr&agrave;tic d'Estad&iacute;stica de la Universitat d'Oxford, David Cox, al costat del seu padr&iacute;, el catedr&agrave;tic d'Estad&iacute;stica i Investigaci&oacute; Operativa, Domingo Morales, esperen en el vest&iacute;bul de l'edifici  Altabix l'inici a l'aula magna del solemne acte d'investidura com a Doctor Honoris Causa de l'estad&iacute;stic brit&agrave;nic\" data-id=\"5\" \/><\/div><p>El catedr&agrave;tic d'Estad&iacute;stica de la Universitat d'Oxford, David Cox, al costat del seu padr&iacute;, el catedr&agrave;tic d'Estad&iacute;stica i Investigaci&oacute; Operativa, Domingo Morales, esperen en el vest&iacute;bul de l'edifici  Altabix l'inici a l'aula magna del solemne acte d'investidura com a Doctor Honoris Causa de l'estad&iacute;stic brit&agrave;nic<\/p><\/a><\/li><li id=\"verTodo25UMH-listado-6_0\"><a href=\"#shortCode25UMH_0\" data-id=\"6\" onclick=\"UMH25_showTargetExclusivo('verTodo25UMH-showInfo_0');UMH25_showInfo('_0',this,imagenesInfo_0,'verTodo25UMH-showInfo_0',traducciones_0,'verTodo25UMH-listado_0','verTodo25UMH-listado-6_0'); location.href = '#shortCode25UMH_0';\"><div><img src=\"https:\/\/audiovisuales.umh.es\/consulta-audiovisual\/file?token=bbLRMsw%2FvuCbIktRmzk%2B2KWOFuB0kq0%2BwvM3VjQXa3g%3D\" alt=\"El rector de la  UMH, Jes&uacute;s Rodr&iacute;guez Mar&iacute;n, felicita l'expresident del Congr&eacute;s i Defensor del Poble, Fernando &Aacute;lvarez de Miranda, despr&eacute;s d'haver-lo investit com a Doctor Honoris Causa, durant el solemne acte d'obertura del curs acad&egrave;mic 1999-2000 celebrat en el vest&iacute;bul de l'edifici  Altabix\" data-id=\"6\" \/><\/div><p>El rector de la  UMH, Jes&uacute;s Rodr&iacute;guez Mar&iacute;n, felicita l'expresident del Congr&eacute;s i Defensor del Poble, Fernando &Aacute;lvarez de Miranda, despr&eacute;s d'haver-lo investit com a Doctor Honoris Causa, durant el solemne acte d'obertura del curs acad&egrave;mic 1999-2000 celebrat en el vest&iacute;bul de l'edifici  Altabix<\/p><\/a><\/li><li id=\"verTodo25UMH-listado-7_0\"><a href=\"#shortCode25UMH_0\" data-id=\"7\" onclick=\"UMH25_showTargetExclusivo('verTodo25UMH-showInfo_0');UMH25_showInfo('_0',this,imagenesInfo_0,'verTodo25UMH-showInfo_0',traducciones_0,'verTodo25UMH-listado_0','verTodo25UMH-listado-7_0'); location.href = '#shortCode25UMH_0';\"><div><img src=\"https:\/\/audiovisuales.umh.es\/consulta-audiovisual\/file?token=yqRE8zMiYEybIktRmzk%2B2KWOFuB0kq0%2BwvM3VjQXa3g%3D\" alt=\"L'economista i acad&egrave;mic basc, Jos&eacute; &Aacute;ngel S&aacute;nchez  Asia&iacute;n, pronuncia el seu discurs d'agra&iuml;ment despr&eacute;s d'haver sigut investit com a Doctor Honoris Causa per la  UMH, durant l'acte celebrat a l'aula magna de l'edifici  Altabix.\" data-id=\"7\" \/><\/div><p>L'economista i acad&egrave;mic basc, Jos&eacute; &Aacute;ngel S&aacute;nchez  Asia&iacute;n, pronuncia el seu discurs d'agra&iuml;ment despr&eacute;s d'haver sigut investit com a Doctor Honoris Causa per la  UMH, durant l'acte celebrat a l'aula magna de l'edifici  Altabix.<\/p><\/a><\/li><li id=\"verTodo25UMH-listado-8_0\"><a href=\"#shortCode25UMH_0\" data-id=\"8\" onclick=\"UMH25_showTargetExclusivo('verTodo25UMH-showInfo_0');UMH25_showInfo('_0',this,imagenesInfo_0,'verTodo25UMH-showInfo_0',traducciones_0,'verTodo25UMH-listado_0','verTodo25UMH-listado-8_0'); location.href = '#shortCode25UMH_0';\"><div><img src=\"https:\/\/audiovisuales.umh.es\/consulta-audiovisual\/file?token=amxLiI678FKbIktRmzk%2B2KWOFuB0kq0%2BwvM3VjQXa3g%3D\" alt=\"El doctor  Stephanus  Hendrikus  Tijs, durant el seu discurs d'agra&iuml;ment despr&eacute;s d'haver sigut investit com a Doctor Honoris Causa per la  UMH a l'aula magna de l'edifici  Altabix\" data-id=\"8\" \/><\/div><p>El doctor  Stephanus  Hendrikus  Tijs, durant el seu discurs d'agra&iuml;ment despr&eacute;s d'haver sigut investit com a Doctor Honoris Causa per la  UMH a l'aula magna de l'edifici  Altabix<\/p><\/a><\/li><li id=\"verTodo25UMH-listado-9_0\"><a href=\"#shortCode25UMH_0\" data-id=\"9\" onclick=\"UMH25_showTargetExclusivo('verTodo25UMH-showInfo_0');UMH25_showInfo('_0',this,imagenesInfo_0,'verTodo25UMH-showInfo_0',traducciones_0,'verTodo25UMH-listado_0','verTodo25UMH-listado-9_0'); location.href = '#shortCode25UMH_0';\"><div><img src=\"https:\/\/audiovisuales.umh.es\/consulta-audiovisual\/file?token=A5rpnhNiFXmbIktRmzk%2B2KWOFuB0kq0%2BwvM3VjQXa3g%3D\" alt=\"L'acabat d'investir com a Doctor Honoris Causa Sr. Federico  Mayor Zaragoza est&agrave; llegint el seu discurs d'agra&iuml;ment despr&eacute;s d'haver sigut investit com a Doctor Honoris Causa per la  UMH, durant el solemne acte d'obertura del curs acad&egrave;mic 2000-2001 celebrat en l'hall de l'edifici  Altabix\" data-id=\"9\" \/><\/div><p>L'acabat d'investir com a Doctor Honoris Causa Sr. Federico  Mayor Zaragoza est&agrave; llegint el seu discurs d'agra&iuml;ment despr&eacute;s d'haver sigut investit com a Doctor Honoris Causa per la  UMH, durant el solemne acte d'obertura del curs acad&egrave;mic 2000-2001 celebrat en l'hall de l'edifici  Altabix<\/p><\/a><\/li><li id=\"verTodo25UMH-listado-10_0\"><a href=\"#shortCode25UMH_0\" data-id=\"10\" onclick=\"UMH25_showTargetExclusivo('verTodo25UMH-showInfo_0');UMH25_showInfo('_0',this,imagenesInfo_0,'verTodo25UMH-showInfo_0',traducciones_0,'verTodo25UMH-listado_0','verTodo25UMH-listado-10_0'); location.href = '#shortCode25UMH_0';\"><div><img src=\"https:\/\/audiovisuales.umh.es\/consulta-audiovisual\/file?token=QhPqYctES1ybIktRmzk%2B2KWOFuB0kq0%2BwvM3VjQXa3g%3D\" alt=\"El professor em&egrave;rit alemany Friedrich Wilhelm Eigler, investit com a Doctor Honoris Causa per la UMH en 2001\" data-id=\"10\" \/><\/div><p>El professor em&egrave;rit alemany Friedrich Wilhelm Eigler, investit com a Doctor Honoris Causa per la UMH en 2001<\/p><\/a><\/li><li id=\"verTodo25UMH-listado-11_0\"><a href=\"#shortCode25UMH_0\" data-id=\"11\" onclick=\"UMH25_showTargetExclusivo('verTodo25UMH-showInfo_0');UMH25_showInfo('_0',this,imagenesInfo_0,'verTodo25UMH-showInfo_0',traducciones_0,'verTodo25UMH-listado_0','verTodo25UMH-listado-11_0'); location.href = '#shortCode25UMH_0';\"><div><img src=\"https:\/\/audiovisuales.umh.es\/consulta-audiovisual\/file?token=1oPzo5Y543abIktRmzk%2B2KWOFuB0kq0%2BwvM3VjQXa3g%3D\" alt=\"El rector de la  UMH, Jes&uacute;s Rodr&iacute;guez Mar&iacute;n, col&middot;loca el birret llorejat al doctor en Biologia, Sr. Antonio Garc&iacute;a Bellido, com a gest de la seua investidura com a Doctor Honoris Causa per la  UMH, davant l'atenta mirada del seu padr&iacute;, el catedr&agrave;tic de la  UMH, Dr. Jos&eacute; Luis  Micol Molina.\" data-id=\"11\" \/><\/div><p>El rector de la  UMH, Jes&uacute;s Rodr&iacute;guez Mar&iacute;n, col&middot;loca el birret llorejat al doctor en Biologia, Sr. Antonio Garc&iacute;a Bellido, com a gest de la seua investidura com a Doctor Honoris Causa per la  UMH, davant l'atenta mirada del seu padr&iacute;, el catedr&agrave;tic de la  UMH, Dr. Jos&eacute; Luis  Micol Molina.<\/p><\/a><\/li><li id=\"verTodo25UMH-listado-12_0\"><a href=\"#shortCode25UMH_0\" data-id=\"12\" onclick=\"UMH25_showTargetExclusivo('verTodo25UMH-showInfo_0');UMH25_showInfo('_0',this,imagenesInfo_0,'verTodo25UMH-showInfo_0',traducciones_0,'verTodo25UMH-listado_0','verTodo25UMH-listado-12_0'); location.href = '#shortCode25UMH_0';\"><div><img src=\"https:\/\/audiovisuales.umh.es\/consulta-audiovisual\/file?token=AOivaugSPdKbIktRmzk%2B2KWOFuB0kq0%2BwvM3VjQXa3g%3D\" alt=\"El rector de la  UMH, Jes&uacute;s Rodr&iacute;guez Mar&iacute;n, col&middot;loca el birret llorejat al doctor en Matem&agrave;tiques i Economia, Sr. Egon Balas, com a part del seu proc&eacute;s d'investidura com a Doctor Honoris Causa per la  UMH, durant l'acte celebrat a l'aula magna de l'edifici  Altabix\" data-id=\"12\" \/><\/div><p>El rector de la  UMH, Jes&uacute;s Rodr&iacute;guez Mar&iacute;n, col&middot;loca el birret llorejat al doctor en Matem&agrave;tiques i Economia, Sr. Egon Balas, com a part del seu proc&eacute;s d'investidura com a Doctor Honoris Causa per la  UMH, durant l'acte celebrat a l'aula magna de l'edifici  Altabix<\/p><\/a><\/li><li id=\"verTodo25UMH-listado-13_0\"><a href=\"#shortCode25UMH_0\" data-id=\"13\" onclick=\"UMH25_showTargetExclusivo('verTodo25UMH-showInfo_0');UMH25_showInfo('_0',this,imagenesInfo_0,'verTodo25UMH-showInfo_0',traducciones_0,'verTodo25UMH-listado_0','verTodo25UMH-listado-13_0'); location.href = '#shortCode25UMH_0';\"><div><img src=\"https:\/\/audiovisuales.umh.es\/consulta-audiovisual\/file?token=MOiZWgSrWDybIktRmzk%2B2KWOFuB0kq0%2BwvM3VjQXa3g%3D\" alt=\"El cineasta recentment investit com a Doctor Honoris Causa, Sr. Luis Garc&iacute;a Berlanga, pronuncia el seu discurs d'agra&iuml;ment des del faristol situat en l'escenari de l'aula magna de l'edifici  Altabix, durant el solemne acte d'obertura del curs acad&egrave;mic 2002 2003 i investidura dels  Excms. Srs. Juan  Rod&eacute;s  Teixidor i Luis Garc&iacute;a Berlanga com a Doctors Honoris Causa.\" data-id=\"13\" \/><\/div><p>El cineasta recentment investit com a Doctor Honoris Causa, Sr. Luis Garc&iacute;a Berlanga, pronuncia el seu discurs d'agra&iuml;ment des del faristol situat en l'escenari de l'aula magna de l'edifici  Altabix, durant el solemne acte d'obertura del curs acad&egrave;mic 2002 2003 i investidura dels  Excms. Srs. Juan  Rod&eacute;s  Teixidor i Luis Garc&iacute;a Berlanga com a Doctors Honoris Causa.<\/p><\/a><\/li><li id=\"verTodo25UMH-listado-14_0\"><a href=\"#shortCode25UMH_0\" data-id=\"14\" onclick=\"UMH25_showTargetExclusivo('verTodo25UMH-showInfo_0');UMH25_showInfo('_0',this,imagenesInfo_0,'verTodo25UMH-showInfo_0',traducciones_0,'verTodo25UMH-listado_0','verTodo25UMH-listado-14_0'); location.href = '#shortCode25UMH_0';\"><div><img src=\"https:\/\/audiovisuales.umh.es\/consulta-audiovisual\/file?token=hPEsYxhxQJqbIktRmzk%2B2KWOFuB0kq0%2BwvM3VjQXa3g%3D\" alt=\"L'acabat d'investir com a Doctor Honoris Causa, Dr. Juan  Rod&eacute;s  Teixidor, pronuncia el seu discurs d'agra&iuml;ment des del faristol situat en l'escenari de l'aula magna de l'edifici  Altabix, durant el solemne acte d'obertura del curs acad&egrave;mic 2002\/2003 i investidura dels  Excms. Srs. Juan  Rod&eacute;s  Teixidor i Luis Garc&iacute;a Berlanga com a Doctors Honoris Causa.\" data-id=\"14\" \/><\/div><p>L'acabat d'investir com a Doctor Honoris Causa, Dr. Juan  Rod&eacute;s  Teixidor, pronuncia el seu discurs d'agra&iuml;ment des del faristol situat en l'escenari de l'aula magna de l'edifici  Altabix, durant el solemne acte d'obertura del curs acad&egrave;mic 2002\/2003 i investidura dels  Excms. Srs. Juan  Rod&eacute;s  Teixidor i Luis Garc&iacute;a Berlanga com a Doctors Honoris Causa.<\/p><\/a><\/li><li id=\"verTodo25UMH-listado-15_0\"><a href=\"#shortCode25UMH_0\" data-id=\"15\" onclick=\"UMH25_showTargetExclusivo('verTodo25UMH-showInfo_0');UMH25_showInfo('_0',this,imagenesInfo_0,'verTodo25UMH-showInfo_0',traducciones_0,'verTodo25UMH-listado_0','verTodo25UMH-listado-15_0'); location.href = '#shortCode25UMH_0';\"><div><img src=\"https:\/\/audiovisuales.umh.es\/consulta-audiovisual\/file?token=3uztWeGimK6bIktRmzk%2B2KWOFuB0kq0%2BwvM3VjQXa3g%3D\" alt=\"El tenor catal&agrave; Sr. Josep Carreras i Coll rep de mans de la seua padrina, la professora de la  UMH Mar&iacute;a Teresa P&eacute;rez V&aacute;zquez, els guants blancs i el llibre de la ci&egrave;ncia i la saviesa, que li s&oacute;n oferits als acabats d'investir com a Doctor Honoris Causa. Aquest gest es realitza en pres&egrave;ncia del rector de la  UMH, Jes&uacute;s Rodr&iacute;guez Mar&iacute;n, durant l'acte celebrat en el Palau Altea Centre d Arts\" data-id=\"15\" \/><\/div><p>El tenor catal&agrave; Sr. Josep Carreras i Coll rep de mans de la seua padrina, la professora de la  UMH Mar&iacute;a Teresa P&eacute;rez V&aacute;zquez, els guants blancs i el llibre de la ci&egrave;ncia i la saviesa, que li s&oacute;n oferits als acabats d'investir com a Doctor Honoris Causa. Aquest gest es realitza en pres&egrave;ncia del rector de la  UMH, Jes&uacute;s Rodr&iacute;guez Mar&iacute;n, durant l'acte celebrat en el Palau Altea Centre d Arts<\/p><\/a><\/li><li id=\"verTodo25UMH-listado-16_0\"><a href=\"#shortCode25UMH_0\" data-id=\"16\" onclick=\"UMH25_showTargetExclusivo('verTodo25UMH-showInfo_0');UMH25_showInfo('_0',this,imagenesInfo_0,'verTodo25UMH-showInfo_0',traducciones_0,'verTodo25UMH-listado_0','verTodo25UMH-listado-16_0'); location.href = '#shortCode25UMH_0';\"><div><img src=\"https:\/\/audiovisuales.umh.es\/consulta-audiovisual\/file?token=1ux1LK67eU%2BbIktRmzk%2B2KWOFuB0kq0%2BwvM3VjQXa3g%3D\" alt=\"El rector de la  UMH posa al costat de S.A.R. la Infanta Margarita de Borb&oacute;, el seu marit, el doctor Carlos Zurita, i la seua padrina, la degana de la Facultat de Farm&agrave;cia de la  UMH Carmen de Felipe Fern&aacute;ndez, en la conclusi&oacute; del solemne acte d'obertura del curs acad&egrave;mic 2003\/2004 i investidura de la infanta com a Doctora Honoris Causa celebrat a l'edifici  Altabix\" data-id=\"16\" \/><\/div><p>El rector de la  UMH posa al costat de S.A.R. la Infanta Margarita de Borb&oacute;, el seu marit, el doctor Carlos Zurita, i la seua padrina, la degana de la Facultat de Farm&agrave;cia de la  UMH Carmen de Felipe Fern&aacute;ndez, en la conclusi&oacute; del solemne acte d'obertura del curs acad&egrave;mic 2003\/2004 i investidura de la infanta com a Doctora Honoris Causa celebrat a l'edifici  Altabix<\/p><\/a><\/li><li id=\"verTodo25UMH-listado-17_0\"><a href=\"#shortCode25UMH_0\" data-id=\"17\" onclick=\"UMH25_showTargetExclusivo('verTodo25UMH-showInfo_0');UMH25_showInfo('_0',this,imagenesInfo_0,'verTodo25UMH-showInfo_0',traducciones_0,'verTodo25UMH-listado_0','verTodo25UMH-listado-17_0'); location.href = '#shortCode25UMH_0';\"><div><img src=\"https:\/\/audiovisuales.umh.es\/consulta-audiovisual\/file?token=2SkBMoWCGnibIktRmzk%2B2KWOFuB0kq0%2BwvM3VjQXa3g%3D\" alt=\"El rector de la  UMH, Jes&uacute;s Rodr&iacute;guez Mar&iacute;n, felicita el catedr&agrave;tic d'Hist&ograve;ria i Jurisprud&egrave;ncia, Jos&eacute; Antonio Escudero L&oacute;pez, despr&eacute;s de la seua investidura com a Doctor Honoris Causa, en pres&egrave;ncia del seu padr&iacute;, el catedr&agrave;tic d'Hist&ograve;ria del Dret i les Institucions, Ricardo G&oacute;mez Rivero\" data-id=\"17\" \/><\/div><p>El rector de la  UMH, Jes&uacute;s Rodr&iacute;guez Mar&iacute;n, felicita el catedr&agrave;tic d'Hist&ograve;ria i Jurisprud&egrave;ncia, Jos&eacute; Antonio Escudero L&oacute;pez, despr&eacute;s de la seua investidura com a Doctor Honoris Causa, en pres&egrave;ncia del seu padr&iacute;, el catedr&agrave;tic d'Hist&ograve;ria del Dret i les Institucions, Ricardo G&oacute;mez Rivero<\/p><\/a><\/li><li id=\"verTodo25UMH-listado-18_0\"><a href=\"#shortCode25UMH_0\" data-id=\"18\" onclick=\"UMH25_showTargetExclusivo('verTodo25UMH-showInfo_0');UMH25_showInfo('_0',this,imagenesInfo_0,'verTodo25UMH-showInfo_0',traducciones_0,'verTodo25UMH-listado_0','verTodo25UMH-listado-18_0'); location.href = '#shortCode25UMH_0';\"><div><img src=\"https:\/\/audiovisuales.umh.es\/consulta-audiovisual\/file?token=yHhoQh6zt%2FubIktRmzk%2B2KWOFuB0kq0%2BwvM3VjQXa3g%3D\" alt=\"L'acabat d'investir com a Doctor Honoris Causa per la UMH, Sr. Joaqu&iacute;n Fuster de Carulla, pronuncia el seu discurs d'agra&iuml;ment durant l'acte celebrat a la Sala de Graus Doctor Balmis del campus de Sant Joan d'Alacant\" data-id=\"18\" \/><\/div><p>L'acabat d'investir com a Doctor Honoris Causa per la UMH, Sr. Joaqu&iacute;n Fuster de Carulla, pronuncia el seu discurs d'agra&iuml;ment durant l'acte celebrat a la Sala de Graus Doctor Balmis del campus de Sant Joan d'Alacant<\/p><\/a><\/li><li id=\"verTodo25UMH-listado-19_0\"><a href=\"#shortCode25UMH_0\" data-id=\"19\" onclick=\"UMH25_showTargetExclusivo('verTodo25UMH-showInfo_0');UMH25_showInfo('_0',this,imagenesInfo_0,'verTodo25UMH-showInfo_0',traducciones_0,'verTodo25UMH-listado_0','verTodo25UMH-listado-19_0'); location.href = '#shortCode25UMH_0';\"><div><img src=\"https:\/\/audiovisuales.umh.es\/consulta-audiovisual\/file?token=p63lkBjLCIybIktRmzk%2B2KWOFuB0kq0%2BwvM3VjQXa3g%3D\" alt=\"Els acabats d'investir com a Doctors Honoris Causa, la Sra. Araceli Maci&aacute; Ant&oacute;n, el Sr. Pedro Ruiz Torres, i el Sr. Sr. Francisco Pastor Jim&eacute;nez, en representaci&oacute; del Sr. Pedro Amat Mu&ntilde;oz, posen al costat del rector de la UMH, Jes&uacute;s Rodr&iacute;guez Mar&iacute;n, i el rector de la Universitat de Val&egrave;ncia, Francisco Tom&aacute;s Vert, en el vest&iacute;bul del Gran Teatre d'Elx una vegada finalitzat l'acte acad&egrave;mic.\" data-id=\"19\" \/><\/div><p>Els acabats d'investir com a Doctors Honoris Causa, la Sra. Araceli Maci&aacute; Ant&oacute;n, el Sr. Pedro Ruiz Torres, i el Sr. Sr. Francisco Pastor Jim&eacute;nez, en representaci&oacute; del Sr. Pedro Amat Mu&ntilde;oz, posen al costat del rector de la UMH, Jes&uacute;s Rodr&iacute;guez Mar&iacute;n, i el rector de la Universitat de Val&egrave;ncia, Francisco Tom&aacute;s Vert, en el vest&iacute;bul del Gran Teatre d'Elx una vegada finalitzat l'acte acad&egrave;mic.<\/p><\/a><\/li><li id=\"verTodo25UMH-listado-20_0\"><a href=\"#shortCode25UMH_0\" data-id=\"20\" onclick=\"UMH25_showTargetExclusivo('verTodo25UMH-showInfo_0');UMH25_showInfo('_0',this,imagenesInfo_0,'verTodo25UMH-showInfo_0',traducciones_0,'verTodo25UMH-listado_0','verTodo25UMH-listado-20_0'); location.href = '#shortCode25UMH_0';\"><div><img src=\"https:\/\/audiovisuales.umh.es\/consulta-audiovisual\/file?token=aPCS6l02tQibIktRmzk%2B2KWOFuB0kq0%2BwvM3VjQXa3g%3D\" alt=\"La doctora en Psicologia i ex rectora de la  UNED, Araceli Maci&aacute; Ant&oacute;n, posa sobre l'escenari del Gran Teatre d'Elx entre aplaudiments despr&eacute;s de ser investida com a Doctora Honoris Causa.\" data-id=\"20\" \/><\/div><p>La doctora en Psicologia i ex rectora de la  UNED, Araceli Maci&aacute; Ant&oacute;n, posa sobre l'escenari del Gran Teatre d'Elx entre aplaudiments despr&eacute;s de ser investida com a Doctora Honoris Causa.<\/p><\/a><\/li><li id=\"verTodo25UMH-listado-21_0\"><a href=\"#shortCode25UMH_0\" data-id=\"21\" onclick=\"UMH25_showTargetExclusivo('verTodo25UMH-showInfo_0');UMH25_showInfo('_0',this,imagenesInfo_0,'verTodo25UMH-showInfo_0',traducciones_0,'verTodo25UMH-listado_0','verTodo25UMH-listado-21_0'); location.href = '#shortCode25UMH_0';\"><div><img src=\"https:\/\/audiovisuales.umh.es\/consulta-audiovisual\/file?token=x9jfTzautPibIktRmzk%2B2KWOFuB0kq0%2BwvM3VjQXa3g%3D\" alt=\"El cardi&ograve;leg i premi Pr&iacute;ncep d'Ast&uacute;ries, Dr. Valent&iacute;n Fuster de Carulla, acabat d'investir com a Doctor Honoris Causa per la UMH, durant el seu discurs d'agra&iuml;ment en el transcurs del solemne acte d'obertura del curs acad&egrave;mic 2005-06 celebrat en el vest&iacute;bul de l'edifici Altabix\" data-id=\"21\" \/><\/div><p>El cardi&ograve;leg i premi Pr&iacute;ncep d'Ast&uacute;ries, Dr. Valent&iacute;n Fuster de Carulla, acabat d'investir com a Doctor Honoris Causa per la UMH, durant el seu discurs d'agra&iuml;ment en el transcurs del solemne acte d'obertura del curs acad&egrave;mic 2005-06 celebrat en el vest&iacute;bul de l'edifici Altabix<\/p><\/a><\/li><li id=\"verTodo25UMH-listado-22_0\"><a href=\"#shortCode25UMH_0\" data-id=\"22\" onclick=\"UMH25_showTargetExclusivo('verTodo25UMH-showInfo_0');UMH25_showInfo('_0',this,imagenesInfo_0,'verTodo25UMH-showInfo_0',traducciones_0,'verTodo25UMH-listado_0','verTodo25UMH-listado-22_0'); location.href = '#shortCode25UMH_0';\"><div><img src=\"https:\/\/audiovisuales.umh.es\/consulta-audiovisual\/file?token=%2BbVXZ9ONsnebIktRmzk%2B2KWOFuB0kq0%2BwvM3VjQXa3g%3D\" alt=\"L'artista valenci&agrave; Sr. Manuel Vald&eacute;s Blasco, acabat d'investir com a Doctor Honoris Causa per la UMH, posa al costat de la seua escultura &quot;La Dama&quot;, que va ser inaugurada en 2004 i que presideix la pla&ccedil;a d'acc&eacute;s a l'edifici La G&agrave;l&middot;lia\" data-id=\"22\" \/><\/div><p>L'artista valenci&agrave; Sr. Manuel Vald&eacute;s Blasco, acabat d'investir com a Doctor Honoris Causa per la UMH, posa al costat de la seua escultura &quot;La Dama&quot;, que va ser inaugurada en 2004 i que presideix la pla&ccedil;a d'acc&eacute;s a l'edifici La G&agrave;l&middot;lia<\/p><\/a><\/li><li id=\"verTodo25UMH-listado-23_0\"><a href=\"#shortCode25UMH_0\" data-id=\"23\" onclick=\"UMH25_showTargetExclusivo('verTodo25UMH-showInfo_0');UMH25_showInfo('_0',this,imagenesInfo_0,'verTodo25UMH-showInfo_0',traducciones_0,'verTodo25UMH-listado_0','verTodo25UMH-listado-23_0'); location.href = '#shortCode25UMH_0';\"><div><img src=\"https:\/\/audiovisuales.umh.es\/consulta-audiovisual\/file?token=%2FKmnxVfAt62bIktRmzk%2B2KWOFuB0kq0%2BwvM3VjQXa3g%3D\" alt=\"El rector de la UMH, Jes&uacute;s Rodr&iacute;guez Mar&iacute;n, li col&middot;loca el birret llorejat al pintor i fot&ograve;graf estatunidenc Sean Scully, amb el qual li invisteix com a Doctor Honoris Causa, en pres&egrave;ncia de la seua padrina, la professora de la Facultat de Belles arts de la UMH, Pilar Escanero, durant l'acte celebrat a la Sala d'actes de l'edifici Rectorat\" data-id=\"23\" \/><\/div><p>El rector de la UMH, Jes&uacute;s Rodr&iacute;guez Mar&iacute;n, li col&middot;loca el birret llorejat al pintor i fot&ograve;graf estatunidenc Sean Scully, amb el qual li invisteix com a Doctor Honoris Causa, en pres&egrave;ncia de la seua padrina, la professora de la Facultat de Belles arts de la UMH, Pilar Escanero, durant l'acte celebrat a la Sala d'actes de l'edifici Rectorat<\/p><\/a><\/li><li id=\"verTodo25UMH-listado-24_0\"><a href=\"#shortCode25UMH_0\" data-id=\"24\" onclick=\"UMH25_showTargetExclusivo('verTodo25UMH-showInfo_0');UMH25_showInfo('_0',this,imagenesInfo_0,'verTodo25UMH-showInfo_0',traducciones_0,'verTodo25UMH-listado_0','verTodo25UMH-listado-24_0'); location.href = '#shortCode25UMH_0';\"><div><img src=\"https:\/\/audiovisuales.umh.es\/consulta-audiovisual\/file?token=8nESnLLIuFGbIktRmzk%2B2KWOFuB0kq0%2BwvM3VjQXa3g%3D\" alt=\"L'entrenador del Liverpool FC, Rafael Ben&iacute;tez, rep l'aplaudiment del p&uacute;blic a la conclusi&oacute; del Solemne Acte de la seua investidura com a Doctor Honoris Causa celebrat a l'Aula Magna de l'edifici Altabix\" data-id=\"24\" \/><\/div><p>L'entrenador del Liverpool FC, Rafael Ben&iacute;tez, rep l'aplaudiment del p&uacute;blic a la conclusi&oacute; del Solemne Acte de la seua investidura com a Doctor Honoris Causa celebrat a l'Aula Magna de l'edifici Altabix<\/p><\/a><\/li><li id=\"verTodo25UMH-listado-25_0\"><a href=\"#shortCode25UMH_0\" data-id=\"25\" onclick=\"UMH25_showTargetExclusivo('verTodo25UMH-showInfo_0');UMH25_showInfo('_0',this,imagenesInfo_0,'verTodo25UMH-showInfo_0',traducciones_0,'verTodo25UMH-listado_0','verTodo25UMH-listado-25_0'); location.href = '#shortCode25UMH_0';\"><div><img src=\"https:\/\/audiovisuales.umh.es\/consulta-audiovisual\/file?token=WgaX3nuCjoGbIktRmzk%2B2KWOFuB0kq0%2BwvM3VjQXa3g%3D\" alt=\"L'astrof&iacute;sic nord-americ&agrave; i Premi Nobel de F&iacute;sica 2006, George Smoot, rebent ajuda per a vestir-se correctament amb la toga en una depend&egrave;ncia de la Biblioteca p&uacute;blica d'Orihuela, abans de la celebraci&oacute; en el Teatro Circo d'Orihuela del solemne acte de la seua Investidura com a Doctor Honoris Causa\" data-id=\"25\" \/><\/div><p>L'astrof&iacute;sic nord-americ&agrave; i Premi Nobel de F&iacute;sica 2006, George Smoot, rebent ajuda per a vestir-se correctament amb la toga en una depend&egrave;ncia de la Biblioteca p&uacute;blica d'Orihuela, abans de la celebraci&oacute; en el Teatro Circo d'Orihuela del solemne acte de la seua Investidura com a Doctor Honoris Causa<\/p><\/a><\/li><li id=\"verTodo25UMH-listado-26_0\"><a href=\"#shortCode25UMH_0\" data-id=\"26\" onclick=\"UMH25_showTargetExclusivo('verTodo25UMH-showInfo_0');UMH25_showInfo('_0',this,imagenesInfo_0,'verTodo25UMH-showInfo_0',traducciones_0,'verTodo25UMH-listado_0','verTodo25UMH-listado-26_0'); location.href = '#shortCode25UMH_0';\"><div><img src=\"https:\/\/audiovisuales.umh.es\/consulta-audiovisual\/file?token=WusQ3t%2F1N8%2BbIktRmzk%2B2KWOFuB0kq0%2BwvM3VjQXa3g%3D\" alt=\"El director del Centre d'Estudis Ambientals del Mediterrani, Mill&aacute;n Mill&aacute;n Mu&ntilde;oz, escolta amb atenci&oacute; el discurs pronunciat pel seu padr&iacute;, el catedr&agrave;tic de F&iacute;sica Aplicada de la UMH, Carlos Pastor Ant&oacute;n, durant el solemne acte de celebraci&oacute; de la festivitat de Sant Tom&agrave;s d'Aquino i investidura com a Doctor Honoris Causa de l'Excm. Sr. Mill&aacute;n Mill&aacute;n Mu&ntilde;oz, celebrat a la sala d'actes de l'edifici Rectorat\" data-id=\"26\" \/><\/div><p>El director del Centre d'Estudis Ambientals del Mediterrani, Mill&aacute;n Mill&aacute;n Mu&ntilde;oz, escolta amb atenci&oacute; el discurs pronunciat pel seu padr&iacute;, el catedr&agrave;tic de F&iacute;sica Aplicada de la UMH, Carlos Pastor Ant&oacute;n, durant el solemne acte de celebraci&oacute; de la festivitat de Sant Tom&agrave;s d'Aquino i investidura com a Doctor Honoris Causa de l'Excm. Sr. Mill&aacute;n Mill&aacute;n Mu&ntilde;oz, celebrat a la sala d'actes de l'edifici Rectorat<\/p><\/a><\/li><li id=\"verTodo25UMH-listado-27_0\"><a href=\"#shortCode25UMH_0\" data-id=\"27\" onclick=\"UMH25_showTargetExclusivo('verTodo25UMH-showInfo_0');UMH25_showInfo('_0',this,imagenesInfo_0,'verTodo25UMH-showInfo_0',traducciones_0,'verTodo25UMH-listado_0','verTodo25UMH-listado-27_0'); location.href = '#shortCode25UMH_0';\"><div><img src=\"https:\/\/audiovisuales.umh.es\/consulta-audiovisual\/file?token=P0ti%2BczgxjubIktRmzk%2B2KWOFuB0kq0%2BwvM3VjQXa3g%3D\" alt=\"El ginec&ograve;leg angl&eacute;s Sr. Robert Wayne Shaw, rep de mans del seu padr&iacute;, el catedr&agrave;tic de l'&agrave;rea d'Obstetr&iacute;cia i Ginecologia de la UMH, Pedro Aci&eacute;n &Aacute;lvarez, el llibre de la ci&egrave;ncia i la saviesa, com a part dels presents que se lliuren als nous Doctors Honoris Causa, durant el solemne acte d'obertura del curs acad&egrave;mic 2009-2010\" data-id=\"27\" \/><\/div><p>El ginec&ograve;leg angl&eacute;s Sr. Robert Wayne Shaw, rep de mans del seu padr&iacute;, el catedr&agrave;tic de l'&agrave;rea d'Obstetr&iacute;cia i Ginecologia de la UMH, Pedro Aci&eacute;n &Aacute;lvarez, el llibre de la ci&egrave;ncia i la saviesa, com a part dels presents que se lliuren als nous Doctors Honoris Causa, durant el solemne acte d'obertura del curs acad&egrave;mic 2009-2010<\/p><\/a><\/li><li id=\"verTodo25UMH-listado-28_0\"><a href=\"#shortCode25UMH_0\" data-id=\"28\" onclick=\"UMH25_showTargetExclusivo('verTodo25UMH-showInfo_0');UMH25_showInfo('_0',this,imagenesInfo_0,'verTodo25UMH-showInfo_0',traducciones_0,'verTodo25UMH-listado_0','verTodo25UMH-listado-28_0'); location.href = '#shortCode25UMH_0';\"><div><img src=\"https:\/\/audiovisuales.umh.es\/consulta-audiovisual\/file?token=d5JoQV2q8r%2BbIktRmzk%2B2KWOFuB0kq0%2BwvM3VjQXa3g%3D\" alt=\"El fundador de Grup Eulen, David &Aacute;lvarez D&iacute;ez, somrient sobre l'escenari de la sala d'actes de l'edifici Rectorat despr&eacute;s d'haver sigut investit com a Doctor Honoris Causa, rep els aplaudiments del p&uacute;blic durant el solemne acte de la seua investidura\" data-id=\"28\" \/><\/div><p>El fundador de Grup Eulen, David &Aacute;lvarez D&iacute;ez, somrient sobre l'escenari de la sala d'actes de l'edifici Rectorat despr&eacute;s d'haver sigut investit com a Doctor Honoris Causa, rep els aplaudiments del p&uacute;blic durant el solemne acte de la seua investidura<\/p><\/a><\/li><li id=\"verTodo25UMH-listado-29_0\"><a href=\"#shortCode25UMH_0\" data-id=\"29\" onclick=\"UMH25_showTargetExclusivo('verTodo25UMH-showInfo_0');UMH25_showInfo('_0',this,imagenesInfo_0,'verTodo25UMH-showInfo_0',traducciones_0,'verTodo25UMH-listado_0','verTodo25UMH-listado-29_0'); location.href = '#shortCode25UMH_0';\"><div><img src=\"https:\/\/audiovisuales.umh.es\/consulta-audiovisual\/file?token=luaD7GxhtwKbIktRmzk%2B2KWOFuB0kq0%2BwvM3VjQXa3g%3D\" alt=\"Els alumnes de Periodisme Miguel &Aacute;ngel Rives i Gemma Morcillo col&middot;loquen la beca i entreguen un ram de roses a la padrina de la seua promoci&oacute;, Rosa Mar&iacute;a Calaf, durant l'acte celebrat a l'aula magna de l'edifici Altabix\" data-id=\"29\" \/><\/div><p>Els alumnes de Periodisme Miguel &Aacute;ngel Rives i Gemma Morcillo col&middot;loquen la beca i entreguen un ram de roses a la padrina de la seua promoci&oacute;, Rosa Mar&iacute;a Calaf, durant l'acte celebrat a l'aula magna de l'edifici Altabix<\/p><\/a><\/li><li id=\"verTodo25UMH-listado-30_0\"><a href=\"#shortCode25UMH_0\" data-id=\"30\" onclick=\"UMH25_showTargetExclusivo('verTodo25UMH-showInfo_0');UMH25_showInfo('_0',this,imagenesInfo_0,'verTodo25UMH-showInfo_0',traducciones_0,'verTodo25UMH-listado_0','verTodo25UMH-listado-30_0'); location.href = '#shortCode25UMH_0';\"><div><img src=\"https:\/\/audiovisuales.umh.es\/consulta-audiovisual\/file?token=Dc2wyTN7OdqbIktRmzk%2B2KWOFuB0kq0%2BwvM3VjQXa3g%3D\" alt=\"El cantautor catal&agrave; Joan Manuel Serrat, acabat d'investir com a Doctor Honoris Causa, llig el seu discurs d'agra&iuml;ment davant l'atenta mirada dels integrants de la mesa presidencial de l'acte celebrat en la Sala d'actes de l'edifici Rectorat\" data-id=\"30\" \/><\/div><p>El cantautor catal&agrave; Joan Manuel Serrat, acabat d'investir com a Doctor Honoris Causa, llig el seu discurs d'agra&iuml;ment davant l'atenta mirada dels integrants de la mesa presidencial de l'acte celebrat en la Sala d'actes de l'edifici Rectorat<\/p><\/a><\/li><li id=\"verTodo25UMH-listado-31_0\"><a href=\"#shortCode25UMH_0\" data-id=\"31\" onclick=\"UMH25_showTargetExclusivo('verTodo25UMH-showInfo_0');UMH25_showInfo('_0',this,imagenesInfo_0,'verTodo25UMH-showInfo_0',traducciones_0,'verTodo25UMH-listado_0','verTodo25UMH-listado-31_0'); location.href = '#shortCode25UMH_0';\"><div><img src=\"https:\/\/audiovisuales.umh.es\/consulta-audiovisual\/file?token=AsxEILV7a%2FObIktRmzk%2B2KWOFuB0kq0%2BwvM3VjQXa3g%3D\" alt=\"L'economista Dr. C.A. Knox Lovell signant en el llibre d'honor de la UMH abans de l'acte d'obertura del curs acad&egrave;mic 2010-2011 en el qual ser&agrave; investit com a Doctor Honoris Causa\" data-id=\"31\" \/><\/div><p>L'economista Dr. C.A. Knox Lovell signant en el llibre d'honor de la UMH abans de l'acte d'obertura del curs acad&egrave;mic 2010-2011 en el qual ser&agrave; investit com a Doctor Honoris Causa<\/p><\/a><\/li><li id=\"verTodo25UMH-listado-32_0\"><a href=\"#shortCode25UMH_0\" data-id=\"32\" onclick=\"UMH25_showTargetExclusivo('verTodo25UMH-showInfo_0');UMH25_showInfo('_0',this,imagenesInfo_0,'verTodo25UMH-showInfo_0',traducciones_0,'verTodo25UMH-listado_0','verTodo25UMH-listado-32_0'); location.href = '#shortCode25UMH_0';\"><div><img src=\"https:\/\/audiovisuales.umh.es\/consulta-audiovisual\/file?token=9ytF6XltrN6bIktRmzk%2B2KWOFuB0kq0%2BwvM3VjQXa3g%3D\" alt=\"L'exministre de Transport i membre del Consell de Seguretat Nuclear, Luis G&aacute;mir Casares, pronuncia el seu discurs d'agra&iuml;ment despr&eacute;s d'haver sigut investit com a Doctor Honoris Causa per la UMH, durant el solemne acte de celebraci&oacute; de la festivitat de Sant Tom&agrave;s d'Aquino i la seua investidura com a Doctor Honoris Causa, desenvolupat a l'aula magna de l'edifici Altabix.\" data-id=\"32\" \/><\/div><p>L'exministre de Transport i membre del Consell de Seguretat Nuclear, Luis G&aacute;mir Casares, pronuncia el seu discurs d'agra&iuml;ment despr&eacute;s d'haver sigut investit com a Doctor Honoris Causa per la UMH, durant el solemne acte de celebraci&oacute; de la festivitat de Sant Tom&agrave;s d'Aquino i la seua investidura com a Doctor Honoris Causa, desenvolupat a l'aula magna de l'edifici Altabix.<\/p><\/a><\/li><li id=\"verTodo25UMH-listado-33_0\"><a href=\"#shortCode25UMH_0\" data-id=\"33\" onclick=\"UMH25_showTargetExclusivo('verTodo25UMH-showInfo_0');UMH25_showInfo('_0',this,imagenesInfo_0,'verTodo25UMH-showInfo_0',traducciones_0,'verTodo25UMH-listado_0','verTodo25UMH-listado-33_0'); location.href = '#shortCode25UMH_0';\"><div><img src=\"https:\/\/audiovisuales.umh.es\/consulta-audiovisual\/file?token=roKpWScKXBibIktRmzk%2B2KWOFuB0kq0%2BwvM3VjQXa3g%3D\" alt=\"La professora dra. Helga Kolb i el professor dr. Richard Normann posen despr&eacute;s d'haver sigut investits com a Doctors Honoris Causa per la UMH\" data-id=\"33\" \/><\/div><p>La professora dra. Helga Kolb i el professor dr. Richard Normann posen despr&eacute;s d'haver sigut investits com a Doctors Honoris Causa per la UMH<\/p><\/a><\/li><li id=\"verTodo25UMH-listado-34_0\"><a href=\"#shortCode25UMH_0\" data-id=\"34\" onclick=\"UMH25_showTargetExclusivo('verTodo25UMH-showInfo_0');UMH25_showInfo('_0',this,imagenesInfo_0,'verTodo25UMH-showInfo_0',traducciones_0,'verTodo25UMH-listado_0','verTodo25UMH-listado-34_0'); location.href = '#shortCode25UMH_0';\"><div><img src=\"https:\/\/audiovisuales.umh.es\/consulta-audiovisual\/file?token=SP0OA4CY2nWbIktRmzk%2B2KWOFuB0kq0%2BwvM3VjQXa3g%3D\" alt=\"El rector de la  UMH, Jes&uacute;s Tadeo Pastor, col&middot;loca el birret llorejat a la catedr&agrave;tica d'&Ograve;ptica de la Universitat Aut&ograve;noma de Barcelona, Mar&iacute;a Josefa Yzuel Gim&eacute;nez, en pres&egrave;ncia del seu padr&iacute;, el catedr&agrave;tic d'&Ograve;ptica de la  UMH, Ignacio Moreno Soriano, com a part de la seua investidura com a nova Doctora Honoris Causa per la  UMH, durant l'acte celebrat a la Sala d'actes de l'edifici Rectorat\" data-id=\"34\" \/><\/div><p>El rector de la  UMH, Jes&uacute;s Tadeo Pastor, col&middot;loca el birret llorejat a la catedr&agrave;tica d'&Ograve;ptica de la Universitat Aut&ograve;noma de Barcelona, Mar&iacute;a Josefa Yzuel Gim&eacute;nez, en pres&egrave;ncia del seu padr&iacute;, el catedr&agrave;tic d'&Ograve;ptica de la  UMH, Ignacio Moreno Soriano, com a part de la seua investidura com a nova Doctora Honoris Causa per la  UMH, durant l'acte celebrat a la Sala d'actes de l'edifici Rectorat<\/p><\/a><\/li><li id=\"verTodo25UMH-listado-35_0\"><a href=\"#shortCode25UMH_0\" data-id=\"35\" onclick=\"UMH25_showTargetExclusivo('verTodo25UMH-showInfo_0');UMH25_showInfo('_0',this,imagenesInfo_0,'verTodo25UMH-showInfo_0',traducciones_0,'verTodo25UMH-listado_0','verTodo25UMH-listado-35_0'); location.href = '#shortCode25UMH_0';\"><div><img src=\"https:\/\/audiovisuales.umh.es\/consulta-audiovisual\/file?token=XJN4%2FOho%2BAybIktRmzk%2B2KWOFuB0kq0%2BwvM3VjQXa3g%3D\" alt=\"L'enginyer estatunidenc Paul Mockapetris, al costat del seu int&egrave;rpret, atenent els mitjans de comunicaci&oacute; en els instants previs a l'inici del solemne acte de celebraci&oacute; de la festivitat de Sant Tom&agrave;s d'Aquino i investidura com a Doctor Honoris Causa del Sr. Paul Mockapetris\" data-id=\"35\" \/><\/div><p>L'enginyer estatunidenc Paul Mockapetris, al costat del seu int&egrave;rpret, atenent els mitjans de comunicaci&oacute; en els instants previs a l'inici del solemne acte de celebraci&oacute; de la festivitat de Sant Tom&agrave;s d'Aquino i investidura com a Doctor Honoris Causa del Sr. Paul Mockapetris<\/p><\/a><\/li><li id=\"verTodo25UMH-listado-36_0\"><a href=\"#shortCode25UMH_0\" data-id=\"36\" onclick=\"UMH25_showTargetExclusivo('verTodo25UMH-showInfo_0');UMH25_showInfo('_0',this,imagenesInfo_0,'verTodo25UMH-showInfo_0',traducciones_0,'verTodo25UMH-listado_0','verTodo25UMH-listado-36_0'); location.href = '#shortCode25UMH_0';\"><div><img src=\"https:\/\/audiovisuales.umh.es\/consulta-audiovisual\/file?token=jQJ1KM%2Bzl2ibIktRmzk%2B2KWOFuB0kq0%2BwvM3VjQXa3g%3D\" alt=\"Els Srs. Enrique Dacosta i Francisco Torreblanca, posen junts despr&eacute;s de ser investits Doctors Honoris Causa per la UMH\" data-id=\"36\" \/><\/div><p>Els Srs. Enrique Dacosta i Francisco Torreblanca, posen junts despr&eacute;s de ser investits Doctors Honoris Causa per la UMH<\/p><\/a><\/li><li id=\"verTodo25UMH-listado-37_0\"><a href=\"#shortCode25UMH_0\" data-id=\"37\" onclick=\"UMH25_showTargetExclusivo('verTodo25UMH-showInfo_0');UMH25_showInfo('_0',this,imagenesInfo_0,'verTodo25UMH-showInfo_0',traducciones_0,'verTodo25UMH-listado_0','verTodo25UMH-listado-37_0'); location.href = '#shortCode25UMH_0';\"><div><img src=\"https:\/\/audiovisuales.umh.es\/consulta-audiovisual\/file?token=Oe6H7xhZ1SCbIktRmzk%2B2KWOFuB0kq0%2BwvM3VjQXa3g%3D\" alt=\"El catedr&agrave;tic de la Universitat Polit&egrave;cnica de Madrid Francisco Garc&iacute;a Olmedo, pioner de la gen&egrave;tica molecular de les plantes a Espanya, investit com a Doctor Honoris Causa. 2014\" data-id=\"37\" \/><\/div><p>El catedr&agrave;tic de la Universitat Polit&egrave;cnica de Madrid Francisco Garc&iacute;a Olmedo, pioner de la gen&egrave;tica molecular de les plantes a Espanya, investit com a Doctor Honoris Causa. 2014<\/p><\/a><\/li><li id=\"verTodo25UMH-listado-38_0\"><a href=\"#shortCode25UMH_0\" data-id=\"38\" onclick=\"UMH25_showTargetExclusivo('verTodo25UMH-showInfo_0');UMH25_showInfo('_0',this,imagenesInfo_0,'verTodo25UMH-showInfo_0',traducciones_0,'verTodo25UMH-listado_0','verTodo25UMH-listado-38_0'); location.href = '#shortCode25UMH_0';\"><div><img src=\"https:\/\/audiovisuales.umh.es\/consulta-audiovisual\/file?token=CYJV5rWG4MmbIktRmzk%2B2KWOFuB0kq0%2BwvM3VjQXa3g%3D\" alt=\"El ja Doctor Honoris Causa per la UMH, D. Marcus Felson, llig el seu Lectio\" data-id=\"38\" \/><\/div><p>El ja Doctor Honoris Causa per la UMH, D. Marcus Felson, llig el seu Lectio<\/p><\/a><\/li><li id=\"verTodo25UMH-listado-39_0\"><a href=\"#shortCode25UMH_0\" data-id=\"39\" onclick=\"UMH25_showTargetExclusivo('verTodo25UMH-showInfo_0');UMH25_showInfo('_0',this,imagenesInfo_0,'verTodo25UMH-showInfo_0',traducciones_0,'verTodo25UMH-listado_0','verTodo25UMH-listado-39_0'); location.href = '#shortCode25UMH_0';\"><div><img src=\"https:\/\/audiovisuales.umh.es\/consulta-audiovisual\/file?token=bGpEWSEoUD6bIktRmzk%2B2KWOFuB0kq0%2BwvM3VjQXa3g%3D\" alt=\"Imatge de l'acabat d'investir com a Doctor Honoris Causa, Antonio Fraguas de Pablo &quot;Forges&quot;, fotografiant-se amb un dels components de l'Estudiantina de la UMH en el vest&iacute;bul de l'edifici Rectorat despr&eacute;s del solemne acte d'obertura del curs 2014-15 i investidura com a Doctor Honoris Causa d'Antonio Fraguas de Pablo &quot;Forges&quot;.\" data-id=\"39\" \/><\/div><p>Imatge de l'acabat d'investir com a Doctor Honoris Causa, Antonio Fraguas de Pablo &quot;Forges&quot;, fotografiant-se amb un dels components de l'Estudiantina de la UMH en el vest&iacute;bul de l'edifici Rectorat despr&eacute;s del solemne acte d'obertura del curs 2014-15 i investidura com a Doctor Honoris Causa d'Antonio Fraguas de Pablo &quot;Forges&quot;.<\/p><\/a><\/li><li id=\"verTodo25UMH-listado-40_0\"><a href=\"#shortCode25UMH_0\" data-id=\"40\" onclick=\"UMH25_showTargetExclusivo('verTodo25UMH-showInfo_0');UMH25_showInfo('_0',this,imagenesInfo_0,'verTodo25UMH-showInfo_0',traducciones_0,'verTodo25UMH-listado_0','verTodo25UMH-listado-40_0'); location.href = '#shortCode25UMH_0';\"><div><img src=\"https:\/\/audiovisuales.umh.es\/consulta-audiovisual\/file?token=BIFec7XJ7eabIktRmzk%2B2KWOFuB0kq0%2BwvM3VjQXa3g%3D\" alt=\"Sr. Gordon L. Amidon, Doctor Honoris Causa per la UMH\" data-id=\"40\" \/><\/div><p>Sr. Gordon L. Amidon, Doctor Honoris Causa per la UMH<\/p><\/a><\/li><li id=\"verTodo25UMH-listado-41_0\"><a href=\"#shortCode25UMH_0\" data-id=\"41\" onclick=\"UMH25_showTargetExclusivo('verTodo25UMH-showInfo_0');UMH25_showInfo('_0',this,imagenesInfo_0,'verTodo25UMH-showInfo_0',traducciones_0,'verTodo25UMH-listado_0','verTodo25UMH-listado-41_0'); location.href = '#shortCode25UMH_0';\"><div><img src=\"https:\/\/audiovisuales.umh.es\/consulta-audiovisual\/file?token=d7MKOdQtdW%2BbIktRmzk%2B2KWOFuB0kq0%2BwvM3VjQXa3g%3D\" alt=\"El catedr&agrave;tic del Departament de Qu&iacute;mica Org&agrave;nica de la Universitat Aut&ograve;noma de Madrid i cient&iacute;fic s&egrave;nior associat d'Institut IMDEA-Nanoci&egrave;ncia Tom&aacute;s Torres Cebada investit com a Doctor Honoris Causa per la UMH\" data-id=\"41\" \/><\/div><p>El catedr&agrave;tic del Departament de Qu&iacute;mica Org&agrave;nica de la Universitat Aut&ograve;noma de Madrid i cient&iacute;fic s&egrave;nior associat d'Institut IMDEA-Nanoci&egrave;ncia Tom&aacute;s Torres Cebada investit com a Doctor Honoris Causa per la UMH<\/p><\/a><\/li><li id=\"verTodo25UMH-listado-42_0\"><a href=\"#shortCode25UMH_0\" data-id=\"42\" onclick=\"UMH25_showTargetExclusivo('verTodo25UMH-showInfo_0');UMH25_showInfo('_0',this,imagenesInfo_0,'verTodo25UMH-showInfo_0',traducciones_0,'verTodo25UMH-listado_0','verTodo25UMH-listado-42_0'); location.href = '#shortCode25UMH_0';\"><div><img src=\"https:\/\/audiovisuales.umh.es\/consulta-audiovisual\/file?token=h62N4Tk9Q1ybIktRmzk%2B2KWOFuB0kq0%2BwvM3VjQXa3g%3D\" alt=\"L'acabat d'investir com a Doctor Honoris Causa, Sr. Francisco Ivorra Miralles, pronuncia el seu discurs\" data-id=\"42\" \/><\/div><p>L'acabat d'investir com a Doctor Honoris Causa, Sr. Francisco Ivorra Miralles, pronuncia el seu discurs<\/p><\/a><\/li><li id=\"verTodo25UMH-listado-43_0\"><a href=\"#shortCode25UMH_0\" data-id=\"43\" onclick=\"UMH25_showTargetExclusivo('verTodo25UMH-showInfo_0');UMH25_showInfo('_0',this,imagenesInfo_0,'verTodo25UMH-showInfo_0',traducciones_0,'verTodo25UMH-listado_0','verTodo25UMH-listado-43_0'); location.href = '#shortCode25UMH_0';\"><div><img src=\"https:\/\/audiovisuales.umh.es\/consulta-audiovisual\/file?token=jxJ%2BZe8p7gmbIktRmzk%2B2KWOFuB0kq0%2BwvM3VjQXa3g%3D\" alt=\"D. Jaume Bech Borr&agrave;s, moments abans de l'acte de la seua investidura com a Doctor Honoris Causa\" data-id=\"43\" \/><\/div><p>D. Jaume Bech Borr&agrave;s, moments abans de l'acte de la seua investidura com a Doctor Honoris Causa<\/p><\/a><\/li><li id=\"verTodo25UMH-listado-44_0\"><a href=\"#shortCode25UMH_0\" data-id=\"44\" onclick=\"UMH25_showTargetExclusivo('verTodo25UMH-showInfo_0');UMH25_showInfo('_0',this,imagenesInfo_0,'verTodo25UMH-showInfo_0',traducciones_0,'verTodo25UMH-listado_0','verTodo25UMH-listado-44_0'); location.href = '#shortCode25UMH_0';\"><div><img src=\"https:\/\/audiovisuales.umh.es\/consulta-audiovisual\/file?token=RhyG0pQZvjibIktRmzk%2B2KWOFuB0kq0%2BwvM3VjQXa3g%3D\" alt=\"Teresa Perales Fern&aacute;ndez rep l'anell de mans del seu padr&iacute;, Ra&uacute;l  Reina  Vaillo\" data-id=\"44\" \/><\/div><p>Teresa Perales Fern&aacute;ndez rep l'anell de mans del seu padr&iacute;, Ra&uacute;l  Reina  Vaillo<\/p><\/a><\/li><li id=\"verTodo25UMH-listado-45_0\"><a href=\"#shortCode25UMH_0\" data-id=\"45\" onclick=\"UMH25_showTargetExclusivo('verTodo25UMH-showInfo_0');UMH25_showInfo('_0',this,imagenesInfo_0,'verTodo25UMH-showInfo_0',traducciones_0,'verTodo25UMH-listado_0','verTodo25UMH-listado-45_0'); location.href = '#shortCode25UMH_0';\"><div><img src=\"https:\/\/audiovisuales.umh.es\/consulta-audiovisual\/file?token=3YlXKz6K8tCbIktRmzk%2B2KWOFuB0kq0%2BwvM3VjQXa3g%3D\" alt=\"Investidura com a Doctor Honoris Causa del del catedr&agrave;tic de Psicologia Social i de les Organitzacions de la Universitat de Val&egrave;ncia Jos&eacute; Mar&iacute;a Peir&oacute; Silla\" data-id=\"45\" \/><\/div><p>Investidura com a Doctor Honoris Causa del del catedr&agrave;tic de Psicologia Social i de les Organitzacions de la Universitat de Val&egrave;ncia Jos&eacute; Mar&iacute;a Peir&oacute; Silla<\/p><\/a><\/li><li id=\"verTodo25UMH-listado-46_0\"><a href=\"#shortCode25UMH_0\" data-id=\"46\" onclick=\"UMH25_showTargetExclusivo('verTodo25UMH-showInfo_0');UMH25_showInfo('_0',this,imagenesInfo_0,'verTodo25UMH-showInfo_0',traducciones_0,'verTodo25UMH-listado_0','verTodo25UMH-listado-46_0'); location.href = '#shortCode25UMH_0';\"><div><img src=\"https:\/\/audiovisuales.umh.es\/consulta-audiovisual\/file?token=pVZPsTeYzj6bIktRmzk%2B2KWOFuB0kq0%2BwvM3VjQXa3g%3D\" alt=\"Proc&eacute;s de lliurament dels atributs de doctor al fill del pilot de motociclisme &Aacute;ngel Nieto &quot;Gelete&quot;\" data-id=\"46\" \/><\/div><p>Proc&eacute;s de lliurament dels atributs de doctor al fill del pilot de motociclisme &Aacute;ngel Nieto &quot;Gelete&quot;<\/p><\/a><\/li><li id=\"verTodo25UMH-listado-47_0\"><a href=\"#shortCode25UMH_0\" data-id=\"47\" onclick=\"UMH25_showTargetExclusivo('verTodo25UMH-showInfo_0');UMH25_showInfo('_0',this,imagenesInfo_0,'verTodo25UMH-showInfo_0',traducciones_0,'verTodo25UMH-listado_0','verTodo25UMH-listado-47_0'); location.href = '#shortCode25UMH_0';\"><div><img src=\"https:\/\/audiovisuales.umh.es\/consulta-audiovisual\/file?token=5GjkKwppo1KbIktRmzk%2B2KWOFuB0kq0%2BwvM3VjQXa3g%3D\" alt=\"La icona del rock hisp&agrave; Miguel R&iacute;os Campa&ntilde;a posa amb un dels seus gestos caracter&iacute;stics, abans de ser investit com a Doctor Honoris Causa per la UMH\" data-id=\"47\" \/><\/div><p>La icona del rock hisp&agrave; Miguel R&iacute;os Campa&ntilde;a posa amb un dels seus gestos caracter&iacute;stics, abans de ser investit com a Doctor Honoris Causa per la UMH<\/p><\/a><\/li><li id=\"verTodo25UMH-listado-48_0\"><a href=\"#shortCode25UMH_0\" data-id=\"48\" onclick=\"UMH25_showTargetExclusivo('verTodo25UMH-showInfo_0');UMH25_showInfo('_0',this,imagenesInfo_0,'verTodo25UMH-showInfo_0',traducciones_0,'verTodo25UMH-listado_0','verTodo25UMH-listado-48_0'); location.href = '#shortCode25UMH_0';\"><div><img src=\"https:\/\/audiovisuales.umh.es\/consulta-audiovisual\/file?token=EjtCE93SdLGbIktRmzk%2B2KWOFuB0kq0%2BwvM3VjQXa3g%3D\" alt=\"El poeta i escriptor nord-americ&agrave; d'origen xicano Tino Villanueva, en el seu acte d'investidura com a Doctor Honoris Causa per la UMH\" data-id=\"48\" \/><\/div><p>El poeta i escriptor nord-americ&agrave; d'origen xicano Tino Villanueva, en el seu acte d'investidura com a Doctor Honoris Causa per la UMH<\/p><\/a><\/li><li id=\"verTodo25UMH-listado-49_0\"><a href=\"#shortCode25UMH_0\" data-id=\"49\" onclick=\"UMH25_showTargetExclusivo('verTodo25UMH-showInfo_0');UMH25_showInfo('_0',this,imagenesInfo_0,'verTodo25UMH-showInfo_0',traducciones_0,'verTodo25UMH-listado_0','verTodo25UMH-listado-49_0'); location.href = '#shortCode25UMH_0';\"><div><img src=\"https:\/\/audiovisuales.umh.es\/consulta-audiovisual\/file?token=iUvcRJyOioCbIktRmzk%2B2KWOFuB0kq0%2BwvM3VjQXa3g%3D\" alt=\"L'enginyera Nuria Oliver posa durant el seu acte d'investidura com a Doctor Honoris Causa per la UMH\" data-id=\"49\" \/><\/div><p>L'enginyera Nuria Oliver posa durant el seu acte d'investidura com a Doctor Honoris Causa per la UMH<\/p><\/a><\/li><li id=\"verTodo25UMH-listado-50_0\"><a href=\"#shortCode25UMH_0\" data-id=\"50\" onclick=\"UMH25_showTargetExclusivo('verTodo25UMH-showInfo_0');UMH25_showInfo('_0',this,imagenesInfo_0,'verTodo25UMH-showInfo_0',traducciones_0,'verTodo25UMH-listado_0','verTodo25UMH-listado-50_0'); location.href = '#shortCode25UMH_0';\"><div><img src=\"https:\/\/audiovisuales.umh.es\/consulta-audiovisual\/file?token=f9ouCnc0j7qbIktRmzk%2B2KWOFuB0kq0%2BwvM3VjQXa3g%3D\" alt=\"Investidura Doctor Honoris Causa de C. Antonio Garc&iacute;a Garc&iacute;a\" data-id=\"50\" \/><\/div><p>Investidura Doctor Honoris Causa de C. Antonio Garc&iacute;a Garc&iacute;a<\/p><\/a><\/li><li id=\"verTodo25UMH-listado-51_0\"><a href=\"#shortCode25UMH_0\" data-id=\"51\" onclick=\"UMH25_showTargetExclusivo('verTodo25UMH-showInfo_0');UMH25_showInfo('_0',this,imagenesInfo_0,'verTodo25UMH-showInfo_0',traducciones_0,'verTodo25UMH-listado_0','verTodo25UMH-listado-51_0'); location.href = '#shortCode25UMH_0';\"><div><img src=\"https:\/\/audiovisuales.umh.es\/consulta-audiovisual\/file?token=gdJCR%2BS3Lb6bIktRmzk%2B2KWOFuB0kq0%2BwvM3VjQXa3g%3D\" alt=\"Discurs del Doctor Honoris Causa, Sr. Ram&oacute;n  Lobo  Leyder\" data-id=\"51\" \/><\/div><p>Discurs del Doctor Honoris Causa, Sr. Ram&oacute;n  Lobo  Leyder<\/p><\/a><\/li><li id=\"verTodo25UMH-listado-52_0\"><a href=\"#shortCode25UMH_0\" data-id=\"52\" onclick=\"UMH25_showTargetExclusivo('verTodo25UMH-showInfo_0');UMH25_showInfo('_0',this,imagenesInfo_0,'verTodo25UMH-showInfo_0',traducciones_0,'verTodo25UMH-listado_0','verTodo25UMH-listado-52_0'); location.href = '#shortCode25UMH_0';\"><div><img src=\"https:\/\/audiovisuales.umh.es\/consulta-audiovisual\/file?token=pqBBNvgJlGWbIktRmzk%2B2KWOFuB0kq0%2BwvM3VjQXa3g%3D\" alt=\"La psic&ograve;loga Marie Johnston, nova Doctora Honoris Causa per la UMH\" data-id=\"52\" \/><\/div><p>La psic&ograve;loga Marie Johnston, nova Doctora Honoris Causa per la UMH<\/p><\/a><\/li><\/ul>\n\t\t\t\t<script type=\"text\/javascript\">UMH25_pagina('#verTodo25UMH-listado_0 > ul', 0, 10, jQuery('#botonPaginado25UMH_0_0'))<\/script>\n\t\t\t<\/div>\n\t\t\t<div id=\"verTodo25UMH-showInfo_0\" class=\"verTodo25UMH-showInfo showInfoUMH25\"><\/div>\n\t\t<\/div>\n\t<\/div>\n<\/div><\/span>[\/et_pb_text][\/et_pb_column][et_pb_column type=&#8221;1_2&#8243; _builder_version=&#8221;4.16&#8243; global_colors_info=&#8221;{}&#8221;][et_pb_text disabled_on=&#8221;on|on|off&#8221; _builder_version=&#8221;4.16&#8243; text_font=&#8221;Bebas Neue||||||||&#8221; text_font_size=&#8221;77px&#8221; text_line_height=&#8221;1.2em&#8221; custom_margin=&#8221;154px||||false|false&#8221; box_shadow_style=&#8221;preset4&#8243; box_shadow_horizontal=&#8221;380px&#8221; box_shadow_vertical=&#8221;0px&#8221; box_shadow_color=&#8221;#f0981e &#8221; global_colors_info=&#8221;{}&#8221;]<\/p>\n<p style=\"text-align: right\"><span style=\"color: #f0981e\">Documentaci\u00f3<\/span><br \/>\n<span style=\"color: #333333\">Audiovisual<\/span><\/p>\n<p>[\/et_pb_text][\/et_pb_column][\/et_pb_row][et_pb_row _builder_version=&#8221;4.16&#8243; locked=&#8221;off&#8221; global_colors_info=&#8221;{}&#8221;][et_pb_column type=&#8221;4_4&#8243; _builder_version=&#8221;4.16&#8243; global_colors_info=&#8221;{}&#8221;][et_pb_text disabled_on=&#8221;off|off|on&#8221; _builder_version=&#8221;4.16&#8243; text_font=&#8221;Bebas Neue||||||||&#8221; text_font_size=&#8221;40px&#8221; text_line_height=&#8221;1.2em&#8221; custom_margin=&#8221;||||false|false&#8221; global_colors_info=&#8221;{}&#8221;]<\/p>\n<p style=\"text-align: center\"><span style=\"color: #f0981e\">Documentaci\u00f3<\/span><br \/>\n<span style=\"color: #333333\">Administrativa<\/span><\/p>\n<p>[\/et_pb_text][\/et_pb_column][\/et_pb_row][et_pb_row column_structure=&#8221;1_2,1_2&#8243; use_custom_gutter=&#8221;on&#8221; gutter_width=&#8221;1&#8243; make_equal=&#8221;on&#8221; _builder_version=&#8221;4.16&#8243; max_width=&#8221;1269px&#8221; custom_padding=&#8221;38px|||||&#8221; locked=&#8221;off&#8221; global_colors_info=&#8221;{}&#8221;][et_pb_column type=&#8221;1_2&#8243; _builder_version=&#8221;4.16&#8243; global_colors_info=&#8221;{}&#8221;][et_pb_text disabled_on=&#8221;on|on|off&#8221; _builder_version=&#8221;4.16&#8243; text_font=&#8221;Bebas Neue||||||||&#8221; text_font_size=&#8221;77px&#8221; text_line_height=&#8221;1.2em&#8221; custom_margin=&#8221;154px|-145px||||&#8221; box_shadow_style=&#8221;preset4&#8243; box_shadow_horizontal=&#8221;-321px&#8221; box_shadow_vertical=&#8221;0px&#8221; box_shadow_color=&#8221;#f0981e &#8221; global_colors_info=&#8221;{}&#8221;]<span style=\"color: #f0981e\">Documentaci\u00f3<\/span><br \/>\n<span style=\"color: #333333\">Administrativa<\/span>[\/et_pb_text][\/et_pb_column][et_pb_column type=&#8221;1_2&#8243; _builder_version=&#8221;4.16&#8243; global_colors_info=&#8221;{}&#8221;][et_pb_text disabled_on=&#8221;off|off|off&#8221; _builder_version=&#8221;4.17.4&#8243; text_text_color=&#8221;#ffffff&#8221; text_font_size=&#8221;16px&#8221; custom_margin=&#8221;||||false|true&#8221; custom_margin_tablet=&#8221;|100px||100px|false|true&#8221; custom_margin_phone=&#8221;|50px||50px|false|true&#8221; custom_margin_last_edited=&#8221;on|phone&#8221; hover_enabled=&#8221;0&#8243; global_colors_info=&#8221;{}&#8221; sticky_enabled=&#8221;0&#8243;]<span><div id=\"shortCode25UMH_1\" class=\"shortCode25UMH\">\n\t<script type=\"text\/javascript\">  \n\t\timagenesInfo_1 = [{\"ID\":0,\"TITULO\":\"Comunicaci&oacute;n manuscrita del rector a Alfonso Esc&aacute;mez L&oacute;pez donde se le indica que ha sido nombrado Doctor Honoris Causa. 1997\",\"COMENTARIOS\":\"Resoluci&oacute; rectoral per la qual es nomena a Juan Cartula Such deg&agrave; de la Facultat de Medicina. 2004\",\"FECHA\":\"26\\\/04\\\/22\",\"SERIE\":\"FAV.C105 EXPOSICIONES\",\"CARPETA\":\"Exposici&oacute;n 25 A&ntilde;os UMH Sociedad DHC-Documentaci&oacute;n administrativa\",\"URL\":\"https:\\\/\\\/audiovisuales.umh.es\\\/consulta-audiovisual\\\/file?token=21BVyNQmz0ubIktRmzk%2B2OK6pkYKCeQq7ZzkqNi9QNo%3D\"},{\"ID\":1,\"TITULO\":\"Acuerdo adoptado por la Comisi&oacute;n Gestora donde se aprueba la propuesta de nombramiento como Doctor Honoris Causa de Manfred Eigen. 1997\",\"COMENTARIOS\":\"Acord adoptat per la Comissi&oacute; Gestora on s'aprova la proposta de nomenament com a Doctor Honoris Causa de Manfred Eigen. 1997\",\"FECHA\":\"26\\\/04\\\/22\",\"SERIE\":\"FAV.C105 EXPOSICIONES\",\"CARPETA\":\"Exposici&oacute;n 25 A&ntilde;os UMH Sociedad DHC-Documentaci&oacute;n administrativa\",\"URL\":\"https:\\\/\\\/audiovisuales.umh.es\\\/consulta-audiovisual\\\/file?token=QMwNhtOqDd%2BbIktRmzk%2B2OK6pkYKCeQq7ZzkqNi9QNo%3D\"},{\"ID\":2,\"TITULO\":\"Resoluci&oacute;n Rectoral por la que se nombra a Joan Manuel Serrat i Teresa Doctor Honoris Causa de la Universidad Miguel Hern&aacute;ndez de Elche. 2010\",\"COMENTARIOS\":\"Resoluci&oacute; rectoral per la qual es nomena &Aacute;ngeles Mas Fenoll delegada General d'Estudiants. 2013\",\"FECHA\":\"26\\\/04\\\/22\",\"SERIE\":\"FAV.C105 EXPOSICIONES\",\"CARPETA\":\"Exposici&oacute;n 25 A&ntilde;os UMH Sociedad DHC-Documentaci&oacute;n administrativa\",\"URL\":\"https:\\\/\\\/audiovisuales.umh.es\\\/consulta-audiovisual\\\/file?token=eamm4UhMQHSbIktRmzk%2B2OK6pkYKCeQq7ZzkqNi9QNo%3D\"},{\"ID\":3,\"TITULO\":\"Portada del Programa del acto de investidura como Doctoris Honoris Causa de Pedro Amat, Pedro Ruiz y Araceli Maci&aacute;. 2004\",\"COMENTARIOS\":\"Portada del programa de l'acte d'investidura com Doctoris Honoris causa de Pedro Amat, Pedro Ruiz i Araceli Maci&aacute;. 2004\",\"FECHA\":\"26\\\/04\\\/22\",\"SERIE\":\"FAV.C105 EXPOSICIONES\",\"CARPETA\":\"Exposici&oacute;n 25 A&ntilde;os UMH Sociedad DHC-Documentaci&oacute;n administrativa\",\"URL\":\"https:\\\/\\\/audiovisuales.umh.es\\\/consulta-audiovisual\\\/file?token=O3oCXekDHCabIktRmzk%2B2OK6pkYKCeQq7ZzkqNi9QNo%3D\"},{\"ID\":4,\"TITULO\":\"Extracto del Discurso del rector Jes&uacute;s Tadeo Pastor con motivo de la festividad de Santo Tom&aacute;s de Aquino y la investidura como Doctora Honoris Causa de Josefa Izuel Gim&eacute;nez. 2012\",\"COMENTARIOS\":\"Extracte del discurs del rector Jes&uacute;s Tadeo Pastor amb motiu de la festivitat de Sant Tom&agrave;s d'Aquino i la investidura com a Doctora Honoris Causa de Josefa Izuel Gim&eacute;nez. 2012\",\"FECHA\":\"26\\\/04\\\/22\",\"SERIE\":\"FAV.C105 EXPOSICIONES\",\"CARPETA\":\"Exposici&oacute;n 25 A&ntilde;os UMH Sociedad DHC-Documentaci&oacute;n administrativa\",\"URL\":\"https:\\\/\\\/audiovisuales.umh.es\\\/consulta-audiovisual\\\/file?token=hD12WjxX3cmbIktRmzk%2B2OK6pkYKCeQq7ZzkqNi9QNo%3D\"},{\"ID\":5,\"TITULO\":\"Invitaci&oacute;n a la Festividad de Santo Tom&aacute;s de Aquino y la investidura como Doctora Honoris Causa de Teresa Perales Fern&aacute;ndez. 2017\",\"COMENTARIOS\":\"Invitaci&oacute; a la festivitat de Sant Tom&agrave;s d'Aquino i la investidura com a Doctora Honoris Causa de Teresa Perales Fern&aacute;ndez. 2017\",\"FECHA\":\"26\\\/04\\\/22\",\"SERIE\":\"FAV.C105 EXPOSICIONES\",\"CARPETA\":\"Exposici&oacute;n 25 A&ntilde;os UMH Sociedad DHC-Documentaci&oacute;n administrativa\",\"URL\":\"https:\\\/\\\/audiovisuales.umh.es\\\/consulta-audiovisual\\\/file?token=txpOVVB7udibIktRmzk%2B2OK6pkYKCeQq7ZzkqNi9QNo%3D\"},{\"ID\":6,\"TITULO\":\"Programa del acto de investidura como Doctor Honoris Causa de Ram&oacute;n Lobo Leyder. 2020\",\"COMENTARIOS\":\"Programa de l'acte d'investidura com a Doctor Honoris Causa de Ram&oacute;n Lobo Leyder. 2020\",\"FECHA\":\"26\\\/04\\\/22\",\"SERIE\":\"FAV.C105 EXPOSICIONES\",\"CARPETA\":\"Exposici&oacute;n 25 A&ntilde;os UMH Sociedad DHC-Documentaci&oacute;n administrativa\",\"URL\":\"https:\\\/\\\/audiovisuales.umh.es\\\/consulta-audiovisual\\\/file?token=IIafFU1Zs22bIktRmzk%2B2OK6pkYKCeQq7ZzkqNi9QNo%3D\"},{\"ID\":7,\"TITULO\":\"Extracto de la Laudatio del Doctor Federico Botella para el acto de investidura de Nuria Oliver Ramirez como Doctora Honoris Causa. 2018\",\"COMENTARIOS\":\"Extracte de la laudatio del Doctor Federico Botella per a l'acte d'investidura de Nuria Oliver Ramirez com a Doctora Honoris Causa. 2018\",\"FECHA\":\"26\\\/04\\\/22\",\"SERIE\":\"FAV.C105 EXPOSICIONES\",\"CARPETA\":\"Exposici&oacute;n 25 A&ntilde;os UMH Sociedad DHC-Documentaci&oacute;n administrativa\",\"URL\":\"https:\\\/\\\/audiovisuales.umh.es\\\/consulta-audiovisual\\\/file?token=uuNUgoxwLeCbIktRmzk%2B2OK6pkYKCeQq7ZzkqNi9QNo%3D\"},{\"ID\":8,\"TITULO\":\"CEREMONIAL-CON-MEDALLA-DE-ORO_DHC-RAM&Oacute;N LOBO_P&aacute;gina_1\",\"COMENTARIOS\":\"Cerimonial amb medalla d'or de la investidura com a Doctor Honoris Causa per la UMH a Ram&oacute;n Lobo, p. 1\",\"FECHA\":\"26\\\/04\\\/22\",\"SERIE\":\"FAV.C105 EXPOSICIONES\",\"CARPETA\":\"Exposici&oacute;n 25 A&ntilde;os UMH Sociedad DHC-Documentaci&oacute;n administrativa\",\"URL\":\"https:\\\/\\\/audiovisuales.umh.es\\\/consulta-audiovisual\\\/file?token=rKEIQQ94wgmbIktRmzk%2B2OK6pkYKCeQq7ZzkqNi9QNo%3D\"},{\"ID\":9,\"TITULO\":\"CEREMONIAL-CON-MEDALLA-DE-ORO_DHC-RAM&Oacute;N LOBO_P&aacute;gina_2\",\"COMENTARIOS\":\"Cerimonial amb medalla d'or de la investidura com a Doctor Honoris Causa per la UMH a Ram&oacute;n Lobo, p. 2\",\"FECHA\":\"26\\\/04\\\/22\",\"SERIE\":\"FAV.C105 EXPOSICIONES\",\"CARPETA\":\"Exposici&oacute;n 25 A&ntilde;os UMH Sociedad DHC-Documentaci&oacute;n administrativa\",\"URL\":\"https:\\\/\\\/audiovisuales.umh.es\\\/consulta-audiovisual\\\/file?token=QPLGP4M8ioubIktRmzk%2B2OK6pkYKCeQq7ZzkqNi9QNo%3D\"},{\"ID\":10,\"TITULO\":\"CEREMONIAL-CON-MEDALLA-DE-ORO_DHC-RAM&Oacute;N LOBO_P&aacute;gina_3\",\"COMENTARIOS\":\"Cerimonial amb medalla d'or de la investidura com a Doctor Honoris Causa per la UMH a Ram&oacute;n Lobo, p. 3\",\"FECHA\":\"26\\\/04\\\/22\",\"SERIE\":\"FAV.C105 EXPOSICIONES\",\"CARPETA\":\"Exposici&oacute;n 25 A&ntilde;os UMH Sociedad DHC-Documentaci&oacute;n administrativa\",\"URL\":\"https:\\\/\\\/audiovisuales.umh.es\\\/consulta-audiovisual\\\/file?token=TN6BMs3ZEz%2BbIktRmzk%2B2OK6pkYKCeQq7ZzkqNi9QNo%3D\"},{\"ID\":11,\"TITULO\":\"CEREMONIAL-CON-MEDALLA-DE-ORO_DHC-RAM&Oacute;N LOBO_P&aacute;gina_4\",\"COMENTARIOS\":\"Cerimonial amb medalla d'or de la investidura com a Doctor Honoris Causa per la UMH a Ram&oacute;n Lobo, p. 4\",\"FECHA\":\"26\\\/04\\\/22\",\"SERIE\":\"FAV.C105 EXPOSICIONES\",\"CARPETA\":\"Exposici&oacute;n 25 A&ntilde;os UMH Sociedad DHC-Documentaci&oacute;n administrativa\",\"URL\":\"https:\\\/\\\/audiovisuales.umh.es\\\/consulta-audiovisual\\\/file?token=mxB0a72%2BH4CbIktRmzk%2B2OK6pkYKCeQq7ZzkqNi9QNo%3D\"},{\"ID\":12,\"TITULO\":\"CEREMONIAL-CON-MEDALLA-DE-ORO_DHC-RAM&Oacute;N LOBO_P&aacute;gina_5\",\"COMENTARIOS\":\"Cerimonial amb medalla d'or de la investidura com a Doctor Honoris Causa per la UMH a Ram&oacute;n Lobo, p. 5\",\"FECHA\":\"26\\\/04\\\/22\",\"SERIE\":\"FAV.C105 EXPOSICIONES\",\"CARPETA\":\"Exposici&oacute;n 25 A&ntilde;os UMH Sociedad DHC-Documentaci&oacute;n administrativa\",\"URL\":\"https:\\\/\\\/audiovisuales.umh.es\\\/consulta-audiovisual\\\/file?token=n0kqY%2B6daGubIktRmzk%2B2OK6pkYKCeQq7ZzkqNi9QNo%3D\"},{\"ID\":13,\"TITULO\":\"CEREMONIAL-CON-MEDALLA-DE-ORO_DHC-RAM&Oacute;N LOBO_P&aacute;gina_6\",\"COMENTARIOS\":\"Cerimonial amb medalla d'or de la investidura com a Doctor Honoris Causa per la UMH a Ram&oacute;n Lobo, p. 6\",\"FECHA\":\"26\\\/04\\\/22\",\"SERIE\":\"FAV.C105 EXPOSICIONES\",\"CARPETA\":\"Exposici&oacute;n 25 A&ntilde;os UMH Sociedad DHC-Documentaci&oacute;n administrativa\",\"URL\":\"https:\\\/\\\/audiovisuales.umh.es\\\/consulta-audiovisual\\\/file?token=bUAmWdd2yuObIktRmzk%2B2OK6pkYKCeQq7ZzkqNi9QNo%3D\"},{\"ID\":14,\"TITULO\":\"CEREMONIAL-CON-MEDALLA-DE-ORO_DHC-RAM&Oacute;N LOBO_P&aacute;gina_7\",\"COMENTARIOS\":\"Cerimonial amb medalla d'or de la investidura com a Doctor Honoris Causa per la UMH a Ram&oacute;n Lobo, p. 7\",\"FECHA\":\"26\\\/04\\\/22\",\"SERIE\":\"FAV.C105 EXPOSICIONES\",\"CARPETA\":\"Exposici&oacute;n 25 A&ntilde;os UMH Sociedad DHC-Documentaci&oacute;n administrativa\",\"URL\":\"https:\\\/\\\/audiovisuales.umh.es\\\/consulta-audiovisual\\\/file?token=vQ4Z0iTYCJKbIktRmzk%2B2OK6pkYKCeQq7ZzkqNi9QNo%3D\"},{\"ID\":15,\"TITULO\":\"DISCURSO-RECTOR-DHC-Paul Mockapetris_2013_P&aacute;gina_1\",\"COMENTARIOS\":\"Discurs del rector en la investidura com a Doctor Honoris Causa de l'enginyer estatunidenc Paul Mockapetris, p. 1\",\"FECHA\":\"26\\\/04\\\/22\",\"SERIE\":\"FAV.C105 EXPOSICIONES\",\"CARPETA\":\"Exposici&oacute;n 25 A&ntilde;os UMH Sociedad DHC-Documentaci&oacute;n administrativa\",\"URL\":\"https:\\\/\\\/audiovisuales.umh.es\\\/consulta-audiovisual\\\/file?token=0JcYi7wZvwubIktRmzk%2B2OK6pkYKCeQq7ZzkqNi9QNo%3D\"},{\"ID\":16,\"TITULO\":\"DISCURSO-RECTOR-DHC-Paul Mockapetris_2013_P&aacute;gina_2\",\"COMENTARIOS\":\"Discurs del rector en la investidura com a Doctor Honoris Causa de l'enginyer estatunidenc Paul Mockapetris, p. 2\",\"FECHA\":\"26\\\/04\\\/22\",\"SERIE\":\"FAV.C105 EXPOSICIONES\",\"CARPETA\":\"Exposici&oacute;n 25 A&ntilde;os UMH Sociedad DHC-Documentaci&oacute;n administrativa\",\"URL\":\"https:\\\/\\\/audiovisuales.umh.es\\\/consulta-audiovisual\\\/file?token=WlHRL0%2FpQwqbIktRmzk%2B2OK6pkYKCeQq7ZzkqNi9QNo%3D\"},{\"ID\":17,\"TITULO\":\"DISCURSO-RECTOR-DHC-Paul Mockapetris_2013_P&aacute;gina_3\",\"COMENTARIOS\":\"Discurs del rector en la investidura com a Doctor Honoris Causa de l'enginyer estatunidenc Paul Mockapetris, p. 3\",\"FECHA\":\"26\\\/04\\\/22\",\"SERIE\":\"FAV.C105 EXPOSICIONES\",\"CARPETA\":\"Exposici&oacute;n 25 A&ntilde;os UMH Sociedad DHC-Documentaci&oacute;n administrativa\",\"URL\":\"https:\\\/\\\/audiovisuales.umh.es\\\/consulta-audiovisual\\\/file?token=t87Do3fcsAmbIktRmzk%2B2OK6pkYKCeQq7ZzkqNi9QNo%3D\"},{\"ID\":18,\"TITULO\":\"Discurso-de-D.-Tino-Villanueva_DHC_2018_P&aacute;gina_01\",\"COMENTARIOS\":\"Discurs del poeta Tino Villanueva en la seua investidura com a Doctor Honoris Causa per la UMH, p. 1\",\"FECHA\":\"26\\\/04\\\/22\",\"SERIE\":\"FAV.C105 EXPOSICIONES\",\"CARPETA\":\"Exposici&oacute;n 25 A&ntilde;os UMH Sociedad DHC-Documentaci&oacute;n administrativa\",\"URL\":\"https:\\\/\\\/audiovisuales.umh.es\\\/consulta-audiovisual\\\/file?token=rLaVMr8xkHWbIktRmzk%2B2OK6pkYKCeQq7ZzkqNi9QNo%3D\"},{\"ID\":19,\"TITULO\":\"Discurso-de-D.-Tino-Villanueva_DHC_2018_P&aacute;gina_02\",\"COMENTARIOS\":\"Discurs del poeta Tino Villanueva en la seua investidura com a Doctor Honoris Causa per la UMH, p. 2\",\"FECHA\":\"26\\\/04\\\/22\",\"SERIE\":\"FAV.C105 EXPOSICIONES\",\"CARPETA\":\"Exposici&oacute;n 25 A&ntilde;os UMH Sociedad DHC-Documentaci&oacute;n administrativa\",\"URL\":\"https:\\\/\\\/audiovisuales.umh.es\\\/consulta-audiovisual\\\/file?token=v%2B0ZslwUbrubIktRmzk%2B2OK6pkYKCeQq7ZzkqNi9QNo%3D\"},{\"ID\":20,\"TITULO\":\"Discurso-de-D.-Tino-Villanueva_DHC_2018_P&aacute;gina_03\",\"COMENTARIOS\":\"Discurs del poeta Tino Villanueva en la seua investidura com a Doctor Honoris Causa per la UMH, p. 3\",\"FECHA\":\"26\\\/04\\\/22\",\"SERIE\":\"FAV.C105 EXPOSICIONES\",\"CARPETA\":\"Exposici&oacute;n 25 A&ntilde;os UMH Sociedad DHC-Documentaci&oacute;n administrativa\",\"URL\":\"https:\\\/\\\/audiovisuales.umh.es\\\/consulta-audiovisual\\\/file?token=0MC14AxZndebIktRmzk%2B2OK6pkYKCeQq7ZzkqNi9QNo%3D\"},{\"ID\":21,\"TITULO\":\"Discurso-de-D.-Tino-Villanueva_DHC_2018_P&aacute;gina_04\",\"COMENTARIOS\":\"Discurs del poeta Tino Villanueva en la seua investidura com a Doctor Honoris Causa per la UMH, p. 4\",\"FECHA\":\"26\\\/04\\\/22\",\"SERIE\":\"FAV.C105 EXPOSICIONES\",\"CARPETA\":\"Exposici&oacute;n 25 A&ntilde;os UMH Sociedad DHC-Documentaci&oacute;n administrativa\",\"URL\":\"https:\\\/\\\/audiovisuales.umh.es\\\/consulta-audiovisual\\\/file?token=VJr7AJYuyqybIktRmzk%2B2OK6pkYKCeQq7ZzkqNi9QNo%3D\"},{\"ID\":22,\"TITULO\":\"Discurso-de-D.-Tino-Villanueva_DHC_2018_P&aacute;gina_05\",\"COMENTARIOS\":\"Discurs del poeta Tino Villanueva en la seua investidura com a Doctor Honoris Causa per la UMH, p. 5\",\"FECHA\":\"26\\\/04\\\/22\",\"SERIE\":\"FAV.C105 EXPOSICIONES\",\"CARPETA\":\"Exposici&oacute;n 25 A&ntilde;os UMH Sociedad DHC-Documentaci&oacute;n administrativa\",\"URL\":\"https:\\\/\\\/audiovisuales.umh.es\\\/consulta-audiovisual\\\/file?token=wdSA2WzQWZebIktRmzk%2B2OK6pkYKCeQq7ZzkqNi9QNo%3D\"},{\"ID\":23,\"TITULO\":\"Discurso-de-D.-Tino-Villanueva_DHC_2018_P&aacute;gina_06\",\"COMENTARIOS\":\"Discurs del poeta Tino Villanueva en la seua investidura com a Doctor Honoris Causa per la UMH, p. 6\",\"FECHA\":\"26\\\/04\\\/22\",\"SERIE\":\"FAV.C105 EXPOSICIONES\",\"CARPETA\":\"Exposici&oacute;n 25 A&ntilde;os UMH Sociedad DHC-Documentaci&oacute;n administrativa\",\"URL\":\"https:\\\/\\\/audiovisuales.umh.es\\\/consulta-audiovisual\\\/file?token=T2guWHOHi5ybIktRmzk%2B2OK6pkYKCeQq7ZzkqNi9QNo%3D\"},{\"ID\":24,\"TITULO\":\"Discurso-de-D.-Tino-Villanueva_DHC_2018_P&aacute;gina_07\",\"COMENTARIOS\":\"Discurs del poeta Tino Villanueva en la seua investidura com a Doctor Honoris Causa per la UMH, p. 7\",\"FECHA\":\"26\\\/04\\\/22\",\"SERIE\":\"FAV.C105 EXPOSICIONES\",\"CARPETA\":\"Exposici&oacute;n 25 A&ntilde;os UMH Sociedad DHC-Documentaci&oacute;n administrativa\",\"URL\":\"https:\\\/\\\/audiovisuales.umh.es\\\/consulta-audiovisual\\\/file?token=DG8TThoSSEubIktRmzk%2B2OK6pkYKCeQq7ZzkqNi9QNo%3D\"},{\"ID\":25,\"TITULO\":\"Discurso-de-D.-Tino-Villanueva_DHC_2018_P&aacute;gina_08\",\"COMENTARIOS\":\"Discurs del poeta Tino Villanueva en la seua investidura com a Doctor Honoris Causa per la UMH, p. 8\",\"FECHA\":\"26\\\/04\\\/22\",\"SERIE\":\"FAV.C105 EXPOSICIONES\",\"CARPETA\":\"Exposici&oacute;n 25 A&ntilde;os UMH Sociedad DHC-Documentaci&oacute;n administrativa\",\"URL\":\"https:\\\/\\\/audiovisuales.umh.es\\\/consulta-audiovisual\\\/file?token=k%2FFWe%2B02EDWbIktRmzk%2B2OK6pkYKCeQq7ZzkqNi9QNo%3D\"},{\"ID\":26,\"TITULO\":\"Discurso-de-D.-Tino-Villanueva_DHC_2018_P&aacute;gina_09\",\"COMENTARIOS\":\"Discurs del poeta Tino Villanueva en la seua investidura com a Doctor Honoris Causa per la UMH, p. 9\",\"FECHA\":\"26\\\/04\\\/22\",\"SERIE\":\"FAV.C105 EXPOSICIONES\",\"CARPETA\":\"Exposici&oacute;n 25 A&ntilde;os UMH Sociedad DHC-Documentaci&oacute;n administrativa\",\"URL\":\"https:\\\/\\\/audiovisuales.umh.es\\\/consulta-audiovisual\\\/file?token=spAnG7fySL%2BbIktRmzk%2B2OK6pkYKCeQq7ZzkqNi9QNo%3D\"},{\"ID\":27,\"TITULO\":\"Discurso-de-D.-Tino-Villanueva_DHC_2018_P&aacute;gina_10\",\"COMENTARIOS\":\"Discurs del poeta Tino Villanueva en la seua investidura com a Doctor Honoris Causa per la UMH, p. 10\",\"FECHA\":\"26\\\/04\\\/22\",\"SERIE\":\"FAV.C105 EXPOSICIONES\",\"CARPETA\":\"Exposici&oacute;n 25 A&ntilde;os UMH Sociedad DHC-Documentaci&oacute;n administrativa\",\"URL\":\"https:\\\/\\\/audiovisuales.umh.es\\\/consulta-audiovisual\\\/file?token=zLgUK1cwmR%2BbIktRmzk%2B2OK6pkYKCeQq7ZzkqNi9QNo%3D\"},{\"ID\":28,\"TITULO\":\"Discurso-Honoris-Causa-Nuria-Oliver_2018_english_P&aacute;gina_01\",\"COMENTARIOS\":\"Speech by the engineer Nuria Oliver at her investiture as Doctor Honoris Causa by the UMH, p. 1\",\"FECHA\":\"26\\\/04\\\/22\",\"SERIE\":\"FAV.C105 EXPOSICIONES\",\"CARPETA\":\"Exposici&oacute;n 25 A&ntilde;os UMH Sociedad DHC-Documentaci&oacute;n administrativa\",\"URL\":\"https:\\\/\\\/audiovisuales.umh.es\\\/consulta-audiovisual\\\/file?token=BhtzCzl1le6bIktRmzk%2B2OK6pkYKCeQq7ZzkqNi9QNo%3D\"},{\"ID\":29,\"TITULO\":\"Discurso-Honoris-Causa-Nuria-Oliver_2018_english_P&aacute;gina_02\",\"COMENTARIOS\":\"Speech by the engineer Nuria Oliver at her investiture as Doctor Honoris Causa by the UMH, p. 3\",\"FECHA\":\"26\\\/04\\\/22\",\"SERIE\":\"FAV.C105 EXPOSICIONES\",\"CARPETA\":\"Exposici&oacute;n 25 A&ntilde;os UMH Sociedad DHC-Documentaci&oacute;n administrativa\",\"URL\":\"https:\\\/\\\/audiovisuales.umh.es\\\/consulta-audiovisual\\\/file?token=Y9VmddWE2sKbIktRmzk%2B2OK6pkYKCeQq7ZzkqNi9QNo%3D\"},{\"ID\":30,\"TITULO\":\"Discurso-Honoris-Causa-Nuria-Oliver_2018_english_P&aacute;gina_03\",\"COMENTARIOS\":\"Speech by the engineer Nuria Oliver at her investiture as Doctor Honoris Causa by the UMH, p. 3\",\"FECHA\":\"26\\\/04\\\/22\",\"SERIE\":\"FAV.C105 EXPOSICIONES\",\"CARPETA\":\"Exposici&oacute;n 25 A&ntilde;os UMH Sociedad DHC-Documentaci&oacute;n administrativa\",\"URL\":\"https:\\\/\\\/audiovisuales.umh.es\\\/consulta-audiovisual\\\/file?token=LrzZFQj9UvebIktRmzk%2B2OK6pkYKCeQq7ZzkqNi9QNo%3D\"},{\"ID\":31,\"TITULO\":\"Discurso-Honoris-Causa-Nuria-Oliver_2018_english_P&aacute;gina_04\",\"COMENTARIOS\":\"Speech by the engineer Nuria Oliver at her investiture as Doctor Honoris Causa by the UMH, p. 4\",\"FECHA\":\"26\\\/04\\\/22\",\"SERIE\":\"FAV.C105 EXPOSICIONES\",\"CARPETA\":\"Exposici&oacute;n 25 A&ntilde;os UMH Sociedad DHC-Documentaci&oacute;n administrativa\",\"URL\":\"https:\\\/\\\/audiovisuales.umh.es\\\/consulta-audiovisual\\\/file?token=aHW%2BvpcZu1qbIktRmzk%2B2OK6pkYKCeQq7ZzkqNi9QNo%3D\"},{\"ID\":32,\"TITULO\":\"Discurso-Honoris-Causa-Nuria-Oliver_2018_english_P&aacute;gina_05\",\"COMENTARIOS\":\"Speech by the engineer Nuria Oliver at her investiture as Doctor Honoris Causa by the UMH, p. 5\",\"FECHA\":\"26\\\/04\\\/22\",\"SERIE\":\"FAV.C105 EXPOSICIONES\",\"CARPETA\":\"Exposici&oacute;n 25 A&ntilde;os UMH Sociedad DHC-Documentaci&oacute;n administrativa\",\"URL\":\"https:\\\/\\\/audiovisuales.umh.es\\\/consulta-audiovisual\\\/file?token=0Mx75D0GuQqbIktRmzk%2B2OK6pkYKCeQq7ZzkqNi9QNo%3D\"},{\"ID\":33,\"TITULO\":\"Discurso-Honoris-Causa-Nuria-Oliver_2018_english_P&aacute;gina_06\",\"COMENTARIOS\":\"Speech by the engineer Nuria Oliver at her investiture as Doctor Honoris Causa by the UMH, p. 6\",\"FECHA\":\"26\\\/04\\\/22\",\"SERIE\":\"FAV.C105 EXPOSICIONES\",\"CARPETA\":\"Exposici&oacute;n 25 A&ntilde;os UMH Sociedad DHC-Documentaci&oacute;n administrativa\",\"URL\":\"https:\\\/\\\/audiovisuales.umh.es\\\/consulta-audiovisual\\\/file?token=nxUW28rXP7WbIktRmzk%2B2OK6pkYKCeQq7ZzkqNi9QNo%3D\"},{\"ID\":34,\"TITULO\":\"Discurso-Honoris-Causa-Nuria-Oliver_2018_english_P&aacute;gina_07\",\"COMENTARIOS\":\"Speech by the engineer Nuria Oliver at her investiture as Doctor Honoris Causa by the UMH, p. 7\",\"FECHA\":\"26\\\/04\\\/22\",\"SERIE\":\"FAV.C105 EXPOSICIONES\",\"CARPETA\":\"Exposici&oacute;n 25 A&ntilde;os UMH Sociedad DHC-Documentaci&oacute;n administrativa\",\"URL\":\"https:\\\/\\\/audiovisuales.umh.es\\\/consulta-audiovisual\\\/file?token=QSyyMa3GCkqbIktRmzk%2B2OK6pkYKCeQq7ZzkqNi9QNo%3D\"},{\"ID\":35,\"TITULO\":\"Discurso-Honoris-Causa-Nuria-Oliver_2018_english_P&aacute;gina_08\",\"COMENTARIOS\":\"Speech by the engineer Nuria Oliver at her investiture as Doctor Honoris Causa by the UMH, p. 8\",\"FECHA\":\"26\\\/04\\\/22\",\"SERIE\":\"FAV.C105 EXPOSICIONES\",\"CARPETA\":\"Exposici&oacute;n 25 A&ntilde;os UMH Sociedad DHC-Documentaci&oacute;n administrativa\",\"URL\":\"https:\\\/\\\/audiovisuales.umh.es\\\/consulta-audiovisual\\\/file?token=%2BwckJrZE2f2bIktRmzk%2B2OK6pkYKCeQq7ZzkqNi9QNo%3D\"},{\"ID\":36,\"TITULO\":\"Discurso-Honoris-Causa-Nuria-Oliver_2018_english_P&aacute;gina_09\",\"COMENTARIOS\":\"Speech by the engineer Nuria Oliver at her investiture as Doctor Honoris Causa by the UMH, p. 9\",\"FECHA\":\"26\\\/04\\\/22\",\"SERIE\":\"FAV.C105 EXPOSICIONES\",\"CARPETA\":\"Exposici&oacute;n 25 A&ntilde;os UMH Sociedad DHC-Documentaci&oacute;n administrativa\",\"URL\":\"https:\\\/\\\/audiovisuales.umh.es\\\/consulta-audiovisual\\\/file?token=NPYsSJcbRzGbIktRmzk%2B2OK6pkYKCeQq7ZzkqNi9QNo%3D\"},{\"ID\":37,\"TITULO\":\"Discurso-Honoris-Causa-Nuria-Oliver_2018_english_P&aacute;gina_10\",\"COMENTARIOS\":\"Speech by the engineer Nuria Oliver at her investiture as Doctor Honoris Causa by the UMH, p. 10\",\"FECHA\":\"26\\\/04\\\/22\",\"SERIE\":\"FAV.C105 EXPOSICIONES\",\"CARPETA\":\"Exposici&oacute;n 25 A&ntilde;os UMH Sociedad DHC-Documentaci&oacute;n administrativa\",\"URL\":\"https:\\\/\\\/audiovisuales.umh.es\\\/consulta-audiovisual\\\/file?token=WQLRCp%2B72rybIktRmzk%2B2OK6pkYKCeQq7ZzkqNi9QNo%3D\"},{\"ID\":38,\"TITULO\":\"Discurso-Honoris-Causa-Nuria-Oliver_2018_english_P&aacute;gina_11\",\"COMENTARIOS\":\"Speech by the engineer Nuria Oliver at her investiture as Doctor Honoris Causa by the UMH, p. 11\",\"FECHA\":\"26\\\/04\\\/22\",\"SERIE\":\"FAV.C105 EXPOSICIONES\",\"CARPETA\":\"Exposici&oacute;n 25 A&ntilde;os UMH Sociedad DHC-Documentaci&oacute;n administrativa\",\"URL\":\"https:\\\/\\\/audiovisuales.umh.es\\\/consulta-audiovisual\\\/file?token=VuaMotWptOqbIktRmzk%2B2OK6pkYKCeQq7ZzkqNi9QNo%3D\"},{\"ID\":39,\"TITULO\":\"Discurso-Honoris-Causa-Nuria-Oliver_2018_english_P&aacute;gina_12\",\"COMENTARIOS\":\"Speech by the engineer Nuria Oliver at her investiture as Doctor Honoris Causa by the UMH, p. 12\",\"FECHA\":\"26\\\/04\\\/22\",\"SERIE\":\"FAV.C105 EXPOSICIONES\",\"CARPETA\":\"Exposici&oacute;n 25 A&ntilde;os UMH Sociedad DHC-Documentaci&oacute;n administrativa\",\"URL\":\"https:\\\/\\\/audiovisuales.umh.es\\\/consulta-audiovisual\\\/file?token=XR19Xo7r7SqbIktRmzk%2B2OK6pkYKCeQq7ZzkqNi9QNo%3D\"},{\"ID\":40,\"TITULO\":\"CERIMONIAL_DHC_Quique Dacosta-Paco Torreblanca_P&aacute;gina_1\",\"COMENTARIOS\":\"Cerimonial de la investidura com a Doctors Honoris Causa de Quique Dacosta i Paco Torreblanca, p. 1\",\"FECHA\":\"26\\\/04\\\/22\",\"SERIE\":\"FAV.C105 EXPOSICIONES\",\"CARPETA\":\"Exposici&oacute;n 25 A&ntilde;os UMH Sociedad DHC-Documentaci&oacute;n administrativa\",\"URL\":\"https:\\\/\\\/audiovisuales.umh.es\\\/consulta-audiovisual\\\/file?token=XDUanntTndGbIktRmzk%2B2OK6pkYKCeQq7ZzkqNi9QNo%3D\"},{\"ID\":41,\"TITULO\":\"CERIMONIAL_DHC_Quique Dacosta-Paco Torreblanca_P&aacute;gina_2\",\"COMENTARIOS\":\"Cerimonial de la investidura com a Doctors Honoris Causa de Quique Dacosta i Paco Torreblanca, p. 2\",\"FECHA\":\"26\\\/04\\\/22\",\"SERIE\":\"FAV.C105 EXPOSICIONES\",\"CARPETA\":\"Exposici&oacute;n 25 A&ntilde;os UMH Sociedad DHC-Documentaci&oacute;n administrativa\",\"URL\":\"https:\\\/\\\/audiovisuales.umh.es\\\/consulta-audiovisual\\\/file?token=czuTCHIPn%2B6bIktRmzk%2B2OK6pkYKCeQq7ZzkqNi9QNo%3D\"},{\"ID\":42,\"TITULO\":\"CERIMONIAL_DHC_Quique Dacosta-Paco Torreblanca_P&aacute;gina_3\",\"COMENTARIOS\":\"Cerimonial de la investidura com a Doctors Honoris Causa de Quique Dacosta i Paco Torreblanca, p. 3\",\"FECHA\":\"26\\\/04\\\/22\",\"SERIE\":\"FAV.C105 EXPOSICIONES\",\"CARPETA\":\"Exposici&oacute;n 25 A&ntilde;os UMH Sociedad DHC-Documentaci&oacute;n administrativa\",\"URL\":\"https:\\\/\\\/audiovisuales.umh.es\\\/consulta-audiovisual\\\/file?token=1sR5yfaclYWbIktRmzk%2B2OK6pkYKCeQq7ZzkqNi9QNo%3D\"},{\"ID\":43,\"TITULO\":\"CERIMONIAL_DHC_Quique Dacosta-Paco Torreblanca_P&aacute;gina_4\",\"COMENTARIOS\":\"Cerimonial de la investidura com a Doctors Honoris Causa de Quique Dacosta i Paco Torreblanca, p. 4\",\"FECHA\":\"26\\\/04\\\/22\",\"SERIE\":\"FAV.C105 EXPOSICIONES\",\"CARPETA\":\"Exposici&oacute;n 25 A&ntilde;os UMH Sociedad DHC-Documentaci&oacute;n administrativa\",\"URL\":\"https:\\\/\\\/audiovisuales.umh.es\\\/consulta-audiovisual\\\/file?token=sS80jz91JmCbIktRmzk%2B2OK6pkYKCeQq7ZzkqNi9QNo%3D\"},{\"ID\":44,\"TITULO\":\"CERIMONIAL_DHC_Quique Dacosta-Paco Torreblanca_P&aacute;gina_5\",\"COMENTARIOS\":\"Cerimonial de la investidura com a Doctors Honoris Causa de Quique Dacosta i Paco Torreblanca, p. 5\",\"FECHA\":\"26\\\/04\\\/22\",\"SERIE\":\"FAV.C105 EXPOSICIONES\",\"CARPETA\":\"Exposici&oacute;n 25 A&ntilde;os UMH Sociedad DHC-Documentaci&oacute;n administrativa\",\"URL\":\"https:\\\/\\\/audiovisuales.umh.es\\\/consulta-audiovisual\\\/file?token=vD1pIteYn7ObIktRmzk%2B2OK6pkYKCeQq7ZzkqNi9QNo%3D\"},{\"ID\":45,\"TITULO\":\"CERIMONIAL_DHC_Quique Dacosta-Paco Torreblanca_P&aacute;gina_6\",\"COMENTARIOS\":\"Cerimonial de la investidura com a Doctors Honoris Causa de Quique Dacosta i Paco Torreblanca, p. 6\",\"FECHA\":\"26\\\/04\\\/22\",\"SERIE\":\"FAV.C105 EXPOSICIONES\",\"CARPETA\":\"Exposici&oacute;n 25 A&ntilde;os UMH Sociedad DHC-Documentaci&oacute;n administrativa\",\"URL\":\"https:\\\/\\\/audiovisuales.umh.es\\\/consulta-audiovisual\\\/file?token=i83cYRlI5ZybIktRmzk%2B2OK6pkYKCeQq7ZzkqNi9QNo%3D\"},{\"ID\":46,\"TITULO\":\"CERIMONIAL_DHC_Quique Dacosta-Paco Torreblanca_P&aacute;gina_7\",\"COMENTARIOS\":\"Cerimonial de la investidura com a Doctors Honoris Causa de Quique Dacosta i Paco Torreblanca, p. 7\",\"FECHA\":\"26\\\/04\\\/22\",\"SERIE\":\"FAV.C105 EXPOSICIONES\",\"CARPETA\":\"Exposici&oacute;n 25 A&ntilde;os UMH Sociedad DHC-Documentaci&oacute;n administrativa\",\"URL\":\"https:\\\/\\\/audiovisuales.umh.es\\\/consulta-audiovisual\\\/file?token=eOKVxjE0xk%2BbIktRmzk%2B2OK6pkYKCeQq7ZzkqNi9QNo%3D\"},{\"ID\":47,\"TITULO\":\"CERIMONIAL_DHC_Quique Dacosta-Paco Torreblanca_P&aacute;gina_8\",\"COMENTARIOS\":\"Cerimonial de la investidura com a Doctors Honoris Causa de Quique Dacosta i Paco Torreblanca, p. 8\",\"FECHA\":\"26\\\/04\\\/22\",\"SERIE\":\"FAV.C105 EXPOSICIONES\",\"CARPETA\":\"Exposici&oacute;n 25 A&ntilde;os UMH Sociedad DHC-Documentaci&oacute;n administrativa\",\"URL\":\"https:\\\/\\\/audiovisuales.umh.es\\\/consulta-audiovisual\\\/file?token=6YQ4MO0V0xqbIktRmzk%2B2OK6pkYKCeQq7ZzkqNi9QNo%3D\"},{\"ID\":48,\"TITULO\":\"Portada Investidura DHC Fernando &Aacute;lvarez de Miranda\",\"COMENTARIOS\":\"Portada Investidura Doctor Honoris Causa Fernando &Aacute;lvarez de Miranda\",\"FECHA\":\"26\\\/04\\\/22\",\"SERIE\":\"FAV.C105 EXPOSICIONES\",\"CARPETA\":\"Exposici&oacute;n 25 A&ntilde;os UMH Sociedad DHC-Documentaci&oacute;n administrativa\",\"URL\":\"https:\\\/\\\/audiovisuales.umh.es\\\/consulta-audiovisual\\\/file?token=Cmw5Dgx2qcmbIktRmzk%2B2OK6pkYKCeQq7ZzkqNi9QNo%3D\"},{\"ID\":49,\"TITULO\":\"Laudatio Antonio Mart&iacute;nez Pujalte DHC Fernando &Aacute;lvarez de Miranda\",\"COMENTARIOS\":\"Laudatio del professor Antonio Mart&iacute;nez Pujalte, padr&iacute; del DHC Fernando &Aacute;lvarez de Miranda\",\"FECHA\":\"26\\\/04\\\/22\",\"SERIE\":\"FAV.C105 EXPOSICIONES\",\"CARPETA\":\"Exposici&oacute;n 25 A&ntilde;os UMH Sociedad DHC-Documentaci&oacute;n administrativa\",\"URL\":\"https:\\\/\\\/audiovisuales.umh.es\\\/consulta-audiovisual\\\/file?token=JmdZFqpbG9KbIktRmzk%2B2OK6pkYKCeQq7ZzkqNi9QNo%3D\"},{\"ID\":50,\"TITULO\":\"Laudatio Antonio Mart&iacute;nez Pujalte DHC Fernando &Aacute;lvarez de Miranda_1\",\"COMENTARIOS\":\"Laudatio del professor Antonio Mart&iacute;nez Pujalte, padr&iacute; del DHC Fernando &Aacute;lvarez de Miranda, p. 1\",\"FECHA\":\"26\\\/04\\\/22\",\"SERIE\":\"FAV.C105 EXPOSICIONES\",\"CARPETA\":\"Exposici&oacute;n 25 A&ntilde;os UMH Sociedad DHC-Documentaci&oacute;n administrativa\",\"URL\":\"https:\\\/\\\/audiovisuales.umh.es\\\/consulta-audiovisual\\\/file?token=TU5MmURyxM6bIktRmzk%2B2OK6pkYKCeQq7ZzkqNi9QNo%3D\"},{\"ID\":51,\"TITULO\":\"Laudatio Antonio Mart&iacute;nez Pujalte DHC Fernando &Aacute;lvarez de Miranda_2\",\"COMENTARIOS\":\"Laudatio del professor Antonio Mart&iacute;nez Pujalte, padr&iacute; del DHC Fernando &Aacute;lvarez de Miranda, p. 2\",\"FECHA\":\"26\\\/04\\\/22\",\"SERIE\":\"FAV.C105 EXPOSICIONES\",\"CARPETA\":\"Exposici&oacute;n 25 A&ntilde;os UMH Sociedad DHC-Documentaci&oacute;n administrativa\",\"URL\":\"https:\\\/\\\/audiovisuales.umh.es\\\/consulta-audiovisual\\\/file?token=TtB6DISQjXebIktRmzk%2B2OK6pkYKCeQq7ZzkqNi9QNo%3D\"},{\"ID\":52,\"TITULO\":\"Laudatio Antonio Mart&iacute;nez Pujalte DHC Fernando &Aacute;lvarez de Miranda_3\",\"COMENTARIOS\":\"Laudatio del professor Antonio Mart&iacute;nez Pujalte, padr&iacute; del DHC Fernando &Aacute;lvarez de Miranda, p. 3\",\"FECHA\":\"26\\\/04\\\/22\",\"SERIE\":\"FAV.C105 EXPOSICIONES\",\"CARPETA\":\"Exposici&oacute;n 25 A&ntilde;os UMH Sociedad DHC-Documentaci&oacute;n administrativa\",\"URL\":\"https:\\\/\\\/audiovisuales.umh.es\\\/consulta-audiovisual\\\/file?token=WHY%2FIwGrDPGbIktRmzk%2B2OK6pkYKCeQq7ZzkqNi9QNo%3D\"},{\"ID\":53,\"TITULO\":\"Laudatio Antonio Mart&iacute;nez Pujalte DHC Fernando &Aacute;lvarez de Miranda_4\",\"COMENTARIOS\":\"Laudatio del professor Antonio Mart&iacute;nez Pujalte, padr&iacute; del DHC Fernando &Aacute;lvarez de Miranda, p. 4\",\"FECHA\":\"26\\\/04\\\/22\",\"SERIE\":\"FAV.C105 EXPOSICIONES\",\"CARPETA\":\"Exposici&oacute;n 25 A&ntilde;os UMH Sociedad DHC-Documentaci&oacute;n administrativa\",\"URL\":\"https:\\\/\\\/audiovisuales.umh.es\\\/consulta-audiovisual\\\/file?token=AvFJ0s%2FrQtObIktRmzk%2B2OK6pkYKCeQq7ZzkqNi9QNo%3D\"},{\"ID\":54,\"TITULO\":\"Laudatio Antonio Mart&iacute;nez Pujalte DHC Fernando &Aacute;lvarez de Miranda_5\",\"COMENTARIOS\":\"Laudatio del professor Antonio Mart&iacute;nez Pujalte, padr&iacute; del DHC Fernando &Aacute;lvarez de Miranda, p. 5\",\"FECHA\":\"26\\\/04\\\/22\",\"SERIE\":\"FAV.C105 EXPOSICIONES\",\"CARPETA\":\"Exposici&oacute;n 25 A&ntilde;os UMH Sociedad DHC-Documentaci&oacute;n administrativa\",\"URL\":\"https:\\\/\\\/audiovisuales.umh.es\\\/consulta-audiovisual\\\/file?token=cX6HFSudHL%2BbIktRmzk%2B2OK6pkYKCeQq7ZzkqNi9QNo%3D\"},{\"ID\":55,\"TITULO\":\"Laudatio Antonio Mart&iacute;nez Pujalte DHC Fernando &Aacute;lvarez de Miranda_6\",\"COMENTARIOS\":\"Laudatio del professor Antonio Mart&iacute;nez Pujalte, padr&iacute; del DHC Fernando &Aacute;lvarez de Miranda, p. 6\",\"FECHA\":\"26\\\/04\\\/22\",\"SERIE\":\"FAV.C105 EXPOSICIONES\",\"CARPETA\":\"Exposici&oacute;n 25 A&ntilde;os UMH Sociedad DHC-Documentaci&oacute;n administrativa\",\"URL\":\"https:\\\/\\\/audiovisuales.umh.es\\\/consulta-audiovisual\\\/file?token=a1T2PrJUtXibIktRmzk%2B2OK6pkYKCeQq7ZzkqNi9QNo%3D\"},{\"ID\":56,\"TITULO\":\"Imagen de la vi&ntilde;eta realizada por el humorista gr&aacute;fico y reci&eacute;n investido como Doctor Honoris Causa D.Antonio Fraguas de Pablo &quot;Forges&quot; recordando al poeta Miguel Hern&aacute;ndez.\",\"COMENTARIOS\":\"Imatge de la vinyeta realitzada per l''humorista gr&agrave;fic i acabat d''investir com a Doctor Honoris Causa el senyor Antonio Fraguas de Pablo &quot;Forges&quot; recordant el poeta Miguel Hern&aacute;ndez\",\"FECHA\":\"03\\\/10\\\/14\",\"SERIE\":\"FAV.C108 HOMENAJES, DISTINCIONES Y PREMIOS\",\"CARPETA\":\"Exposici&oacute;n 25 A&ntilde;os UMH Sociedad DHC-Documentaci&oacute;n administrativa\",\"URL\":\"https:\\\/\\\/audiovisuales.umh.es\\\/consulta-audiovisual\\\/file?token=9RqR%2Fndf10ebIktRmzk%2B2OK6pkYKCeQq7ZzkqNi9QNo%3D\"}];\n\t\ttraducciones_1 = {\"titulo\":\"t\\u00edtol\",\"comentarios\":\"comentaris\",\"fecha\":\"data\",\"serie\":\"serie\",\"verTodo\":\"Veure tot\",\"Volver\":\"Tornar\",\"productor\":\"productor\"};\n\t<\/script>\n\t<ul role=\"tablist\" class=\"navUMH25\">\n\t\t<li class=\"navUMH25-selected\"><button type=\"button\" id=\"slider25UMH-tab_1\" aria-controls=\"slider25UMH_1\" aria-selected=\"true\" disabled role=\"tab\" onclick=\"UMH25_selectTabPanel(this);\">Slider<\/button><\/li>\n\t\t<li><button type=\"button\" id=\"verTodo25UMH-tab_1\" aria-controls=\"verTodo25UMH_1\" aria-selected=\"false\" role=\"tab\" onclick=\"UMH25_selectTabPanel(this);\">Veure tot<\/button><\/li>\n\t<\/ul>\t\n\t<div class=\"tabContentUMH25\">\n\t\t<div id=\"slider25UMH_1\" role=\"tabpanel\" aria-labelledby=\"slider25UMH-tab_1\" class=\"tabPanelSelectedUMH25\">\n\t\t\t<div id=\"imgFlowUMH25_1\" class=\"imgFlowUMH25 imageflow\" style=\"background-color:#f0981e;\"><img src=\"https:\/\/audiovisuales.umh.es\/consulta-audiovisual\/file?token=21BVyNQmz0ubIktRmzk%2B2KWOFuB0kq0%2BwvM3VjQXa3g%3D\" alt=\"Resoluci&oacute; rectoral per la qual es nomena a Juan Cartula Such deg&agrave; de la Facultat de Medicina. 2004\" data-id=\"0\" \/><img src=\"https:\/\/audiovisuales.umh.es\/consulta-audiovisual\/file?token=QMwNhtOqDd%2BbIktRmzk%2B2KWOFuB0kq0%2BwvM3VjQXa3g%3D\" alt=\"Acord adoptat per la Comissi&oacute; Gestora on s'aprova la proposta de nomenament com a Doctor Honoris Causa de Manfred Eigen. 1997\" data-id=\"1\" \/><img src=\"https:\/\/audiovisuales.umh.es\/consulta-audiovisual\/file?token=eamm4UhMQHSbIktRmzk%2B2KWOFuB0kq0%2BwvM3VjQXa3g%3D\" alt=\"Resoluci&oacute; rectoral per la qual es nomena &Aacute;ngeles Mas Fenoll delegada General d'Estudiants. 2013\" data-id=\"2\" \/><img src=\"https:\/\/audiovisuales.umh.es\/consulta-audiovisual\/file?token=O3oCXekDHCabIktRmzk%2B2KWOFuB0kq0%2BwvM3VjQXa3g%3D\" alt=\"Portada del programa de l'acte d'investidura com Doctoris Honoris causa de Pedro Amat, Pedro Ruiz i Araceli Maci&aacute;. 2004\" data-id=\"3\" \/><img src=\"https:\/\/audiovisuales.umh.es\/consulta-audiovisual\/file?token=hD12WjxX3cmbIktRmzk%2B2KWOFuB0kq0%2BwvM3VjQXa3g%3D\" alt=\"Extracte del discurs del rector Jes&uacute;s Tadeo Pastor amb motiu de la festivitat de Sant Tom&agrave;s d'Aquino i la investidura com a Doctora Honoris Causa de Josefa Izuel Gim&eacute;nez. 2012\" data-id=\"4\" \/><img src=\"https:\/\/audiovisuales.umh.es\/consulta-audiovisual\/file?token=txpOVVB7udibIktRmzk%2B2KWOFuB0kq0%2BwvM3VjQXa3g%3D\" alt=\"Invitaci&oacute; a la festivitat de Sant Tom&agrave;s d'Aquino i la investidura com a Doctora Honoris Causa de Teresa Perales Fern&aacute;ndez. 2017\" data-id=\"5\" \/><img src=\"https:\/\/audiovisuales.umh.es\/consulta-audiovisual\/file?token=IIafFU1Zs22bIktRmzk%2B2KWOFuB0kq0%2BwvM3VjQXa3g%3D\" alt=\"Programa de l'acte d'investidura com a Doctor Honoris Causa de Ram&oacute;n Lobo Leyder. 2020\" data-id=\"6\" \/><img src=\"https:\/\/audiovisuales.umh.es\/consulta-audiovisual\/file?token=uuNUgoxwLeCbIktRmzk%2B2KWOFuB0kq0%2BwvM3VjQXa3g%3D\" alt=\"Extracte de la laudatio del Doctor Federico Botella per a l'acte d'investidura de Nuria Oliver Ramirez com a Doctora Honoris Causa. 2018\" data-id=\"7\" \/><img src=\"https:\/\/audiovisuales.umh.es\/consulta-audiovisual\/file?token=rKEIQQ94wgmbIktRmzk%2B2KWOFuB0kq0%2BwvM3VjQXa3g%3D\" alt=\"Cerimonial amb medalla d'or de la investidura com a Doctor Honoris Causa per la UMH a Ram&oacute;n Lobo, p. 1\" data-id=\"8\" \/><img src=\"https:\/\/audiovisuales.umh.es\/consulta-audiovisual\/file?token=QPLGP4M8ioubIktRmzk%2B2KWOFuB0kq0%2BwvM3VjQXa3g%3D\" alt=\"Cerimonial amb medalla d'or de la investidura com a Doctor Honoris Causa per la UMH a Ram&oacute;n Lobo, p. 2\" data-id=\"9\" \/><img src=\"https:\/\/audiovisuales.umh.es\/consulta-audiovisual\/file?token=TN6BMs3ZEz%2BbIktRmzk%2B2KWOFuB0kq0%2BwvM3VjQXa3g%3D\" alt=\"Cerimonial amb medalla d'or de la investidura com a Doctor Honoris Causa per la UMH a Ram&oacute;n Lobo, p. 3\" data-id=\"10\" \/><img src=\"https:\/\/audiovisuales.umh.es\/consulta-audiovisual\/file?token=mxB0a72%2BH4CbIktRmzk%2B2KWOFuB0kq0%2BwvM3VjQXa3g%3D\" alt=\"Cerimonial amb medalla d'or de la investidura com a Doctor Honoris Causa per la UMH a Ram&oacute;n Lobo, p. 4\" data-id=\"11\" \/><img src=\"https:\/\/audiovisuales.umh.es\/consulta-audiovisual\/file?token=n0kqY%2B6daGubIktRmzk%2B2KWOFuB0kq0%2BwvM3VjQXa3g%3D\" alt=\"Cerimonial amb medalla d'or de la investidura com a Doctor Honoris Causa per la UMH a Ram&oacute;n Lobo, p. 5\" data-id=\"12\" \/><img src=\"https:\/\/audiovisuales.umh.es\/consulta-audiovisual\/file?token=bUAmWdd2yuObIktRmzk%2B2KWOFuB0kq0%2BwvM3VjQXa3g%3D\" alt=\"Cerimonial amb medalla d'or de la investidura com a Doctor Honoris Causa per la UMH a Ram&oacute;n Lobo, p. 6\" data-id=\"13\" \/><img src=\"https:\/\/audiovisuales.umh.es\/consulta-audiovisual\/file?token=vQ4Z0iTYCJKbIktRmzk%2B2KWOFuB0kq0%2BwvM3VjQXa3g%3D\" alt=\"Cerimonial amb medalla d'or de la investidura com a Doctor Honoris Causa per la UMH a Ram&oacute;n Lobo, p. 7\" data-id=\"14\" \/><img src=\"https:\/\/audiovisuales.umh.es\/consulta-audiovisual\/file?token=0JcYi7wZvwubIktRmzk%2B2KWOFuB0kq0%2BwvM3VjQXa3g%3D\" alt=\"Discurs del rector en la investidura com a Doctor Honoris Causa de l'enginyer estatunidenc Paul Mockapetris, p. 1\" data-id=\"15\" \/><img src=\"https:\/\/audiovisuales.umh.es\/consulta-audiovisual\/file?token=WlHRL0%2FpQwqbIktRmzk%2B2KWOFuB0kq0%2BwvM3VjQXa3g%3D\" alt=\"Discurs del rector en la investidura com a Doctor Honoris Causa de l'enginyer estatunidenc Paul Mockapetris, p. 2\" data-id=\"16\" \/><img src=\"https:\/\/audiovisuales.umh.es\/consulta-audiovisual\/file?token=t87Do3fcsAmbIktRmzk%2B2KWOFuB0kq0%2BwvM3VjQXa3g%3D\" alt=\"Discurs del rector en la investidura com a Doctor Honoris Causa de l'enginyer estatunidenc Paul Mockapetris, p. 3\" data-id=\"17\" \/><img src=\"https:\/\/audiovisuales.umh.es\/consulta-audiovisual\/file?token=rLaVMr8xkHWbIktRmzk%2B2KWOFuB0kq0%2BwvM3VjQXa3g%3D\" alt=\"Discurs del poeta Tino Villanueva en la seua investidura com a Doctor Honoris Causa per la UMH, p. 1\" data-id=\"18\" \/><img src=\"https:\/\/audiovisuales.umh.es\/consulta-audiovisual\/file?token=v%2B0ZslwUbrubIktRmzk%2B2KWOFuB0kq0%2BwvM3VjQXa3g%3D\" alt=\"Discurs del poeta Tino Villanueva en la seua investidura com a Doctor Honoris Causa per la UMH, p. 2\" data-id=\"19\" \/><img src=\"https:\/\/audiovisuales.umh.es\/consulta-audiovisual\/file?token=0MC14AxZndebIktRmzk%2B2KWOFuB0kq0%2BwvM3VjQXa3g%3D\" alt=\"Discurs del poeta Tino Villanueva en la seua investidura com a Doctor Honoris Causa per la UMH, p. 3\" data-id=\"20\" \/><img src=\"https:\/\/audiovisuales.umh.es\/consulta-audiovisual\/file?token=VJr7AJYuyqybIktRmzk%2B2KWOFuB0kq0%2BwvM3VjQXa3g%3D\" alt=\"Discurs del poeta Tino Villanueva en la seua investidura com a Doctor Honoris Causa per la UMH, p. 4\" data-id=\"21\" \/><img src=\"https:\/\/audiovisuales.umh.es\/consulta-audiovisual\/file?token=wdSA2WzQWZebIktRmzk%2B2KWOFuB0kq0%2BwvM3VjQXa3g%3D\" alt=\"Discurs del poeta Tino Villanueva en la seua investidura com a Doctor Honoris Causa per la UMH, p. 5\" data-id=\"22\" \/><img src=\"https:\/\/audiovisuales.umh.es\/consulta-audiovisual\/file?token=T2guWHOHi5ybIktRmzk%2B2KWOFuB0kq0%2BwvM3VjQXa3g%3D\" alt=\"Discurs del poeta Tino Villanueva en la seua investidura com a Doctor Honoris Causa per la UMH, p. 6\" data-id=\"23\" \/><img src=\"https:\/\/audiovisuales.umh.es\/consulta-audiovisual\/file?token=DG8TThoSSEubIktRmzk%2B2KWOFuB0kq0%2BwvM3VjQXa3g%3D\" alt=\"Discurs del poeta Tino Villanueva en la seua investidura com a Doctor Honoris Causa per la UMH, p. 7\" data-id=\"24\" \/><img src=\"https:\/\/audiovisuales.umh.es\/consulta-audiovisual\/file?token=k%2FFWe%2B02EDWbIktRmzk%2B2KWOFuB0kq0%2BwvM3VjQXa3g%3D\" alt=\"Discurs del poeta Tino Villanueva en la seua investidura com a Doctor Honoris Causa per la UMH, p. 8\" data-id=\"25\" \/><img src=\"https:\/\/audiovisuales.umh.es\/consulta-audiovisual\/file?token=spAnG7fySL%2BbIktRmzk%2B2KWOFuB0kq0%2BwvM3VjQXa3g%3D\" alt=\"Discurs del poeta Tino Villanueva en la seua investidura com a Doctor Honoris Causa per la UMH, p. 9\" data-id=\"26\" \/><img src=\"https:\/\/audiovisuales.umh.es\/consulta-audiovisual\/file?token=zLgUK1cwmR%2BbIktRmzk%2B2KWOFuB0kq0%2BwvM3VjQXa3g%3D\" alt=\"Discurs del poeta Tino Villanueva en la seua investidura com a Doctor Honoris Causa per la UMH, p. 10\" data-id=\"27\" \/><img src=\"https:\/\/audiovisuales.umh.es\/consulta-audiovisual\/file?token=BhtzCzl1le6bIktRmzk%2B2KWOFuB0kq0%2BwvM3VjQXa3g%3D\" alt=\"Speech by the engineer Nuria Oliver at her investiture as Doctor Honoris Causa by the UMH, p. 1\" data-id=\"28\" \/><img src=\"https:\/\/audiovisuales.umh.es\/consulta-audiovisual\/file?token=Y9VmddWE2sKbIktRmzk%2B2KWOFuB0kq0%2BwvM3VjQXa3g%3D\" alt=\"Speech by the engineer Nuria Oliver at her investiture as Doctor Honoris Causa by the UMH, p. 3\" data-id=\"29\" \/><img src=\"https:\/\/audiovisuales.umh.es\/consulta-audiovisual\/file?token=LrzZFQj9UvebIktRmzk%2B2KWOFuB0kq0%2BwvM3VjQXa3g%3D\" alt=\"Speech by the engineer Nuria Oliver at her investiture as Doctor Honoris Causa by the UMH, p. 3\" data-id=\"30\" \/><img src=\"https:\/\/audiovisuales.umh.es\/consulta-audiovisual\/file?token=aHW%2BvpcZu1qbIktRmzk%2B2KWOFuB0kq0%2BwvM3VjQXa3g%3D\" alt=\"Speech by the engineer Nuria Oliver at her investiture as Doctor Honoris Causa by the UMH, p. 4\" data-id=\"31\" \/><img src=\"https:\/\/audiovisuales.umh.es\/consulta-audiovisual\/file?token=0Mx75D0GuQqbIktRmzk%2B2KWOFuB0kq0%2BwvM3VjQXa3g%3D\" alt=\"Speech by the engineer Nuria Oliver at her investiture as Doctor Honoris Causa by the UMH, p. 5\" data-id=\"32\" \/><img src=\"https:\/\/audiovisuales.umh.es\/consulta-audiovisual\/file?token=nxUW28rXP7WbIktRmzk%2B2KWOFuB0kq0%2BwvM3VjQXa3g%3D\" alt=\"Speech by the engineer Nuria Oliver at her investiture as Doctor Honoris Causa by the UMH, p. 6\" data-id=\"33\" \/><img src=\"https:\/\/audiovisuales.umh.es\/consulta-audiovisual\/file?token=QSyyMa3GCkqbIktRmzk%2B2KWOFuB0kq0%2BwvM3VjQXa3g%3D\" alt=\"Speech by the engineer Nuria Oliver at her investiture as Doctor Honoris Causa by the UMH, p. 7\" data-id=\"34\" \/><img src=\"https:\/\/audiovisuales.umh.es\/consulta-audiovisual\/file?token=%2BwckJrZE2f2bIktRmzk%2B2KWOFuB0kq0%2BwvM3VjQXa3g%3D\" alt=\"Speech by the engineer Nuria Oliver at her investiture as Doctor Honoris Causa by the UMH, p. 8\" data-id=\"35\" \/><img src=\"https:\/\/audiovisuales.umh.es\/consulta-audiovisual\/file?token=NPYsSJcbRzGbIktRmzk%2B2KWOFuB0kq0%2BwvM3VjQXa3g%3D\" alt=\"Speech by the engineer Nuria Oliver at her investiture as Doctor Honoris Causa by the UMH, p. 9\" data-id=\"36\" \/><img src=\"https:\/\/audiovisuales.umh.es\/consulta-audiovisual\/file?token=WQLRCp%2B72rybIktRmzk%2B2KWOFuB0kq0%2BwvM3VjQXa3g%3D\" alt=\"Speech by the engineer Nuria Oliver at her investiture as Doctor Honoris Causa by the UMH, p. 10\" data-id=\"37\" \/><img src=\"https:\/\/audiovisuales.umh.es\/consulta-audiovisual\/file?token=VuaMotWptOqbIktRmzk%2B2KWOFuB0kq0%2BwvM3VjQXa3g%3D\" alt=\"Speech by the engineer Nuria Oliver at her investiture as Doctor Honoris Causa by the UMH, p. 11\" data-id=\"38\" \/><img src=\"https:\/\/audiovisuales.umh.es\/consulta-audiovisual\/file?token=XR19Xo7r7SqbIktRmzk%2B2KWOFuB0kq0%2BwvM3VjQXa3g%3D\" alt=\"Speech by the engineer Nuria Oliver at her investiture as Doctor Honoris Causa by the UMH, p. 12\" data-id=\"39\" \/><img src=\"https:\/\/audiovisuales.umh.es\/consulta-audiovisual\/file?token=XDUanntTndGbIktRmzk%2B2KWOFuB0kq0%2BwvM3VjQXa3g%3D\" alt=\"Cerimonial de la investidura com a Doctors Honoris Causa de Quique Dacosta i Paco Torreblanca, p. 1\" data-id=\"40\" \/><img src=\"https:\/\/audiovisuales.umh.es\/consulta-audiovisual\/file?token=czuTCHIPn%2B6bIktRmzk%2B2KWOFuB0kq0%2BwvM3VjQXa3g%3D\" alt=\"Cerimonial de la investidura com a Doctors Honoris Causa de Quique Dacosta i Paco Torreblanca, p. 2\" data-id=\"41\" \/><img src=\"https:\/\/audiovisuales.umh.es\/consulta-audiovisual\/file?token=1sR5yfaclYWbIktRmzk%2B2KWOFuB0kq0%2BwvM3VjQXa3g%3D\" alt=\"Cerimonial de la investidura com a Doctors Honoris Causa de Quique Dacosta i Paco Torreblanca, p. 3\" data-id=\"42\" \/><img src=\"https:\/\/audiovisuales.umh.es\/consulta-audiovisual\/file?token=sS80jz91JmCbIktRmzk%2B2KWOFuB0kq0%2BwvM3VjQXa3g%3D\" alt=\"Cerimonial de la investidura com a Doctors Honoris Causa de Quique Dacosta i Paco Torreblanca, p. 4\" data-id=\"43\" \/><img src=\"https:\/\/audiovisuales.umh.es\/consulta-audiovisual\/file?token=vD1pIteYn7ObIktRmzk%2B2KWOFuB0kq0%2BwvM3VjQXa3g%3D\" alt=\"Cerimonial de la investidura com a Doctors Honoris Causa de Quique Dacosta i Paco Torreblanca, p. 5\" data-id=\"44\" \/><img src=\"https:\/\/audiovisuales.umh.es\/consulta-audiovisual\/file?token=i83cYRlI5ZybIktRmzk%2B2KWOFuB0kq0%2BwvM3VjQXa3g%3D\" alt=\"Cerimonial de la investidura com a Doctors Honoris Causa de Quique Dacosta i Paco Torreblanca, p. 6\" data-id=\"45\" \/><img src=\"https:\/\/audiovisuales.umh.es\/consulta-audiovisual\/file?token=eOKVxjE0xk%2BbIktRmzk%2B2KWOFuB0kq0%2BwvM3VjQXa3g%3D\" alt=\"Cerimonial de la investidura com a Doctors Honoris Causa de Quique Dacosta i Paco Torreblanca, p. 7\" data-id=\"46\" \/><img src=\"https:\/\/audiovisuales.umh.es\/consulta-audiovisual\/file?token=6YQ4MO0V0xqbIktRmzk%2B2KWOFuB0kq0%2BwvM3VjQXa3g%3D\" alt=\"Cerimonial de la investidura com a Doctors Honoris Causa de Quique Dacosta i Paco Torreblanca, p. 8\" data-id=\"47\" \/><img src=\"https:\/\/audiovisuales.umh.es\/consulta-audiovisual\/file?token=Cmw5Dgx2qcmbIktRmzk%2B2KWOFuB0kq0%2BwvM3VjQXa3g%3D\" alt=\"Portada Investidura Doctor Honoris Causa Fernando &Aacute;lvarez de Miranda\" data-id=\"48\" \/><img src=\"https:\/\/audiovisuales.umh.es\/consulta-audiovisual\/file?token=JmdZFqpbG9KbIktRmzk%2B2KWOFuB0kq0%2BwvM3VjQXa3g%3D\" alt=\"Laudatio del professor Antonio Mart&iacute;nez Pujalte, padr&iacute; del DHC Fernando &Aacute;lvarez de Miranda\" data-id=\"49\" \/><img src=\"https:\/\/audiovisuales.umh.es\/consulta-audiovisual\/file?token=TU5MmURyxM6bIktRmzk%2B2KWOFuB0kq0%2BwvM3VjQXa3g%3D\" alt=\"Laudatio del professor Antonio Mart&iacute;nez Pujalte, padr&iacute; del DHC Fernando &Aacute;lvarez de Miranda, p. 1\" data-id=\"50\" \/><img src=\"https:\/\/audiovisuales.umh.es\/consulta-audiovisual\/file?token=TtB6DISQjXebIktRmzk%2B2KWOFuB0kq0%2BwvM3VjQXa3g%3D\" alt=\"Laudatio del professor Antonio Mart&iacute;nez Pujalte, padr&iacute; del DHC Fernando &Aacute;lvarez de Miranda, p. 2\" data-id=\"51\" \/><img src=\"https:\/\/audiovisuales.umh.es\/consulta-audiovisual\/file?token=WHY%2FIwGrDPGbIktRmzk%2B2KWOFuB0kq0%2BwvM3VjQXa3g%3D\" alt=\"Laudatio del professor Antonio Mart&iacute;nez Pujalte, padr&iacute; del DHC Fernando &Aacute;lvarez de Miranda, p. 3\" data-id=\"52\" \/><img src=\"https:\/\/audiovisuales.umh.es\/consulta-audiovisual\/file?token=AvFJ0s%2FrQtObIktRmzk%2B2KWOFuB0kq0%2BwvM3VjQXa3g%3D\" alt=\"Laudatio del professor Antonio Mart&iacute;nez Pujalte, padr&iacute; del DHC Fernando &Aacute;lvarez de Miranda, p. 4\" data-id=\"53\" \/><img src=\"https:\/\/audiovisuales.umh.es\/consulta-audiovisual\/file?token=cX6HFSudHL%2BbIktRmzk%2B2KWOFuB0kq0%2BwvM3VjQXa3g%3D\" alt=\"Laudatio del professor Antonio Mart&iacute;nez Pujalte, padr&iacute; del DHC Fernando &Aacute;lvarez de Miranda, p. 5\" data-id=\"54\" \/><img src=\"https:\/\/audiovisuales.umh.es\/consulta-audiovisual\/file?token=a1T2PrJUtXibIktRmzk%2B2KWOFuB0kq0%2BwvM3VjQXa3g%3D\" alt=\"Laudatio del professor Antonio Mart&iacute;nez Pujalte, padr&iacute; del DHC Fernando &Aacute;lvarez de Miranda, p. 6\" data-id=\"55\" \/><img src=\"https:\/\/audiovisuales.umh.es\/consulta-audiovisual\/file?token=9RqR%2Fndf10ebIktRmzk%2B2KWOFuB0kq0%2BwvM3VjQXa3g%3D\" alt=\"Imatge de la vinyeta realitzada per l''humorista gr&agrave;fic i acabat d''investir com a Doctor Honoris Causa el senyor Antonio Fraguas de Pablo &quot;Forges&quot; recordant el poeta Miguel Hern&aacute;ndez\" data-id=\"56\" \/><\/div>\n\t\t\t<script type=\"text\/javascript\">  \n\t\t\t\tjQuery(document).ready(function(){\t\n\t\t\t\t\tvar instanceOne = new ImageFlow();\n\t\t\t\t\tinstanceOne.init({ \n\t\t\t\t\t\tImageFlowID: 'imgFlowUMH25_1',\n\t\t\t\t\t\topacity: true,\n\t\t\t\t\t\treflectionP: 0,\n\t\t\t\t\t\treflections: false,\n\t\t\t\t\t\tbuttons: true,\n\t\t\t\t\t\tonClick: function() { UMH25_showInfo('_1',this,imagenesInfo_1,'UMH25_showInfo_1',traducciones_1); location.href = '#UMH25_showInfo_1'; },\n\t\t\t\t\t});\n\t\t\t\t});\n\t\t\t<\/script>\n\t\t\t<div id=\"UMH25_showInfo_1\" class=\"UMH25_showInfo showInfoUMH25\"><\/div>\n\t\t<\/div>\n\t\t<div id=\"verTodo25UMH_1\" role=\"tabpanel\" aria-labelledby=\"verTodo25UMH-tab_1\" class=\"verTodo25UMH\">\n\t\t\t<div id=\"verTodo25UMH-listado_1\">\t\t\t\t\n\t\t\t\t<div><button type=\"button\" id=\"botonPaginado25UMH_1_0\" data-indx=\"0\" onclick=\"UMH25_pagina('#verTodo25UMH-listado_1 > ul', 0, 10, this)\">1<\/button><button type=\"button\" id=\"botonPaginado25UMH_1_10\" data-indx=\"1\" onclick=\"UMH25_pagina('#verTodo25UMH-listado_1 > ul', 10, 20, this)\">2<\/button><button type=\"button\" id=\"botonPaginado25UMH_1_20\" data-indx=\"2\" onclick=\"UMH25_pagina('#verTodo25UMH-listado_1 > ul', 20, 30, this)\">3<\/button><button type=\"button\" id=\"botonPaginado25UMH_1_30\" data-indx=\"3\" onclick=\"UMH25_pagina('#verTodo25UMH-listado_1 > ul', 30, 40, this)\">4<\/button><button type=\"button\" id=\"botonPaginado25UMH_1_40\" data-indx=\"4\" onclick=\"UMH25_pagina('#verTodo25UMH-listado_1 > ul', 40, 50, this)\">5<\/button><button type=\"button\" id=\"botonPaginado25UMH_1_50\" data-indx=\"5\" onclick=\"UMH25_pagina('#verTodo25UMH-listado_1 > ul', 50, 60, this)\">6<\/button><\/div>\n\t\t\t\t<ul><li id=\"verTodo25UMH-listado-0_1\"><a href=\"#shortCode25UMH_1\" data-id=\"0\" onclick=\"UMH25_showTargetExclusivo('verTodo25UMH-showInfo_1');UMH25_showInfo('_1',this,imagenesInfo_1,'verTodo25UMH-showInfo_1',traducciones_1,'verTodo25UMH-listado_1','verTodo25UMH-listado-0_1'); location.href = '#shortCode25UMH_1';\"><div><img src=\"https:\/\/audiovisuales.umh.es\/consulta-audiovisual\/file?token=21BVyNQmz0ubIktRmzk%2B2KWOFuB0kq0%2BwvM3VjQXa3g%3D\" alt=\"Resoluci&oacute; rectoral per la qual es nomena a Juan Cartula Such deg&agrave; de la Facultat de Medicina. 2004\" data-id=\"0\" \/><\/div><p>Resoluci&oacute; rectoral per la qual es nomena a Juan Cartula Such deg&agrave; de la Facultat de Medicina. 2004<\/p><\/a><\/li><li id=\"verTodo25UMH-listado-1_1\"><a href=\"#shortCode25UMH_1\" data-id=\"1\" onclick=\"UMH25_showTargetExclusivo('verTodo25UMH-showInfo_1');UMH25_showInfo('_1',this,imagenesInfo_1,'verTodo25UMH-showInfo_1',traducciones_1,'verTodo25UMH-listado_1','verTodo25UMH-listado-1_1'); location.href = '#shortCode25UMH_1';\"><div><img src=\"https:\/\/audiovisuales.umh.es\/consulta-audiovisual\/file?token=QMwNhtOqDd%2BbIktRmzk%2B2KWOFuB0kq0%2BwvM3VjQXa3g%3D\" alt=\"Acord adoptat per la Comissi&oacute; Gestora on s'aprova la proposta de nomenament com a Doctor Honoris Causa de Manfred Eigen. 1997\" data-id=\"1\" \/><\/div><p>Acord adoptat per la Comissi&oacute; Gestora on s'aprova la proposta de nomenament com a Doctor Honoris Causa de Manfred Eigen. 1997<\/p><\/a><\/li><li id=\"verTodo25UMH-listado-2_1\"><a href=\"#shortCode25UMH_1\" data-id=\"2\" onclick=\"UMH25_showTargetExclusivo('verTodo25UMH-showInfo_1');UMH25_showInfo('_1',this,imagenesInfo_1,'verTodo25UMH-showInfo_1',traducciones_1,'verTodo25UMH-listado_1','verTodo25UMH-listado-2_1'); location.href = '#shortCode25UMH_1';\"><div><img src=\"https:\/\/audiovisuales.umh.es\/consulta-audiovisual\/file?token=eamm4UhMQHSbIktRmzk%2B2KWOFuB0kq0%2BwvM3VjQXa3g%3D\" alt=\"Resoluci&oacute; rectoral per la qual es nomena &Aacute;ngeles Mas Fenoll delegada General d'Estudiants. 2013\" data-id=\"2\" \/><\/div><p>Resoluci&oacute; rectoral per la qual es nomena &Aacute;ngeles Mas Fenoll delegada General d'Estudiants. 2013<\/p><\/a><\/li><li id=\"verTodo25UMH-listado-3_1\"><a href=\"#shortCode25UMH_1\" data-id=\"3\" onclick=\"UMH25_showTargetExclusivo('verTodo25UMH-showInfo_1');UMH25_showInfo('_1',this,imagenesInfo_1,'verTodo25UMH-showInfo_1',traducciones_1,'verTodo25UMH-listado_1','verTodo25UMH-listado-3_1'); location.href = '#shortCode25UMH_1';\"><div><img src=\"https:\/\/audiovisuales.umh.es\/consulta-audiovisual\/file?token=O3oCXekDHCabIktRmzk%2B2KWOFuB0kq0%2BwvM3VjQXa3g%3D\" alt=\"Portada del programa de l'acte d'investidura com Doctoris Honoris causa de Pedro Amat, Pedro Ruiz i Araceli Maci&aacute;. 2004\" data-id=\"3\" \/><\/div><p>Portada del programa de l'acte d'investidura com Doctoris Honoris causa de Pedro Amat, Pedro Ruiz i Araceli Maci&aacute;. 2004<\/p><\/a><\/li><li id=\"verTodo25UMH-listado-4_1\"><a href=\"#shortCode25UMH_1\" data-id=\"4\" onclick=\"UMH25_showTargetExclusivo('verTodo25UMH-showInfo_1');UMH25_showInfo('_1',this,imagenesInfo_1,'verTodo25UMH-showInfo_1',traducciones_1,'verTodo25UMH-listado_1','verTodo25UMH-listado-4_1'); location.href = '#shortCode25UMH_1';\"><div><img src=\"https:\/\/audiovisuales.umh.es\/consulta-audiovisual\/file?token=hD12WjxX3cmbIktRmzk%2B2KWOFuB0kq0%2BwvM3VjQXa3g%3D\" alt=\"Extracte del discurs del rector Jes&uacute;s Tadeo Pastor amb motiu de la festivitat de Sant Tom&agrave;s d'Aquino i la investidura com a Doctora Honoris Causa de Josefa Izuel Gim&eacute;nez. 2012\" data-id=\"4\" \/><\/div><p>Extracte del discurs del rector Jes&uacute;s Tadeo Pastor amb motiu de la festivitat de Sant Tom&agrave;s d'Aquino i la investidura com a Doctora Honoris Causa de Josefa Izuel Gim&eacute;nez. 2012<\/p><\/a><\/li><li id=\"verTodo25UMH-listado-5_1\"><a href=\"#shortCode25UMH_1\" data-id=\"5\" onclick=\"UMH25_showTargetExclusivo('verTodo25UMH-showInfo_1');UMH25_showInfo('_1',this,imagenesInfo_1,'verTodo25UMH-showInfo_1',traducciones_1,'verTodo25UMH-listado_1','verTodo25UMH-listado-5_1'); location.href = '#shortCode25UMH_1';\"><div><img src=\"https:\/\/audiovisuales.umh.es\/consulta-audiovisual\/file?token=txpOVVB7udibIktRmzk%2B2KWOFuB0kq0%2BwvM3VjQXa3g%3D\" alt=\"Invitaci&oacute; a la festivitat de Sant Tom&agrave;s d'Aquino i la investidura com a Doctora Honoris Causa de Teresa Perales Fern&aacute;ndez. 2017\" data-id=\"5\" \/><\/div><p>Invitaci&oacute; a la festivitat de Sant Tom&agrave;s d'Aquino i la investidura com a Doctora Honoris Causa de Teresa Perales Fern&aacute;ndez. 2017<\/p><\/a><\/li><li id=\"verTodo25UMH-listado-6_1\"><a href=\"#shortCode25UMH_1\" data-id=\"6\" onclick=\"UMH25_showTargetExclusivo('verTodo25UMH-showInfo_1');UMH25_showInfo('_1',this,imagenesInfo_1,'verTodo25UMH-showInfo_1',traducciones_1,'verTodo25UMH-listado_1','verTodo25UMH-listado-6_1'); location.href = '#shortCode25UMH_1';\"><div><img src=\"https:\/\/audiovisuales.umh.es\/consulta-audiovisual\/file?token=IIafFU1Zs22bIktRmzk%2B2KWOFuB0kq0%2BwvM3VjQXa3g%3D\" alt=\"Programa de l'acte d'investidura com a Doctor Honoris Causa de Ram&oacute;n Lobo Leyder. 2020\" data-id=\"6\" \/><\/div><p>Programa de l'acte d'investidura com a Doctor Honoris Causa de Ram&oacute;n Lobo Leyder. 2020<\/p><\/a><\/li><li id=\"verTodo25UMH-listado-7_1\"><a href=\"#shortCode25UMH_1\" data-id=\"7\" onclick=\"UMH25_showTargetExclusivo('verTodo25UMH-showInfo_1');UMH25_showInfo('_1',this,imagenesInfo_1,'verTodo25UMH-showInfo_1',traducciones_1,'verTodo25UMH-listado_1','verTodo25UMH-listado-7_1'); location.href = '#shortCode25UMH_1';\"><div><img src=\"https:\/\/audiovisuales.umh.es\/consulta-audiovisual\/file?token=uuNUgoxwLeCbIktRmzk%2B2KWOFuB0kq0%2BwvM3VjQXa3g%3D\" alt=\"Extracte de la laudatio del Doctor Federico Botella per a l'acte d'investidura de Nuria Oliver Ramirez com a Doctora Honoris Causa. 2018\" data-id=\"7\" \/><\/div><p>Extracte de la laudatio del Doctor Federico Botella per a l'acte d'investidura de Nuria Oliver Ramirez com a Doctora Honoris Causa. 2018<\/p><\/a><\/li><li id=\"verTodo25UMH-listado-8_1\"><a href=\"#shortCode25UMH_1\" data-id=\"8\" onclick=\"UMH25_showTargetExclusivo('verTodo25UMH-showInfo_1');UMH25_showInfo('_1',this,imagenesInfo_1,'verTodo25UMH-showInfo_1',traducciones_1,'verTodo25UMH-listado_1','verTodo25UMH-listado-8_1'); location.href = '#shortCode25UMH_1';\"><div><img src=\"https:\/\/audiovisuales.umh.es\/consulta-audiovisual\/file?token=rKEIQQ94wgmbIktRmzk%2B2KWOFuB0kq0%2BwvM3VjQXa3g%3D\" alt=\"Cerimonial amb medalla d'or de la investidura com a Doctor Honoris Causa per la UMH a Ram&oacute;n Lobo, p. 1\" data-id=\"8\" \/><\/div><p>Cerimonial amb medalla d'or de la investidura com a Doctor Honoris Causa per la UMH a Ram&oacute;n Lobo, p. 1<\/p><\/a><\/li><li id=\"verTodo25UMH-listado-9_1\"><a href=\"#shortCode25UMH_1\" data-id=\"9\" onclick=\"UMH25_showTargetExclusivo('verTodo25UMH-showInfo_1');UMH25_showInfo('_1',this,imagenesInfo_1,'verTodo25UMH-showInfo_1',traducciones_1,'verTodo25UMH-listado_1','verTodo25UMH-listado-9_1'); location.href = '#shortCode25UMH_1';\"><div><img src=\"https:\/\/audiovisuales.umh.es\/consulta-audiovisual\/file?token=QPLGP4M8ioubIktRmzk%2B2KWOFuB0kq0%2BwvM3VjQXa3g%3D\" alt=\"Cerimonial amb medalla d'or de la investidura com a Doctor Honoris Causa per la UMH a Ram&oacute;n Lobo, p. 2\" data-id=\"9\" \/><\/div><p>Cerimonial amb medalla d'or de la investidura com a Doctor Honoris Causa per la UMH a Ram&oacute;n Lobo, p. 2<\/p><\/a><\/li><li id=\"verTodo25UMH-listado-10_1\"><a href=\"#shortCode25UMH_1\" data-id=\"10\" onclick=\"UMH25_showTargetExclusivo('verTodo25UMH-showInfo_1');UMH25_showInfo('_1',this,imagenesInfo_1,'verTodo25UMH-showInfo_1',traducciones_1,'verTodo25UMH-listado_1','verTodo25UMH-listado-10_1'); location.href = '#shortCode25UMH_1';\"><div><img src=\"https:\/\/audiovisuales.umh.es\/consulta-audiovisual\/file?token=TN6BMs3ZEz%2BbIktRmzk%2B2KWOFuB0kq0%2BwvM3VjQXa3g%3D\" alt=\"Cerimonial amb medalla d'or de la investidura com a Doctor Honoris Causa per la UMH a Ram&oacute;n Lobo, p. 3\" data-id=\"10\" \/><\/div><p>Cerimonial amb medalla d'or de la investidura com a Doctor Honoris Causa per la UMH a Ram&oacute;n Lobo, p. 3<\/p><\/a><\/li><li id=\"verTodo25UMH-listado-11_1\"><a href=\"#shortCode25UMH_1\" data-id=\"11\" onclick=\"UMH25_showTargetExclusivo('verTodo25UMH-showInfo_1');UMH25_showInfo('_1',this,imagenesInfo_1,'verTodo25UMH-showInfo_1',traducciones_1,'verTodo25UMH-listado_1','verTodo25UMH-listado-11_1'); location.href = '#shortCode25UMH_1';\"><div><img src=\"https:\/\/audiovisuales.umh.es\/consulta-audiovisual\/file?token=mxB0a72%2BH4CbIktRmzk%2B2KWOFuB0kq0%2BwvM3VjQXa3g%3D\" alt=\"Cerimonial amb medalla d'or de la investidura com a Doctor Honoris Causa per la UMH a Ram&oacute;n Lobo, p. 4\" data-id=\"11\" \/><\/div><p>Cerimonial amb medalla d'or de la investidura com a Doctor Honoris Causa per la UMH a Ram&oacute;n Lobo, p. 4<\/p><\/a><\/li><li id=\"verTodo25UMH-listado-12_1\"><a href=\"#shortCode25UMH_1\" data-id=\"12\" onclick=\"UMH25_showTargetExclusivo('verTodo25UMH-showInfo_1');UMH25_showInfo('_1',this,imagenesInfo_1,'verTodo25UMH-showInfo_1',traducciones_1,'verTodo25UMH-listado_1','verTodo25UMH-listado-12_1'); location.href = '#shortCode25UMH_1';\"><div><img src=\"https:\/\/audiovisuales.umh.es\/consulta-audiovisual\/file?token=n0kqY%2B6daGubIktRmzk%2B2KWOFuB0kq0%2BwvM3VjQXa3g%3D\" alt=\"Cerimonial amb medalla d'or de la investidura com a Doctor Honoris Causa per la UMH a Ram&oacute;n Lobo, p. 5\" data-id=\"12\" \/><\/div><p>Cerimonial amb medalla d'or de la investidura com a Doctor Honoris Causa per la UMH a Ram&oacute;n Lobo, p. 5<\/p><\/a><\/li><li id=\"verTodo25UMH-listado-13_1\"><a href=\"#shortCode25UMH_1\" data-id=\"13\" onclick=\"UMH25_showTargetExclusivo('verTodo25UMH-showInfo_1');UMH25_showInfo('_1',this,imagenesInfo_1,'verTodo25UMH-showInfo_1',traducciones_1,'verTodo25UMH-listado_1','verTodo25UMH-listado-13_1'); location.href = '#shortCode25UMH_1';\"><div><img src=\"https:\/\/audiovisuales.umh.es\/consulta-audiovisual\/file?token=bUAmWdd2yuObIktRmzk%2B2KWOFuB0kq0%2BwvM3VjQXa3g%3D\" alt=\"Cerimonial amb medalla d'or de la investidura com a Doctor Honoris Causa per la UMH a Ram&oacute;n Lobo, p. 6\" data-id=\"13\" \/><\/div><p>Cerimonial amb medalla d'or de la investidura com a Doctor Honoris Causa per la UMH a Ram&oacute;n Lobo, p. 6<\/p><\/a><\/li><li id=\"verTodo25UMH-listado-14_1\"><a href=\"#shortCode25UMH_1\" data-id=\"14\" onclick=\"UMH25_showTargetExclusivo('verTodo25UMH-showInfo_1');UMH25_showInfo('_1',this,imagenesInfo_1,'verTodo25UMH-showInfo_1',traducciones_1,'verTodo25UMH-listado_1','verTodo25UMH-listado-14_1'); location.href = '#shortCode25UMH_1';\"><div><img src=\"https:\/\/audiovisuales.umh.es\/consulta-audiovisual\/file?token=vQ4Z0iTYCJKbIktRmzk%2B2KWOFuB0kq0%2BwvM3VjQXa3g%3D\" alt=\"Cerimonial amb medalla d'or de la investidura com a Doctor Honoris Causa per la UMH a Ram&oacute;n Lobo, p. 7\" data-id=\"14\" \/><\/div><p>Cerimonial amb medalla d'or de la investidura com a Doctor Honoris Causa per la UMH a Ram&oacute;n Lobo, p. 7<\/p><\/a><\/li><li id=\"verTodo25UMH-listado-15_1\"><a href=\"#shortCode25UMH_1\" data-id=\"15\" onclick=\"UMH25_showTargetExclusivo('verTodo25UMH-showInfo_1');UMH25_showInfo('_1',this,imagenesInfo_1,'verTodo25UMH-showInfo_1',traducciones_1,'verTodo25UMH-listado_1','verTodo25UMH-listado-15_1'); location.href = '#shortCode25UMH_1';\"><div><img src=\"https:\/\/audiovisuales.umh.es\/consulta-audiovisual\/file?token=0JcYi7wZvwubIktRmzk%2B2KWOFuB0kq0%2BwvM3VjQXa3g%3D\" alt=\"Discurs del rector en la investidura com a Doctor Honoris Causa de l'enginyer estatunidenc Paul Mockapetris, p. 1\" data-id=\"15\" \/><\/div><p>Discurs del rector en la investidura com a Doctor Honoris Causa de l'enginyer estatunidenc Paul Mockapetris, p. 1<\/p><\/a><\/li><li id=\"verTodo25UMH-listado-16_1\"><a href=\"#shortCode25UMH_1\" data-id=\"16\" onclick=\"UMH25_showTargetExclusivo('verTodo25UMH-showInfo_1');UMH25_showInfo('_1',this,imagenesInfo_1,'verTodo25UMH-showInfo_1',traducciones_1,'verTodo25UMH-listado_1','verTodo25UMH-listado-16_1'); location.href = '#shortCode25UMH_1';\"><div><img src=\"https:\/\/audiovisuales.umh.es\/consulta-audiovisual\/file?token=WlHRL0%2FpQwqbIktRmzk%2B2KWOFuB0kq0%2BwvM3VjQXa3g%3D\" alt=\"Discurs del rector en la investidura com a Doctor Honoris Causa de l'enginyer estatunidenc Paul Mockapetris, p. 2\" data-id=\"16\" \/><\/div><p>Discurs del rector en la investidura com a Doctor Honoris Causa de l'enginyer estatunidenc Paul Mockapetris, p. 2<\/p><\/a><\/li><li id=\"verTodo25UMH-listado-17_1\"><a href=\"#shortCode25UMH_1\" data-id=\"17\" onclick=\"UMH25_showTargetExclusivo('verTodo25UMH-showInfo_1');UMH25_showInfo('_1',this,imagenesInfo_1,'verTodo25UMH-showInfo_1',traducciones_1,'verTodo25UMH-listado_1','verTodo25UMH-listado-17_1'); location.href = '#shortCode25UMH_1';\"><div><img src=\"https:\/\/audiovisuales.umh.es\/consulta-audiovisual\/file?token=t87Do3fcsAmbIktRmzk%2B2KWOFuB0kq0%2BwvM3VjQXa3g%3D\" alt=\"Discurs del rector en la investidura com a Doctor Honoris Causa de l'enginyer estatunidenc Paul Mockapetris, p. 3\" data-id=\"17\" \/><\/div><p>Discurs del rector en la investidura com a Doctor Honoris Causa de l'enginyer estatunidenc Paul Mockapetris, p. 3<\/p><\/a><\/li><li id=\"verTodo25UMH-listado-18_1\"><a href=\"#shortCode25UMH_1\" data-id=\"18\" onclick=\"UMH25_showTargetExclusivo('verTodo25UMH-showInfo_1');UMH25_showInfo('_1',this,imagenesInfo_1,'verTodo25UMH-showInfo_1',traducciones_1,'verTodo25UMH-listado_1','verTodo25UMH-listado-18_1'); location.href = '#shortCode25UMH_1';\"><div><img src=\"https:\/\/audiovisuales.umh.es\/consulta-audiovisual\/file?token=rLaVMr8xkHWbIktRmzk%2B2KWOFuB0kq0%2BwvM3VjQXa3g%3D\" alt=\"Discurs del poeta Tino Villanueva en la seua investidura com a Doctor Honoris Causa per la UMH, p. 1\" data-id=\"18\" \/><\/div><p>Discurs del poeta Tino Villanueva en la seua investidura com a Doctor Honoris Causa per la UMH, p. 1<\/p><\/a><\/li><li id=\"verTodo25UMH-listado-19_1\"><a href=\"#shortCode25UMH_1\" data-id=\"19\" onclick=\"UMH25_showTargetExclusivo('verTodo25UMH-showInfo_1');UMH25_showInfo('_1',this,imagenesInfo_1,'verTodo25UMH-showInfo_1',traducciones_1,'verTodo25UMH-listado_1','verTodo25UMH-listado-19_1'); location.href = '#shortCode25UMH_1';\"><div><img src=\"https:\/\/audiovisuales.umh.es\/consulta-audiovisual\/file?token=v%2B0ZslwUbrubIktRmzk%2B2KWOFuB0kq0%2BwvM3VjQXa3g%3D\" alt=\"Discurs del poeta Tino Villanueva en la seua investidura com a Doctor Honoris Causa per la UMH, p. 2\" data-id=\"19\" \/><\/div><p>Discurs del poeta Tino Villanueva en la seua investidura com a Doctor Honoris Causa per la UMH, p. 2<\/p><\/a><\/li><li id=\"verTodo25UMH-listado-20_1\"><a href=\"#shortCode25UMH_1\" data-id=\"20\" onclick=\"UMH25_showTargetExclusivo('verTodo25UMH-showInfo_1');UMH25_showInfo('_1',this,imagenesInfo_1,'verTodo25UMH-showInfo_1',traducciones_1,'verTodo25UMH-listado_1','verTodo25UMH-listado-20_1'); location.href = '#shortCode25UMH_1';\"><div><img src=\"https:\/\/audiovisuales.umh.es\/consulta-audiovisual\/file?token=0MC14AxZndebIktRmzk%2B2KWOFuB0kq0%2BwvM3VjQXa3g%3D\" alt=\"Discurs del poeta Tino Villanueva en la seua investidura com a Doctor Honoris Causa per la UMH, p. 3\" data-id=\"20\" \/><\/div><p>Discurs del poeta Tino Villanueva en la seua investidura com a Doctor Honoris Causa per la UMH, p. 3<\/p><\/a><\/li><li id=\"verTodo25UMH-listado-21_1\"><a href=\"#shortCode25UMH_1\" data-id=\"21\" onclick=\"UMH25_showTargetExclusivo('verTodo25UMH-showInfo_1');UMH25_showInfo('_1',this,imagenesInfo_1,'verTodo25UMH-showInfo_1',traducciones_1,'verTodo25UMH-listado_1','verTodo25UMH-listado-21_1'); location.href = '#shortCode25UMH_1';\"><div><img src=\"https:\/\/audiovisuales.umh.es\/consulta-audiovisual\/file?token=VJr7AJYuyqybIktRmzk%2B2KWOFuB0kq0%2BwvM3VjQXa3g%3D\" alt=\"Discurs del poeta Tino Villanueva en la seua investidura com a Doctor Honoris Causa per la UMH, p. 4\" data-id=\"21\" \/><\/div><p>Discurs del poeta Tino Villanueva en la seua investidura com a Doctor Honoris Causa per la UMH, p. 4<\/p><\/a><\/li><li id=\"verTodo25UMH-listado-22_1\"><a href=\"#shortCode25UMH_1\" data-id=\"22\" onclick=\"UMH25_showTargetExclusivo('verTodo25UMH-showInfo_1');UMH25_showInfo('_1',this,imagenesInfo_1,'verTodo25UMH-showInfo_1',traducciones_1,'verTodo25UMH-listado_1','verTodo25UMH-listado-22_1'); location.href = '#shortCode25UMH_1';\"><div><img src=\"https:\/\/audiovisuales.umh.es\/consulta-audiovisual\/file?token=wdSA2WzQWZebIktRmzk%2B2KWOFuB0kq0%2BwvM3VjQXa3g%3D\" alt=\"Discurs del poeta Tino Villanueva en la seua investidura com a Doctor Honoris Causa per la UMH, p. 5\" data-id=\"22\" \/><\/div><p>Discurs del poeta Tino Villanueva en la seua investidura com a Doctor Honoris Causa per la UMH, p. 5<\/p><\/a><\/li><li id=\"verTodo25UMH-listado-23_1\"><a href=\"#shortCode25UMH_1\" data-id=\"23\" onclick=\"UMH25_showTargetExclusivo('verTodo25UMH-showInfo_1');UMH25_showInfo('_1',this,imagenesInfo_1,'verTodo25UMH-showInfo_1',traducciones_1,'verTodo25UMH-listado_1','verTodo25UMH-listado-23_1'); location.href = '#shortCode25UMH_1';\"><div><img src=\"https:\/\/audiovisuales.umh.es\/consulta-audiovisual\/file?token=T2guWHOHi5ybIktRmzk%2B2KWOFuB0kq0%2BwvM3VjQXa3g%3D\" alt=\"Discurs del poeta Tino Villanueva en la seua investidura com a Doctor Honoris Causa per la UMH, p. 6\" data-id=\"23\" \/><\/div><p>Discurs del poeta Tino Villanueva en la seua investidura com a Doctor Honoris Causa per la UMH, p. 6<\/p><\/a><\/li><li id=\"verTodo25UMH-listado-24_1\"><a href=\"#shortCode25UMH_1\" data-id=\"24\" onclick=\"UMH25_showTargetExclusivo('verTodo25UMH-showInfo_1');UMH25_showInfo('_1',this,imagenesInfo_1,'verTodo25UMH-showInfo_1',traducciones_1,'verTodo25UMH-listado_1','verTodo25UMH-listado-24_1'); location.href = '#shortCode25UMH_1';\"><div><img src=\"https:\/\/audiovisuales.umh.es\/consulta-audiovisual\/file?token=DG8TThoSSEubIktRmzk%2B2KWOFuB0kq0%2BwvM3VjQXa3g%3D\" alt=\"Discurs del poeta Tino Villanueva en la seua investidura com a Doctor Honoris Causa per la UMH, p. 7\" data-id=\"24\" \/><\/div><p>Discurs del poeta Tino Villanueva en la seua investidura com a Doctor Honoris Causa per la UMH, p. 7<\/p><\/a><\/li><li id=\"verTodo25UMH-listado-25_1\"><a href=\"#shortCode25UMH_1\" data-id=\"25\" onclick=\"UMH25_showTargetExclusivo('verTodo25UMH-showInfo_1');UMH25_showInfo('_1',this,imagenesInfo_1,'verTodo25UMH-showInfo_1',traducciones_1,'verTodo25UMH-listado_1','verTodo25UMH-listado-25_1'); location.href = '#shortCode25UMH_1';\"><div><img src=\"https:\/\/audiovisuales.umh.es\/consulta-audiovisual\/file?token=k%2FFWe%2B02EDWbIktRmzk%2B2KWOFuB0kq0%2BwvM3VjQXa3g%3D\" alt=\"Discurs del poeta Tino Villanueva en la seua investidura com a Doctor Honoris Causa per la UMH, p. 8\" data-id=\"25\" \/><\/div><p>Discurs del poeta Tino Villanueva en la seua investidura com a Doctor Honoris Causa per la UMH, p. 8<\/p><\/a><\/li><li id=\"verTodo25UMH-listado-26_1\"><a href=\"#shortCode25UMH_1\" data-id=\"26\" onclick=\"UMH25_showTargetExclusivo('verTodo25UMH-showInfo_1');UMH25_showInfo('_1',this,imagenesInfo_1,'verTodo25UMH-showInfo_1',traducciones_1,'verTodo25UMH-listado_1','verTodo25UMH-listado-26_1'); location.href = '#shortCode25UMH_1';\"><div><img src=\"https:\/\/audiovisuales.umh.es\/consulta-audiovisual\/file?token=spAnG7fySL%2BbIktRmzk%2B2KWOFuB0kq0%2BwvM3VjQXa3g%3D\" alt=\"Discurs del poeta Tino Villanueva en la seua investidura com a Doctor Honoris Causa per la UMH, p. 9\" data-id=\"26\" \/><\/div><p>Discurs del poeta Tino Villanueva en la seua investidura com a Doctor Honoris Causa per la UMH, p. 9<\/p><\/a><\/li><li id=\"verTodo25UMH-listado-27_1\"><a href=\"#shortCode25UMH_1\" data-id=\"27\" onclick=\"UMH25_showTargetExclusivo('verTodo25UMH-showInfo_1');UMH25_showInfo('_1',this,imagenesInfo_1,'verTodo25UMH-showInfo_1',traducciones_1,'verTodo25UMH-listado_1','verTodo25UMH-listado-27_1'); location.href = '#shortCode25UMH_1';\"><div><img src=\"https:\/\/audiovisuales.umh.es\/consulta-audiovisual\/file?token=zLgUK1cwmR%2BbIktRmzk%2B2KWOFuB0kq0%2BwvM3VjQXa3g%3D\" alt=\"Discurs del poeta Tino Villanueva en la seua investidura com a Doctor Honoris Causa per la UMH, p. 10\" data-id=\"27\" \/><\/div><p>Discurs del poeta Tino Villanueva en la seua investidura com a Doctor Honoris Causa per la UMH, p. 10<\/p><\/a><\/li><li id=\"verTodo25UMH-listado-28_1\"><a href=\"#shortCode25UMH_1\" data-id=\"28\" onclick=\"UMH25_showTargetExclusivo('verTodo25UMH-showInfo_1');UMH25_showInfo('_1',this,imagenesInfo_1,'verTodo25UMH-showInfo_1',traducciones_1,'verTodo25UMH-listado_1','verTodo25UMH-listado-28_1'); location.href = '#shortCode25UMH_1';\"><div><img src=\"https:\/\/audiovisuales.umh.es\/consulta-audiovisual\/file?token=BhtzCzl1le6bIktRmzk%2B2KWOFuB0kq0%2BwvM3VjQXa3g%3D\" alt=\"Speech by the engineer Nuria Oliver at her investiture as Doctor Honoris Causa by the UMH, p. 1\" data-id=\"28\" \/><\/div><p>Speech by the engineer Nuria Oliver at her investiture as Doctor Honoris Causa by the UMH, p. 1<\/p><\/a><\/li><li id=\"verTodo25UMH-listado-29_1\"><a href=\"#shortCode25UMH_1\" data-id=\"29\" onclick=\"UMH25_showTargetExclusivo('verTodo25UMH-showInfo_1');UMH25_showInfo('_1',this,imagenesInfo_1,'verTodo25UMH-showInfo_1',traducciones_1,'verTodo25UMH-listado_1','verTodo25UMH-listado-29_1'); location.href = '#shortCode25UMH_1';\"><div><img src=\"https:\/\/audiovisuales.umh.es\/consulta-audiovisual\/file?token=Y9VmddWE2sKbIktRmzk%2B2KWOFuB0kq0%2BwvM3VjQXa3g%3D\" alt=\"Speech by the engineer Nuria Oliver at her investiture as Doctor Honoris Causa by the UMH, p. 3\" data-id=\"29\" \/><\/div><p>Speech by the engineer Nuria Oliver at her investiture as Doctor Honoris Causa by the UMH, p. 3<\/p><\/a><\/li><li id=\"verTodo25UMH-listado-30_1\"><a href=\"#shortCode25UMH_1\" data-id=\"30\" onclick=\"UMH25_showTargetExclusivo('verTodo25UMH-showInfo_1');UMH25_showInfo('_1',this,imagenesInfo_1,'verTodo25UMH-showInfo_1',traducciones_1,'verTodo25UMH-listado_1','verTodo25UMH-listado-30_1'); location.href = '#shortCode25UMH_1';\"><div><img src=\"https:\/\/audiovisuales.umh.es\/consulta-audiovisual\/file?token=LrzZFQj9UvebIktRmzk%2B2KWOFuB0kq0%2BwvM3VjQXa3g%3D\" alt=\"Speech by the engineer Nuria Oliver at her investiture as Doctor Honoris Causa by the UMH, p. 3\" data-id=\"30\" \/><\/div><p>Speech by the engineer Nuria Oliver at her investiture as Doctor Honoris Causa by the UMH, p. 3<\/p><\/a><\/li><li id=\"verTodo25UMH-listado-31_1\"><a href=\"#shortCode25UMH_1\" data-id=\"31\" onclick=\"UMH25_showTargetExclusivo('verTodo25UMH-showInfo_1');UMH25_showInfo('_1',this,imagenesInfo_1,'verTodo25UMH-showInfo_1',traducciones_1,'verTodo25UMH-listado_1','verTodo25UMH-listado-31_1'); location.href = '#shortCode25UMH_1';\"><div><img src=\"https:\/\/audiovisuales.umh.es\/consulta-audiovisual\/file?token=aHW%2BvpcZu1qbIktRmzk%2B2KWOFuB0kq0%2BwvM3VjQXa3g%3D\" alt=\"Speech by the engineer Nuria Oliver at her investiture as Doctor Honoris Causa by the UMH, p. 4\" data-id=\"31\" \/><\/div><p>Speech by the engineer Nuria Oliver at her investiture as Doctor Honoris Causa by the UMH, p. 4<\/p><\/a><\/li><li id=\"verTodo25UMH-listado-32_1\"><a href=\"#shortCode25UMH_1\" data-id=\"32\" onclick=\"UMH25_showTargetExclusivo('verTodo25UMH-showInfo_1');UMH25_showInfo('_1',this,imagenesInfo_1,'verTodo25UMH-showInfo_1',traducciones_1,'verTodo25UMH-listado_1','verTodo25UMH-listado-32_1'); location.href = '#shortCode25UMH_1';\"><div><img src=\"https:\/\/audiovisuales.umh.es\/consulta-audiovisual\/file?token=0Mx75D0GuQqbIktRmzk%2B2KWOFuB0kq0%2BwvM3VjQXa3g%3D\" alt=\"Speech by the engineer Nuria Oliver at her investiture as Doctor Honoris Causa by the UMH, p. 5\" data-id=\"32\" \/><\/div><p>Speech by the engineer Nuria Oliver at her investiture as Doctor Honoris Causa by the UMH, p. 5<\/p><\/a><\/li><li id=\"verTodo25UMH-listado-33_1\"><a href=\"#shortCode25UMH_1\" data-id=\"33\" onclick=\"UMH25_showTargetExclusivo('verTodo25UMH-showInfo_1');UMH25_showInfo('_1',this,imagenesInfo_1,'verTodo25UMH-showInfo_1',traducciones_1,'verTodo25UMH-listado_1','verTodo25UMH-listado-33_1'); location.href = '#shortCode25UMH_1';\"><div><img src=\"https:\/\/audiovisuales.umh.es\/consulta-audiovisual\/file?token=nxUW28rXP7WbIktRmzk%2B2KWOFuB0kq0%2BwvM3VjQXa3g%3D\" alt=\"Speech by the engineer Nuria Oliver at her investiture as Doctor Honoris Causa by the UMH, p. 6\" data-id=\"33\" \/><\/div><p>Speech by the engineer Nuria Oliver at her investiture as Doctor Honoris Causa by the UMH, p. 6<\/p><\/a><\/li><li id=\"verTodo25UMH-listado-34_1\"><a href=\"#shortCode25UMH_1\" data-id=\"34\" onclick=\"UMH25_showTargetExclusivo('verTodo25UMH-showInfo_1');UMH25_showInfo('_1',this,imagenesInfo_1,'verTodo25UMH-showInfo_1',traducciones_1,'verTodo25UMH-listado_1','verTodo25UMH-listado-34_1'); location.href = '#shortCode25UMH_1';\"><div><img src=\"https:\/\/audiovisuales.umh.es\/consulta-audiovisual\/file?token=QSyyMa3GCkqbIktRmzk%2B2KWOFuB0kq0%2BwvM3VjQXa3g%3D\" alt=\"Speech by the engineer Nuria Oliver at her investiture as Doctor Honoris Causa by the UMH, p. 7\" data-id=\"34\" \/><\/div><p>Speech by the engineer Nuria Oliver at her investiture as Doctor Honoris Causa by the UMH, p. 7<\/p><\/a><\/li><li id=\"verTodo25UMH-listado-35_1\"><a href=\"#shortCode25UMH_1\" data-id=\"35\" onclick=\"UMH25_showTargetExclusivo('verTodo25UMH-showInfo_1');UMH25_showInfo('_1',this,imagenesInfo_1,'verTodo25UMH-showInfo_1',traducciones_1,'verTodo25UMH-listado_1','verTodo25UMH-listado-35_1'); location.href = '#shortCode25UMH_1';\"><div><img src=\"https:\/\/audiovisuales.umh.es\/consulta-audiovisual\/file?token=%2BwckJrZE2f2bIktRmzk%2B2KWOFuB0kq0%2BwvM3VjQXa3g%3D\" alt=\"Speech by the engineer Nuria Oliver at her investiture as Doctor Honoris Causa by the UMH, p. 8\" data-id=\"35\" \/><\/div><p>Speech by the engineer Nuria Oliver at her investiture as Doctor Honoris Causa by the UMH, p. 8<\/p><\/a><\/li><li id=\"verTodo25UMH-listado-36_1\"><a href=\"#shortCode25UMH_1\" data-id=\"36\" onclick=\"UMH25_showTargetExclusivo('verTodo25UMH-showInfo_1');UMH25_showInfo('_1',this,imagenesInfo_1,'verTodo25UMH-showInfo_1',traducciones_1,'verTodo25UMH-listado_1','verTodo25UMH-listado-36_1'); location.href = '#shortCode25UMH_1';\"><div><img src=\"https:\/\/audiovisuales.umh.es\/consulta-audiovisual\/file?token=NPYsSJcbRzGbIktRmzk%2B2KWOFuB0kq0%2BwvM3VjQXa3g%3D\" alt=\"Speech by the engineer Nuria Oliver at her investiture as Doctor Honoris Causa by the UMH, p. 9\" data-id=\"36\" \/><\/div><p>Speech by the engineer Nuria Oliver at her investiture as Doctor Honoris Causa by the UMH, p. 9<\/p><\/a><\/li><li id=\"verTodo25UMH-listado-37_1\"><a href=\"#shortCode25UMH_1\" data-id=\"37\" onclick=\"UMH25_showTargetExclusivo('verTodo25UMH-showInfo_1');UMH25_showInfo('_1',this,imagenesInfo_1,'verTodo25UMH-showInfo_1',traducciones_1,'verTodo25UMH-listado_1','verTodo25UMH-listado-37_1'); location.href = '#shortCode25UMH_1';\"><div><img src=\"https:\/\/audiovisuales.umh.es\/consulta-audiovisual\/file?token=WQLRCp%2B72rybIktRmzk%2B2KWOFuB0kq0%2BwvM3VjQXa3g%3D\" alt=\"Speech by the engineer Nuria Oliver at her investiture as Doctor Honoris Causa by the UMH, p. 10\" data-id=\"37\" \/><\/div><p>Speech by the engineer Nuria Oliver at her investiture as Doctor Honoris Causa by the UMH, p. 10<\/p><\/a><\/li><li id=\"verTodo25UMH-listado-38_1\"><a href=\"#shortCode25UMH_1\" data-id=\"38\" onclick=\"UMH25_showTargetExclusivo('verTodo25UMH-showInfo_1');UMH25_showInfo('_1',this,imagenesInfo_1,'verTodo25UMH-showInfo_1',traducciones_1,'verTodo25UMH-listado_1','verTodo25UMH-listado-38_1'); location.href = '#shortCode25UMH_1';\"><div><img src=\"https:\/\/audiovisuales.umh.es\/consulta-audiovisual\/file?token=VuaMotWptOqbIktRmzk%2B2KWOFuB0kq0%2BwvM3VjQXa3g%3D\" alt=\"Speech by the engineer Nuria Oliver at her investiture as Doctor Honoris Causa by the UMH, p. 11\" data-id=\"38\" \/><\/div><p>Speech by the engineer Nuria Oliver at her investiture as Doctor Honoris Causa by the UMH, p. 11<\/p><\/a><\/li><li id=\"verTodo25UMH-listado-39_1\"><a href=\"#shortCode25UMH_1\" data-id=\"39\" onclick=\"UMH25_showTargetExclusivo('verTodo25UMH-showInfo_1');UMH25_showInfo('_1',this,imagenesInfo_1,'verTodo25UMH-showInfo_1',traducciones_1,'verTodo25UMH-listado_1','verTodo25UMH-listado-39_1'); location.href = '#shortCode25UMH_1';\"><div><img src=\"https:\/\/audiovisuales.umh.es\/consulta-audiovisual\/file?token=XR19Xo7r7SqbIktRmzk%2B2KWOFuB0kq0%2BwvM3VjQXa3g%3D\" alt=\"Speech by the engineer Nuria Oliver at her investiture as Doctor Honoris Causa by the UMH, p. 12\" data-id=\"39\" \/><\/div><p>Speech by the engineer Nuria Oliver at her investiture as Doctor Honoris Causa by the UMH, p. 12<\/p><\/a><\/li><li id=\"verTodo25UMH-listado-40_1\"><a href=\"#shortCode25UMH_1\" data-id=\"40\" onclick=\"UMH25_showTargetExclusivo('verTodo25UMH-showInfo_1');UMH25_showInfo('_1',this,imagenesInfo_1,'verTodo25UMH-showInfo_1',traducciones_1,'verTodo25UMH-listado_1','verTodo25UMH-listado-40_1'); location.href = '#shortCode25UMH_1';\"><div><img src=\"https:\/\/audiovisuales.umh.es\/consulta-audiovisual\/file?token=XDUanntTndGbIktRmzk%2B2KWOFuB0kq0%2BwvM3VjQXa3g%3D\" alt=\"Cerimonial de la investidura com a Doctors Honoris Causa de Quique Dacosta i Paco Torreblanca, p. 1\" data-id=\"40\" \/><\/div><p>Cerimonial de la investidura com a Doctors Honoris Causa de Quique Dacosta i Paco Torreblanca, p. 1<\/p><\/a><\/li><li id=\"verTodo25UMH-listado-41_1\"><a href=\"#shortCode25UMH_1\" data-id=\"41\" onclick=\"UMH25_showTargetExclusivo('verTodo25UMH-showInfo_1');UMH25_showInfo('_1',this,imagenesInfo_1,'verTodo25UMH-showInfo_1',traducciones_1,'verTodo25UMH-listado_1','verTodo25UMH-listado-41_1'); location.href = '#shortCode25UMH_1';\"><div><img src=\"https:\/\/audiovisuales.umh.es\/consulta-audiovisual\/file?token=czuTCHIPn%2B6bIktRmzk%2B2KWOFuB0kq0%2BwvM3VjQXa3g%3D\" alt=\"Cerimonial de la investidura com a Doctors Honoris Causa de Quique Dacosta i Paco Torreblanca, p. 2\" data-id=\"41\" \/><\/div><p>Cerimonial de la investidura com a Doctors Honoris Causa de Quique Dacosta i Paco Torreblanca, p. 2<\/p><\/a><\/li><li id=\"verTodo25UMH-listado-42_1\"><a href=\"#shortCode25UMH_1\" data-id=\"42\" onclick=\"UMH25_showTargetExclusivo('verTodo25UMH-showInfo_1');UMH25_showInfo('_1',this,imagenesInfo_1,'verTodo25UMH-showInfo_1',traducciones_1,'verTodo25UMH-listado_1','verTodo25UMH-listado-42_1'); location.href = '#shortCode25UMH_1';\"><div><img src=\"https:\/\/audiovisuales.umh.es\/consulta-audiovisual\/file?token=1sR5yfaclYWbIktRmzk%2B2KWOFuB0kq0%2BwvM3VjQXa3g%3D\" alt=\"Cerimonial de la investidura com a Doctors Honoris Causa de Quique Dacosta i Paco Torreblanca, p. 3\" data-id=\"42\" \/><\/div><p>Cerimonial de la investidura com a Doctors Honoris Causa de Quique Dacosta i Paco Torreblanca, p. 3<\/p><\/a><\/li><li id=\"verTodo25UMH-listado-43_1\"><a href=\"#shortCode25UMH_1\" data-id=\"43\" onclick=\"UMH25_showTargetExclusivo('verTodo25UMH-showInfo_1');UMH25_showInfo('_1',this,imagenesInfo_1,'verTodo25UMH-showInfo_1',traducciones_1,'verTodo25UMH-listado_1','verTodo25UMH-listado-43_1'); location.href = '#shortCode25UMH_1';\"><div><img src=\"https:\/\/audiovisuales.umh.es\/consulta-audiovisual\/file?token=sS80jz91JmCbIktRmzk%2B2KWOFuB0kq0%2BwvM3VjQXa3g%3D\" alt=\"Cerimonial de la investidura com a Doctors Honoris Causa de Quique Dacosta i Paco Torreblanca, p. 4\" data-id=\"43\" \/><\/div><p>Cerimonial de la investidura com a Doctors Honoris Causa de Quique Dacosta i Paco Torreblanca, p. 4<\/p><\/a><\/li><li id=\"verTodo25UMH-listado-44_1\"><a href=\"#shortCode25UMH_1\" data-id=\"44\" onclick=\"UMH25_showTargetExclusivo('verTodo25UMH-showInfo_1');UMH25_showInfo('_1',this,imagenesInfo_1,'verTodo25UMH-showInfo_1',traducciones_1,'verTodo25UMH-listado_1','verTodo25UMH-listado-44_1'); location.href = '#shortCode25UMH_1';\"><div><img src=\"https:\/\/audiovisuales.umh.es\/consulta-audiovisual\/file?token=vD1pIteYn7ObIktRmzk%2B2KWOFuB0kq0%2BwvM3VjQXa3g%3D\" alt=\"Cerimonial de la investidura com a Doctors Honoris Causa de Quique Dacosta i Paco Torreblanca, p. 5\" data-id=\"44\" \/><\/div><p>Cerimonial de la investidura com a Doctors Honoris Causa de Quique Dacosta i Paco Torreblanca, p. 5<\/p><\/a><\/li><li id=\"verTodo25UMH-listado-45_1\"><a href=\"#shortCode25UMH_1\" data-id=\"45\" onclick=\"UMH25_showTargetExclusivo('verTodo25UMH-showInfo_1');UMH25_showInfo('_1',this,imagenesInfo_1,'verTodo25UMH-showInfo_1',traducciones_1,'verTodo25UMH-listado_1','verTodo25UMH-listado-45_1'); location.href = '#shortCode25UMH_1';\"><div><img src=\"https:\/\/audiovisuales.umh.es\/consulta-audiovisual\/file?token=i83cYRlI5ZybIktRmzk%2B2KWOFuB0kq0%2BwvM3VjQXa3g%3D\" alt=\"Cerimonial de la investidura com a Doctors Honoris Causa de Quique Dacosta i Paco Torreblanca, p. 6\" data-id=\"45\" \/><\/div><p>Cerimonial de la investidura com a Doctors Honoris Causa de Quique Dacosta i Paco Torreblanca, p. 6<\/p><\/a><\/li><li id=\"verTodo25UMH-listado-46_1\"><a href=\"#shortCode25UMH_1\" data-id=\"46\" onclick=\"UMH25_showTargetExclusivo('verTodo25UMH-showInfo_1');UMH25_showInfo('_1',this,imagenesInfo_1,'verTodo25UMH-showInfo_1',traducciones_1,'verTodo25UMH-listado_1','verTodo25UMH-listado-46_1'); location.href = '#shortCode25UMH_1';\"><div><img src=\"https:\/\/audiovisuales.umh.es\/consulta-audiovisual\/file?token=eOKVxjE0xk%2BbIktRmzk%2B2KWOFuB0kq0%2BwvM3VjQXa3g%3D\" alt=\"Cerimonial de la investidura com a Doctors Honoris Causa de Quique Dacosta i Paco Torreblanca, p. 7\" data-id=\"46\" \/><\/div><p>Cerimonial de la investidura com a Doctors Honoris Causa de Quique Dacosta i Paco Torreblanca, p. 7<\/p><\/a><\/li><li id=\"verTodo25UMH-listado-47_1\"><a href=\"#shortCode25UMH_1\" data-id=\"47\" onclick=\"UMH25_showTargetExclusivo('verTodo25UMH-showInfo_1');UMH25_showInfo('_1',this,imagenesInfo_1,'verTodo25UMH-showInfo_1',traducciones_1,'verTodo25UMH-listado_1','verTodo25UMH-listado-47_1'); location.href = '#shortCode25UMH_1';\"><div><img src=\"https:\/\/audiovisuales.umh.es\/consulta-audiovisual\/file?token=6YQ4MO0V0xqbIktRmzk%2B2KWOFuB0kq0%2BwvM3VjQXa3g%3D\" alt=\"Cerimonial de la investidura com a Doctors Honoris Causa de Quique Dacosta i Paco Torreblanca, p. 8\" data-id=\"47\" \/><\/div><p>Cerimonial de la investidura com a Doctors Honoris Causa de Quique Dacosta i Paco Torreblanca, p. 8<\/p><\/a><\/li><li id=\"verTodo25UMH-listado-48_1\"><a href=\"#shortCode25UMH_1\" data-id=\"48\" onclick=\"UMH25_showTargetExclusivo('verTodo25UMH-showInfo_1');UMH25_showInfo('_1',this,imagenesInfo_1,'verTodo25UMH-showInfo_1',traducciones_1,'verTodo25UMH-listado_1','verTodo25UMH-listado-48_1'); location.href = '#shortCode25UMH_1';\"><div><img src=\"https:\/\/audiovisuales.umh.es\/consulta-audiovisual\/file?token=Cmw5Dgx2qcmbIktRmzk%2B2KWOFuB0kq0%2BwvM3VjQXa3g%3D\" alt=\"Portada Investidura Doctor Honoris Causa Fernando &Aacute;lvarez de Miranda\" data-id=\"48\" \/><\/div><p>Portada Investidura Doctor Honoris Causa Fernando &Aacute;lvarez de Miranda<\/p><\/a><\/li><li id=\"verTodo25UMH-listado-49_1\"><a href=\"#shortCode25UMH_1\" data-id=\"49\" onclick=\"UMH25_showTargetExclusivo('verTodo25UMH-showInfo_1');UMH25_showInfo('_1',this,imagenesInfo_1,'verTodo25UMH-showInfo_1',traducciones_1,'verTodo25UMH-listado_1','verTodo25UMH-listado-49_1'); location.href = '#shortCode25UMH_1';\"><div><img src=\"https:\/\/audiovisuales.umh.es\/consulta-audiovisual\/file?token=JmdZFqpbG9KbIktRmzk%2B2KWOFuB0kq0%2BwvM3VjQXa3g%3D\" alt=\"Laudatio del professor Antonio Mart&iacute;nez Pujalte, padr&iacute; del DHC Fernando &Aacute;lvarez de Miranda\" data-id=\"49\" \/><\/div><p>Laudatio del professor Antonio Mart&iacute;nez Pujalte, padr&iacute; del DHC Fernando &Aacute;lvarez de Miranda<\/p><\/a><\/li><li id=\"verTodo25UMH-listado-50_1\"><a href=\"#shortCode25UMH_1\" data-id=\"50\" onclick=\"UMH25_showTargetExclusivo('verTodo25UMH-showInfo_1');UMH25_showInfo('_1',this,imagenesInfo_1,'verTodo25UMH-showInfo_1',traducciones_1,'verTodo25UMH-listado_1','verTodo25UMH-listado-50_1'); location.href = '#shortCode25UMH_1';\"><div><img src=\"https:\/\/audiovisuales.umh.es\/consulta-audiovisual\/file?token=TU5MmURyxM6bIktRmzk%2B2KWOFuB0kq0%2BwvM3VjQXa3g%3D\" alt=\"Laudatio del professor Antonio Mart&iacute;nez Pujalte, padr&iacute; del DHC Fernando &Aacute;lvarez de Miranda, p. 1\" data-id=\"50\" \/><\/div><p>Laudatio del professor Antonio Mart&iacute;nez Pujalte, padr&iacute; del DHC Fernando &Aacute;lvarez de Miranda, p. 1<\/p><\/a><\/li><li id=\"verTodo25UMH-listado-51_1\"><a href=\"#shortCode25UMH_1\" data-id=\"51\" onclick=\"UMH25_showTargetExclusivo('verTodo25UMH-showInfo_1');UMH25_showInfo('_1',this,imagenesInfo_1,'verTodo25UMH-showInfo_1',traducciones_1,'verTodo25UMH-listado_1','verTodo25UMH-listado-51_1'); location.href = '#shortCode25UMH_1';\"><div><img src=\"https:\/\/audiovisuales.umh.es\/consulta-audiovisual\/file?token=TtB6DISQjXebIktRmzk%2B2KWOFuB0kq0%2BwvM3VjQXa3g%3D\" alt=\"Laudatio del professor Antonio Mart&iacute;nez Pujalte, padr&iacute; del DHC Fernando &Aacute;lvarez de Miranda, p. 2\" data-id=\"51\" \/><\/div><p>Laudatio del professor Antonio Mart&iacute;nez Pujalte, padr&iacute; del DHC Fernando &Aacute;lvarez de Miranda, p. 2<\/p><\/a><\/li><li id=\"verTodo25UMH-listado-52_1\"><a href=\"#shortCode25UMH_1\" data-id=\"52\" onclick=\"UMH25_showTargetExclusivo('verTodo25UMH-showInfo_1');UMH25_showInfo('_1',this,imagenesInfo_1,'verTodo25UMH-showInfo_1',traducciones_1,'verTodo25UMH-listado_1','verTodo25UMH-listado-52_1'); location.href = '#shortCode25UMH_1';\"><div><img src=\"https:\/\/audiovisuales.umh.es\/consulta-audiovisual\/file?token=WHY%2FIwGrDPGbIktRmzk%2B2KWOFuB0kq0%2BwvM3VjQXa3g%3D\" alt=\"Laudatio del professor Antonio Mart&iacute;nez Pujalte, padr&iacute; del DHC Fernando &Aacute;lvarez de Miranda, p. 3\" data-id=\"52\" \/><\/div><p>Laudatio del professor Antonio Mart&iacute;nez Pujalte, padr&iacute; del DHC Fernando &Aacute;lvarez de Miranda, p. 3<\/p><\/a><\/li><li id=\"verTodo25UMH-listado-53_1\"><a href=\"#shortCode25UMH_1\" data-id=\"53\" onclick=\"UMH25_showTargetExclusivo('verTodo25UMH-showInfo_1');UMH25_showInfo('_1',this,imagenesInfo_1,'verTodo25UMH-showInfo_1',traducciones_1,'verTodo25UMH-listado_1','verTodo25UMH-listado-53_1'); location.href = '#shortCode25UMH_1';\"><div><img src=\"https:\/\/audiovisuales.umh.es\/consulta-audiovisual\/file?token=AvFJ0s%2FrQtObIktRmzk%2B2KWOFuB0kq0%2BwvM3VjQXa3g%3D\" alt=\"Laudatio del professor Antonio Mart&iacute;nez Pujalte, padr&iacute; del DHC Fernando &Aacute;lvarez de Miranda, p. 4\" data-id=\"53\" \/><\/div><p>Laudatio del professor Antonio Mart&iacute;nez Pujalte, padr&iacute; del DHC Fernando &Aacute;lvarez de Miranda, p. 4<\/p><\/a><\/li><li id=\"verTodo25UMH-listado-54_1\"><a href=\"#shortCode25UMH_1\" data-id=\"54\" onclick=\"UMH25_showTargetExclusivo('verTodo25UMH-showInfo_1');UMH25_showInfo('_1',this,imagenesInfo_1,'verTodo25UMH-showInfo_1',traducciones_1,'verTodo25UMH-listado_1','verTodo25UMH-listado-54_1'); location.href = '#shortCode25UMH_1';\"><div><img src=\"https:\/\/audiovisuales.umh.es\/consulta-audiovisual\/file?token=cX6HFSudHL%2BbIktRmzk%2B2KWOFuB0kq0%2BwvM3VjQXa3g%3D\" alt=\"Laudatio del professor Antonio Mart&iacute;nez Pujalte, padr&iacute; del DHC Fernando &Aacute;lvarez de Miranda, p. 5\" data-id=\"54\" \/><\/div><p>Laudatio del professor Antonio Mart&iacute;nez Pujalte, padr&iacute; del DHC Fernando &Aacute;lvarez de Miranda, p. 5<\/p><\/a><\/li><li id=\"verTodo25UMH-listado-55_1\"><a href=\"#shortCode25UMH_1\" data-id=\"55\" onclick=\"UMH25_showTargetExclusivo('verTodo25UMH-showInfo_1');UMH25_showInfo('_1',this,imagenesInfo_1,'verTodo25UMH-showInfo_1',traducciones_1,'verTodo25UMH-listado_1','verTodo25UMH-listado-55_1'); location.href = '#shortCode25UMH_1';\"><div><img src=\"https:\/\/audiovisuales.umh.es\/consulta-audiovisual\/file?token=a1T2PrJUtXibIktRmzk%2B2KWOFuB0kq0%2BwvM3VjQXa3g%3D\" alt=\"Laudatio del professor Antonio Mart&iacute;nez Pujalte, padr&iacute; del DHC Fernando &Aacute;lvarez de Miranda, p. 6\" data-id=\"55\" \/><\/div><p>Laudatio del professor Antonio Mart&iacute;nez Pujalte, padr&iacute; del DHC Fernando &Aacute;lvarez de Miranda, p. 6<\/p><\/a><\/li><li id=\"verTodo25UMH-listado-56_1\"><a href=\"#shortCode25UMH_1\" data-id=\"56\" onclick=\"UMH25_showTargetExclusivo('verTodo25UMH-showInfo_1');UMH25_showInfo('_1',this,imagenesInfo_1,'verTodo25UMH-showInfo_1',traducciones_1,'verTodo25UMH-listado_1','verTodo25UMH-listado-56_1'); location.href = '#shortCode25UMH_1';\"><div><img src=\"https:\/\/audiovisuales.umh.es\/consulta-audiovisual\/file?token=9RqR%2Fndf10ebIktRmzk%2B2KWOFuB0kq0%2BwvM3VjQXa3g%3D\" alt=\"Imatge de la vinyeta realitzada per l''humorista gr&agrave;fic i acabat d''investir com a Doctor Honoris Causa el senyor Antonio Fraguas de Pablo &quot;Forges&quot; recordant el poeta Miguel Hern&aacute;ndez\" data-id=\"56\" \/><\/div><p>Imatge de la vinyeta realitzada per l''humorista gr&agrave;fic i acabat d''investir com a Doctor Honoris Causa el senyor Antonio Fraguas de Pablo &quot;Forges&quot; recordant el poeta Miguel Hern&aacute;ndez<\/p><\/a><\/li><\/ul>\n\t\t\t\t<script type=\"text\/javascript\">UMH25_pagina('#verTodo25UMH-listado_1 > ul', 0, 10, jQuery('#botonPaginado25UMH_1_0'))<\/script>\n\t\t\t<\/div>\n\t\t\t<div id=\"verTodo25UMH-showInfo_1\" class=\"verTodo25UMH-showInfo showInfoUMH25\"><\/div>\n\t\t<\/div>\n\t<\/div>\n<\/div><\/span>[\/et_pb_text][\/et_pb_column][\/et_pb_row][et_pb_row _builder_version=&#8221;4.16&#8243; custom_margin_tablet=&#8221;0px||||false|false&#8221; custom_margin_phone=&#8221;0px||||false|false&#8221; custom_margin_last_edited=&#8221;on|phone&#8221; locked=&#8221;off&#8221; global_colors_info=&#8221;{}&#8221;][et_pb_column type=&#8221;4_4&#8243; _builder_version=&#8221;4.16&#8243; global_colors_info=&#8221;{}&#8221;][et_pb_gallery gallery_ids=&#8221;1696,1687,1714&#8243; show_title_and_caption=&#8221;off&#8221; _builder_version=&#8221;4.16&#8243; title_level=&#8221;h6&#8243; caption_font=&#8221;||||||||&#8221; caption_text_align=&#8221;center&#8221; text_orientation=&#8221;center&#8221; max_width=&#8221;70%&#8221; module_alignment=&#8221;center&#8221; custom_margin=&#8221;50px||50px||true|false&#8221; custom_margin_tablet=&#8221;&#8221; custom_margin_phone=&#8221;&#8221; custom_margin_last_edited=&#8221;on|desktop&#8221; custom_padding=&#8221;|||0px|false|false&#8221; custom_css_main_element=&#8221;width: 100%;&#8221; border_radii_image=&#8221;on|10px|10px|10px|10px&#8221; border_width_all_image=&#8221;2px&#8221; border_color_all_image=&#8221;#000000&#8243; global_colors_info=&#8221;{}&#8221;][\/et_pb_gallery][et_pb_button button_url=&#8221;https:\/\/expo25.umh.es\/ca\/societat\/&#8221; button_text=&#8221;IV SOCIETAT&#8221; button_alignment=&#8221;left&#8221; _builder_version=&#8221;4.17.4&#8243; custom_button=&#8221;on&#8221; button_text_size=&#8221;25px&#8221; button_text_color=&#8221;#ffffff&#8221; button_bg_image=&#8221;https:\/\/expo25.umh.es\/files\/2022\/06\/amarillo-1-scaled.jpg&#8221; button_border_color=&#8221;#e4532d&#8221; button_border_radius=&#8221;10px&#8221; button_letter_spacing=&#8221;1px&#8221; button_font=&#8221;|600|||||||&#8221; background_layout=&#8221;dark&#8221; custom_margin=&#8221;|150px||150px|false|false&#8221; custom_margin_tablet=&#8221;&#8221; custom_margin_phone=&#8221;|0px||0px|false|false&#8221; custom_margin_last_edited=&#8221;on|phone&#8221; custom_css_main_element=&#8221;width: 100%;&#8221; global_colors_info=&#8221;{}&#8221; button_bg_color__hover_enabled=&#8221;on|hover&#8221; button_bg_enable_image__hover=&#8221;off&#8221; button_bg_color__hover=&#8221;#f0981e  &#8221; button_bg_enable_color__hover=&#8221;on&#8221; button_border_color__hover_enabled=&#8221;on|hover&#8221; button_border_color__hover=&#8221;#ffffff&#8221;][\/et_pb_button][et_pb_button button_url=&#8221;https:\/\/expo25.umh.es\/ca\/societat\/doctors-honoris-causa\/&#8221; button_text=&#8221;IV.I DOCTORS HONORIS CAUSA&#8221; button_alignment=&#8221;left&#8221; _builder_version=&#8221;4.17.4&#8243; custom_button=&#8221;on&#8221; button_text_size=&#8221;25px&#8221; button_text_color=&#8221;#ffffff&#8221; button_bg_image=&#8221;https:\/\/expo25.umh.es\/files\/2022\/06\/amarillo-1-scaled.jpg&#8221; button_border_color=&#8221;#e4532d&#8221; button_border_radius=&#8221;10px&#8221; button_letter_spacing=&#8221;1px&#8221; button_font=&#8221;|600|||on||||&#8221; background_layout=&#8221;dark&#8221; custom_margin=&#8221;|150px||200px|false|false&#8221; custom_margin_tablet=&#8221;&#8221; custom_margin_phone=&#8221;|0px||0px|false|false&#8221; custom_margin_last_edited=&#8221;on|phone&#8221; custom_css_main_element=&#8221;width: 100%;&#8221; global_colors_info=&#8221;{}&#8221; button_bg_color__hover_enabled=&#8221;on|hover&#8221; button_bg_enable_image__hover=&#8221;off&#8221; button_bg_color__hover=&#8221;#f0981e  &#8221; button_bg_enable_color__hover=&#8221;on&#8221; button_border_color__hover_enabled=&#8221;on|hover&#8221; button_border_color__hover=&#8221;#ffffff&#8221;][\/et_pb_button][et_pb_button button_url=&#8221;https:\/\/expo25.umh.es\/ca\/societat\/coneixement-obert\/&#8221; button_text=&#8221;IV.II CONEIXEMENT OBERT&#8221; button_alignment=&#8221;left&#8221; _builder_version=&#8221;4.17.4&#8243; custom_button=&#8221;on&#8221; button_text_size=&#8221;25px&#8221; button_text_color=&#8221;#ffffff&#8221; button_bg_image=&#8221;https:\/\/expo25.umh.es\/files\/2022\/06\/amarillo-1-scaled.jpg&#8221; button_border_color=&#8221;#e4532d&#8221; button_border_radius=&#8221;10px&#8221; button_letter_spacing=&#8221;1px&#8221; button_font=&#8221;|600|||||||&#8221; background_layout=&#8221;dark&#8221; custom_margin=&#8221;|150px||200px|false|false&#8221; custom_margin_tablet=&#8221;&#8221; custom_margin_phone=&#8221;|0px||0px|false|false&#8221; custom_margin_last_edited=&#8221;on|phone&#8221; custom_css_main_element=&#8221;width: 100%;&#8221; global_colors_info=&#8221;{}&#8221; button_bg_color__hover_enabled=&#8221;on|hover&#8221; button_bg_enable_image__hover=&#8221;off&#8221; button_bg_color__hover=&#8221;#f0981e  &#8221; button_bg_enable_color__hover=&#8221;on&#8221; button_border_color__hover_enabled=&#8221;on|hover&#8221; button_border_color__hover=&#8221;#ffffff&#8221;][\/et_pb_button][et_pb_button button_url=&#8221;https:\/\/expo25.umh.es\/ca\/societat\/compromis-social\/&#8221; button_text=&#8221;IV.III COMPROM\u00cdS SOCIAL&#8221; button_alignment=&#8221;left&#8221; _builder_version=&#8221;4.17.4&#8243; custom_button=&#8221;on&#8221; button_text_size=&#8221;25px&#8221; button_text_color=&#8221;#ffffff&#8221; button_bg_image=&#8221;https:\/\/expo25.umh.es\/files\/2022\/06\/amarillo-1-scaled.jpg&#8221; button_border_color=&#8221;#e4532d&#8221; button_border_radius=&#8221;10px&#8221; button_letter_spacing=&#8221;1px&#8221; button_font=&#8221;|600|||||||&#8221; background_layout=&#8221;dark&#8221; custom_margin=&#8221;|150px||200px|false|false&#8221; custom_margin_tablet=&#8221;&#8221; custom_margin_phone=&#8221;|0px||0px|false|false&#8221; custom_margin_last_edited=&#8221;on|phone&#8221; custom_css_main_element=&#8221;width: 100%;&#8221; global_colors_info=&#8221;{}&#8221; button_bg_color__hover_enabled=&#8221;on|hover&#8221; button_bg_enable_image__hover=&#8221;off&#8221; button_bg_color__hover=&#8221;#f0981e  &#8221; button_bg_enable_color__hover=&#8221;on&#8221; button_border_color__hover_enabled=&#8221;on|hover&#8221; button_border_color__hover=&#8221;#ffffff&#8221;][\/et_pb_button][\/et_pb_column][\/et_pb_row][et_pb_row column_structure=&#8221;1_3,1_3,1_3&#8243; _builder_version=&#8221;4.16&#8243; locked=&#8221;off&#8221; global_colors_info=&#8221;{}&#8221;][et_pb_column type=&#8221;1_3&#8243; _builder_version=&#8221;4.16&#8243; global_colors_info=&#8221;{}&#8221;][et_pb_button button_url=&#8221;https:\/\/expo25.umh.es\/ca\/investigacio\/&#8221; button_text=&#8221;III INVESTIGACI\u00d3&#8221; button_alignment=&#8221;center&#8221; _builder_version=&#8221;4.17.4&#8243; custom_button=&#8221;on&#8221; button_text_size=&#8221;22px&#8221; button_text_color=&#8221;#ffffff&#8221; button_bg_color=&#8221;#f0981e&#8221; button_border_width=&#8221;0px&#8221; button_border_color=&#8221;#e4532d&#8221; button_border_radius=&#8221;15px&#8221; button_icon=&#8221;&#x3c;||divi||400&#8243; button_icon_placement=&#8221;left&#8221; animation_style=&#8221;fade&#8221; animation_starting_opacity=&#8221;27%&#8221; global_colors_info=&#8221;{}&#8221;][\/et_pb_button][\/et_pb_column][et_pb_column type=&#8221;1_3&#8243; _builder_version=&#8221;4.16&#8243; global_colors_info=&#8221;{}&#8221;][et_pb_button button_url=&#8221;https:\/\/expo25.umh.es\/ca\/&#8221; button_text=&#8221;INICI&#8221; button_alignment=&#8221;center&#8221; module_class=&#8221;pa-button-icon-left&#8221; _builder_version=&#8221;4.17.4&#8243; custom_button=&#8221;on&#8221; button_text_size=&#8221;22px&#8221; button_text_color=&#8221;#ffffff&#8221; button_bg_color=&#8221;#f0981e&#8221; button_border_width=&#8221;0px&#8221; button_border_color=&#8221;#e4532d&#8221; button_border_radius=&#8221;15px&#8221; button_use_icon=&#8221;off&#8221; animation_style=&#8221;fade&#8221; animation_starting_opacity=&#8221;27%&#8221; global_colors_info=&#8221;{}&#8221;][\/et_pb_button][\/et_pb_column][et_pb_column type=&#8221;1_3&#8243; _builder_version=&#8221;4.16&#8243; global_colors_info=&#8221;{}&#8221;][et_pb_button button_url=&#8221;https:\/\/expo25.umh.es\/ca\/credits\/&#8221; button_text=&#8221;AGRA\u00cfMENTS I CR\u00c8DITS&#8221; button_alignment=&#8221;center&#8221; _builder_version=&#8221;4.17.4&#8243; custom_button=&#8221;on&#8221; button_text_size=&#8221;22px&#8221; button_text_color=&#8221;#ffffff&#8221; button_bg_color=&#8221;#f0981e&#8221; button_border_width=&#8221;0px&#8221; button_border_color=&#8221;#e4532d&#8221; button_border_radius=&#8221;15px&#8221; button_icon=&#8221;&#x3d;||divi||400&#8243; animation_style=&#8221;fade&#8221; animation_starting_opacity=&#8221;27%&#8221; global_colors_info=&#8221;{}&#8221;][\/et_pb_button][\/et_pb_column][\/et_pb_row][\/et_pb_section]<\/p>\n","protected":false},"excerpt":{"rendered":"<p>IV.I IV.I DOCTORS HONORIS CAUSA El Doctorat Honoris causa \u00e9s la m\u00e0xima distinci\u00f3 que la UMH concedeix a una persona en reconeixement a la seua traject\u00f2ria en l&#8217;\u00e0mbit acad\u00e8mic, cient\u00edfic o cultural. Aquesta concessi\u00f3 es realitza mitjan\u00e7ant acord de Consell de Govern a proposta del rector, president del Consell Social, directors de Departament, degans de [&hellip;]<\/p>\n","protected":false},"author":17728,"featured_media":0,"parent":3973,"menu_order":0,"comment_status":"closed","ping_status":"closed","template":"","meta":{"_et_pb_use_builder":"on","_et_pb_old_content":"","_et_gb_content_width":"","ngg_post_thumbnail":0,"_links_to":"","_links_to_target":""},"yoast_head":"<!-- This site is optimized with the Yoast SEO plugin v17.5 - https:\/\/yoast.com\/wordpress\/plugins\/seo\/ -->\n<title>DOCTORS HONORIS CAUSA - Exposici\u00f3n 25 aniversario UMH<\/title>\n<meta name=\"robots\" content=\"index, follow, max-snippet:-1, max-image-preview:large, max-video-preview:-1\" \/>\n<link rel=\"canonical\" href=\"https:\/\/expo25.umh.es\/ca\/societat\/doctors-honoris-causa\/\" \/>\n<meta property=\"og:locale\" content=\"ca_ES\" \/>\n<meta property=\"og:type\" content=\"article\" \/>\n<meta property=\"og:title\" content=\"DOCTORS HONORIS CAUSA - Exposici\u00f3n 25 aniversario UMH\" \/>\n<meta property=\"og:description\" content=\"IV.I IV.I DOCTORS HONORIS CAUSA El Doctorat Honoris causa \u00e9s la m\u00e0xima distinci\u00f3 que la UMH concedeix a una persona en reconeixement a la seua traject\u00f2ria en l&#039;\u00e0mbit acad\u00e8mic, cient\u00edfic o cultural. Aquesta concessi\u00f3 es realitza mitjan\u00e7ant acord de Consell de Govern a proposta del rector, president del Consell Social, directors de Departament, degans de [&hellip;]\" \/>\n<meta property=\"og:url\" content=\"https:\/\/expo25.umh.es\/ca\/societat\/doctors-honoris-causa\/\" \/>\n<meta property=\"og:site_name\" content=\"Exposici\u00f3n 25 aniversario UMH\" \/>\n<meta property=\"article:publisher\" content=\"https:\/\/www.facebook.com\/UniversidadMiguelHernandezElche\" \/>\n<meta property=\"article:modified_time\" content=\"2022-07-27T08:40:46+00:00\" \/>\n<meta property=\"og:image\" content=\"https:\/\/expo25.umh.es\/files\/2022\/06\/Investidura-de-la-periodista-Rosa-Maria-Calaf-como-DHC.jpeg\" \/>\n<meta name=\"twitter:card\" content=\"summary_large_image\" \/>\n<meta name=\"twitter:site\" content=\"@UniversidadMH\" \/>\n<meta name=\"twitter:label1\" content=\"Temps estimat de lectura\" \/>\n\t<meta name=\"twitter:data1\" content=\"12 minuts\" \/>\n<script type=\"application\/ld+json\" class=\"yoast-schema-graph\">{\"@context\":\"https:\/\/schema.org\",\"@graph\":[{\"@type\":\"Organization\",\"@id\":\"https:\/\/expo25.umh.es\/ca\/#organization\",\"name\":\"Universidad Miguel Hern\\u00e1ndez de Elche\",\"url\":\"https:\/\/expo25.umh.es\/ca\/\",\"sameAs\":[\"https:\/\/www.facebook.com\/UniversidadMiguelHernandezElche\",\"http:\/\/instagram.com\/universidadmh\",\"http:\/\/es.linkedin.com\/edu\/universidad-miguel-hern\\u00e1ndez-de-elche-12237\",\"http:\/\/youtube.umh.es\/\",\"https:\/\/twitter.com\/UniversidadMH\"],\"logo\":{\"@type\":\"ImageObject\",\"@id\":\"https:\/\/expo25.umh.es\/ca\/#logo\",\"inLanguage\":\"ca\",\"url\":\"https:\/\/expo25.umh.es\/files\/2022\/06\/LOGO-GRIS-25-ANIVERSARIO-1A-ARTICULACION.png\",\"contentUrl\":\"https:\/\/expo25.umh.es\/files\/2022\/06\/LOGO-GRIS-25-ANIVERSARIO-1A-ARTICULACION.png\",\"width\":384,\"height\":132,\"caption\":\"Universidad Miguel Hern\\u00e1ndez de Elche\"},\"image\":{\"@id\":\"https:\/\/expo25.umh.es\/ca\/#logo\"}},{\"@type\":\"WebSite\",\"@id\":\"https:\/\/expo25.umh.es\/ca\/#website\",\"url\":\"https:\/\/expo25.umh.es\/ca\/\",\"name\":\"Exposici\\u00f3n 25 aniversario UMH\",\"description\":\"Universidad Miguel Hern\\u00e1ndez de Elche\",\"publisher\":{\"@id\":\"https:\/\/expo25.umh.es\/ca\/#organization\"},\"potentialAction\":[{\"@type\":\"SearchAction\",\"target\":{\"@type\":\"EntryPoint\",\"urlTemplate\":\"https:\/\/expo25.umh.es\/ca\/?s={search_term_string}\"},\"query-input\":\"required name=search_term_string\"}],\"inLanguage\":\"ca\"},{\"@type\":\"ImageObject\",\"@id\":\"https:\/\/expo25.umh.es\/ca\/societat\/doctors-honoris-causa\/#primaryimage\",\"inLanguage\":\"ca\",\"url\":\"https:\/\/expo25.umh.es\/files\/2022\/06\/Investidura-de-la-periodista-Rosa-Maria-Calaf-como-DHC.jpeg\",\"contentUrl\":\"https:\/\/expo25.umh.es\/files\/2022\/06\/Investidura-de-la-periodista-Rosa-Maria-Calaf-como-DHC.jpeg\",\"width\":800,\"height\":533,\"caption\":\"Investidura de la periodista Rosa Maria Calaf como DHC\"},{\"@type\":\"WebPage\",\"@id\":\"https:\/\/expo25.umh.es\/ca\/societat\/doctors-honoris-causa\/#webpage\",\"url\":\"https:\/\/expo25.umh.es\/ca\/societat\/doctors-honoris-causa\/\",\"name\":\"DOCTORS HONORIS CAUSA - Exposici\\u00f3n 25 aniversario UMH\",\"isPartOf\":{\"@id\":\"https:\/\/expo25.umh.es\/ca\/#website\"},\"primaryImageOfPage\":{\"@id\":\"https:\/\/expo25.umh.es\/ca\/societat\/doctors-honoris-causa\/#primaryimage\"},\"datePublished\":\"2022-07-26T08:42:12+00:00\",\"dateModified\":\"2022-07-27T08:40:46+00:00\",\"breadcrumb\":{\"@id\":\"https:\/\/expo25.umh.es\/ca\/societat\/doctors-honoris-causa\/#breadcrumb\"},\"inLanguage\":\"ca\",\"potentialAction\":[{\"@type\":\"ReadAction\",\"target\":[\"https:\/\/expo25.umh.es\/ca\/societat\/doctors-honoris-causa\/\"]}]},{\"@type\":\"BreadcrumbList\",\"@id\":\"https:\/\/expo25.umh.es\/ca\/societat\/doctors-honoris-causa\/#breadcrumb\",\"itemListElement\":[{\"@type\":\"ListItem\",\"position\":1,\"name\":\"Portada\",\"item\":\"https:\/\/expo25.umh.es\/ca\/\"},{\"@type\":\"ListItem\",\"position\":2,\"name\":\"SOCIETAT\",\"item\":\"https:\/\/expo25.umh.es\/ca\/societat\/\"},{\"@type\":\"ListItem\",\"position\":3,\"name\":\"DOCTORS HONORIS CAUSA\"}]}]}<\/script>\n<!-- \/ Yoast SEO plugin. -->","yoast_head_json":{"title":"DOCTORS HONORIS CAUSA - Exposici\u00f3n 25 aniversario UMH","robots":{"index":"index","follow":"follow","max-snippet":"max-snippet:-1","max-image-preview":"max-image-preview:large","max-video-preview":"max-video-preview:-1"},"canonical":"https:\/\/expo25.umh.es\/ca\/societat\/doctors-honoris-causa\/","og_locale":"ca_ES","og_type":"article","og_title":"DOCTORS HONORIS CAUSA - Exposici\u00f3n 25 aniversario UMH","og_description":"IV.I IV.I DOCTORS HONORIS CAUSA El Doctorat Honoris causa \u00e9s la m\u00e0xima distinci\u00f3 que la UMH concedeix a una persona en reconeixement a la seua traject\u00f2ria en l'\u00e0mbit acad\u00e8mic, cient\u00edfic o cultural. Aquesta concessi\u00f3 es realitza mitjan\u00e7ant acord de Consell de Govern a proposta del rector, president del Consell Social, directors de Departament, degans de [&hellip;]","og_url":"https:\/\/expo25.umh.es\/ca\/societat\/doctors-honoris-causa\/","og_site_name":"Exposici\u00f3n 25 aniversario UMH","article_publisher":"https:\/\/www.facebook.com\/UniversidadMiguelHernandezElche","article_modified_time":"2022-07-27T08:40:46+00:00","og_image":[{"url":"https:\/\/expo25.umh.es\/files\/2022\/06\/Investidura-de-la-periodista-Rosa-Maria-Calaf-como-DHC.jpeg"}],"twitter_card":"summary_large_image","twitter_site":"@UniversidadMH","twitter_misc":{"Temps estimat de lectura":"12 minuts"},"schema":{"@context":"https:\/\/schema.org","@graph":[{"@type":"Organization","@id":"https:\/\/expo25.umh.es\/ca\/#organization","name":"Universidad Miguel Hern\u00e1ndez de Elche","url":"https:\/\/expo25.umh.es\/ca\/","sameAs":["https:\/\/www.facebook.com\/UniversidadMiguelHernandezElche","http:\/\/instagram.com\/universidadmh","http:\/\/es.linkedin.com\/edu\/universidad-miguel-hern\u00e1ndez-de-elche-12237","http:\/\/youtube.umh.es\/","https:\/\/twitter.com\/UniversidadMH"],"logo":{"@type":"ImageObject","@id":"https:\/\/expo25.umh.es\/ca\/#logo","inLanguage":"ca","url":"https:\/\/expo25.umh.es\/files\/2022\/06\/LOGO-GRIS-25-ANIVERSARIO-1A-ARTICULACION.png","contentUrl":"https:\/\/expo25.umh.es\/files\/2022\/06\/LOGO-GRIS-25-ANIVERSARIO-1A-ARTICULACION.png","width":384,"height":132,"caption":"Universidad Miguel Hern\u00e1ndez de Elche"},"image":{"@id":"https:\/\/expo25.umh.es\/ca\/#logo"}},{"@type":"WebSite","@id":"https:\/\/expo25.umh.es\/ca\/#website","url":"https:\/\/expo25.umh.es\/ca\/","name":"Exposici\u00f3n 25 aniversario UMH","description":"Universidad Miguel Hern\u00e1ndez de Elche","publisher":{"@id":"https:\/\/expo25.umh.es\/ca\/#organization"},"potentialAction":[{"@type":"SearchAction","target":{"@type":"EntryPoint","urlTemplate":"https:\/\/expo25.umh.es\/ca\/?s={search_term_string}"},"query-input":"required name=search_term_string"}],"inLanguage":"ca"},{"@type":"ImageObject","@id":"https:\/\/expo25.umh.es\/ca\/societat\/doctors-honoris-causa\/#primaryimage","inLanguage":"ca","url":"https:\/\/expo25.umh.es\/files\/2022\/06\/Investidura-de-la-periodista-Rosa-Maria-Calaf-como-DHC.jpeg","contentUrl":"https:\/\/expo25.umh.es\/files\/2022\/06\/Investidura-de-la-periodista-Rosa-Maria-Calaf-como-DHC.jpeg","width":800,"height":533,"caption":"Investidura de la periodista Rosa Maria Calaf como DHC"},{"@type":"WebPage","@id":"https:\/\/expo25.umh.es\/ca\/societat\/doctors-honoris-causa\/#webpage","url":"https:\/\/expo25.umh.es\/ca\/societat\/doctors-honoris-causa\/","name":"DOCTORS HONORIS CAUSA - Exposici\u00f3n 25 aniversario UMH","isPartOf":{"@id":"https:\/\/expo25.umh.es\/ca\/#website"},"primaryImageOfPage":{"@id":"https:\/\/expo25.umh.es\/ca\/societat\/doctors-honoris-causa\/#primaryimage"},"datePublished":"2022-07-26T08:42:12+00:00","dateModified":"2022-07-27T08:40:46+00:00","breadcrumb":{"@id":"https:\/\/expo25.umh.es\/ca\/societat\/doctors-honoris-causa\/#breadcrumb"},"inLanguage":"ca","potentialAction":[{"@type":"ReadAction","target":["https:\/\/expo25.umh.es\/ca\/societat\/doctors-honoris-causa\/"]}]},{"@type":"BreadcrumbList","@id":"https:\/\/expo25.umh.es\/ca\/societat\/doctors-honoris-causa\/#breadcrumb","itemListElement":[{"@type":"ListItem","position":1,"name":"Portada","item":"https:\/\/expo25.umh.es\/ca\/"},{"@type":"ListItem","position":2,"name":"SOCIETAT","item":"https:\/\/expo25.umh.es\/ca\/societat\/"},{"@type":"ListItem","position":3,"name":"DOCTORS HONORIS CAUSA"}]}]}},"_links":{"self":[{"href":"https:\/\/expo25.umh.es\/ca\/wp-json\/wp\/v2\/pages\/3970"}],"collection":[{"href":"https:\/\/expo25.umh.es\/ca\/wp-json\/wp\/v2\/pages"}],"about":[{"href":"https:\/\/expo25.umh.es\/ca\/wp-json\/wp\/v2\/types\/page"}],"author":[{"embeddable":true,"href":"https:\/\/expo25.umh.es\/ca\/wp-json\/wp\/v2\/users\/17728"}],"replies":[{"embeddable":true,"href":"https:\/\/expo25.umh.es\/ca\/wp-json\/wp\/v2\/comments?post=3970"}],"version-history":[{"count":0,"href":"https:\/\/expo25.umh.es\/ca\/wp-json\/wp\/v2\/pages\/3970\/revisions"}],"up":[{"embeddable":true,"href":"https:\/\/expo25.umh.es\/ca\/wp-json\/wp\/v2\/pages\/3973"}],"wp:attachment":[{"href":"https:\/\/expo25.umh.es\/ca\/wp-json\/wp\/v2\/media?parent=3970"}],"curies":[{"name":"wp","href":"https:\/\/api.w.org\/{rel}","templated":true}]}}