{"id":3956,"date":"2022-07-25T12:15:50","date_gmt":"2022-07-25T10:15:50","guid":{"rendered":"https:\/\/expo25.umh.es\/estudis\/"},"modified":"2022-07-27T14:04:25","modified_gmt":"2022-07-27T12:04:25","slug":"estudis","status":"publish","type":"page","link":"https:\/\/expo25.umh.es\/ca\/estudis\/","title":{"rendered":"Estudis"},"content":{"rendered":"<p>[et_pb_section fb_built=&#8221;1&#8243; _builder_version=&#8221;4.16&#8243; background_enable_color=&#8221;off&#8221; background_image=&#8221;https:\/\/expo25.umh.es\/files\/2022\/06\/cabecera1.png&#8221; height=&#8221;172px&#8221; height_tablet=&#8221;&#8221; height_phone=&#8221;&#8221; height_last_edited=&#8221;on|desktop&#8221; custom_padding=&#8221;58px||44px|||&#8221; locked=&#8221;off&#8221; global_colors_info=&#8221;{}&#8221;][et_pb_row _builder_version=&#8221;4.16&#8243; background_color=&#8221;#000000&#8243; module_alignment=&#8221;center&#8221; custom_margin=&#8221;||||false|false&#8221; custom_padding=&#8221;0px||0px||false|false&#8221; border_color_all=&#8221;#000000&#8243; global_colors_info=&#8221;{}&#8221;][et_pb_column type=&#8221;4_4&#8243; _builder_version=&#8221;4.16&#8243; global_colors_info=&#8221;{}&#8221;][et_pb_text _builder_version=&#8221;4.16&#8243; text_text_color=&#8221;#ffffff&#8221; text_font_size=&#8221;30px&#8221; header_font=&#8221;Bebas Neue|700|||||||&#8221; header_text_color=&#8221;#ffffff&#8221; header_font_size=&#8221;49px&#8221; background_color=&#8221;rgba(0,0,0,0)&#8221; min_height=&#8221;29px&#8221; custom_padding=&#8221;12px||0px|||&#8221; border_width_left=&#8221;27px&#8221; border_color_left=&#8221;#000000&#8243; global_colors_info=&#8221;{}&#8221;]<\/p>\n<h1 style=\"text-align: left\"><span style=\"color: #7e2e88\">II<\/span> Estudis<\/h1>\n<p>[\/et_pb_text][\/et_pb_column][\/et_pb_row][\/et_pb_section][et_pb_section fb_built=&#8221;1&#8243; _builder_version=&#8221;4.16&#8243; background_image=&#8221;https:\/\/expo25.umh.es\/files\/2022\/04\/ESTUDIOS-scaled-1.jpg&#8221; height=&#8221;407px&#8221; border_color_all=&#8221;#7e2e88&#8243; global_colors_info=&#8221;{}&#8221;][\/et_pb_section][et_pb_section fb_built=&#8221;1&#8243; admin_label=&#8221;About&#8221; _builder_version=&#8221;4.16&#8243; background_enable_color=&#8221;off&#8221; background_image=&#8221;https:\/\/expo25.umh.es\/files\/2022\/06\/fondo-25-scaled.jpg&#8221; custom_padding=&#8221;4px|0px|6px|0px||&#8221; locked=&#8221;off&#8221; global_colors_info=&#8221;{}&#8221;][et_pb_row make_equal=&#8221;on&#8221; _builder_version=&#8221;4.16&#8243; custom_padding=&#8221;|||&#8221; global_colors_info=&#8221;{}&#8221;][et_pb_column type=&#8221;4_4&#8243; _builder_version=&#8221;4.16&#8243; custom_padding=&#8221;|||&#8221; global_colors_info=&#8221;{}&#8221; custom_padding__hover=&#8221;|||&#8221;][\/et_pb_column][\/et_pb_row][\/et_pb_section][et_pb_section fb_built=&#8221;1&#8243; disabled_on=&#8221;on|on|off&#8221; _builder_version=&#8221;4.16&#8243; background_color=&#8221;#7e2e88  &#8221; min_height=&#8221;392px&#8221; custom_padding=&#8221;0px||12px|||&#8221; locked=&#8221;off&#8221; global_colors_info=&#8221;{}&#8221;][et_pb_row use_custom_gutter=&#8221;on&#8221; make_equal=&#8221;on&#8221; _builder_version=&#8221;4.16&#8243; max_width=&#8221;1738px&#8221; custom_padding=&#8221;14px||0px|||&#8221; locked=&#8221;off&#8221; global_colors_info=&#8221;{}&#8221;][et_pb_column type=&#8221;4_4&#8243; _builder_version=&#8221;4.16&#8243; global_colors_info=&#8221;{}&#8221;][et_pb_text admin_label=&#8221;description&#8221; _builder_version=&#8221;4.16&#8243; text_font=&#8221;Open Sans|600|||||||&#8221; text_text_color=&#8221;#000000&#8243; text_font_size=&#8221;15px&#8221; text_line_height=&#8221;1.4em&#8221; background_color=&#8221;rgba(255,255,255,0.74)&#8221; max_width_tablet=&#8221;89%&#8221; max_width_phone=&#8221;97%&#8221; max_width_last_edited=&#8221;off|desktop&#8221; custom_padding=&#8221;30px|30px|30px|30px|true|true&#8221; box_shadow_style=&#8221;preset2&#8243; global_colors_info=&#8221;{}&#8221;]<\/p>\n<p style=\"text-align: justify;font-size: 22px\"><span style=\"color: #000000\"><img loading=\"lazy\" class=\"wp-image-2438 size-full alignleft\" title=\"Programa A Micro Abierto curs 2012\/2013. 2013\" src=\"https:\/\/expo25.umh.es\/files\/2022\/06\/Programa-A-Micro-Abierto-curso-2012-2013_-2013.jpeg\" alt=\"Programa A Micro Abierto curs 2012\/2013. 2013\" width=\"411\" height=\"308\" \/><\/span><\/p>\n<p style=\"text-align: justify\"><span style=\"color: #000000\">Una de les funcions b\u00e0siques de la universitat \u00e9s la de formar estudiantat en cadascuna de les especialitats que es reflecteixen en les titulacions impartides.\u00a0\u00a0<\/span><\/p>\n<p style=\"text-align: justify\"><span style=\"color: #000000\">Els estudis han anat creixent i consolidant la cartera docent, aportant les necessitats formatives que l&#8217;entorn socioecon\u00f2mic demanda i analitzant, a cada moment, les exig\u00e8ncies del mercat laboral. Els 26 Graus i 2 Dobles Graus, 47 m\u00e0sters oficials i 13 Programes Oficials de Doctorat que actualment s&#8217;imparteixen en s\u00f3n un exemple.<\/span><\/p>\n<p style=\"text-align: justify\"><span style=\"color: #000000\">En aquests 25 anys s&#8217;han anat incorporant titulacions a la n\u00f2mina inicial, tot comptant, en alguns casos, amb la col\u00b7laboraci\u00f3 d&#8217;institucions internacionals per a la seua posada en funcionament, com ara el cas del M\u00e0ster en Ci\u00e8ncies Ambientals, on es pot comprovar en el \u201cMemorandum of understanding\u201d subscrit amb el College of Arts and Sciences de la University of San Francisco, Calif\u00f2rnia, USA, entre altres documents seleccionats.<\/span><\/p>\n<p style=\"text-align: justify\"><span style=\"color: #000000\">En aquesta \u00e0rea d&#8217;estudis comprovarem el periple de la UMH en all\u00f2 referit a les branques de coneixement impartides en la instituci\u00f3, l&#8217;activitat acad\u00e8mica desenvolupada en les seues aules i l&#8217;estudiantat, els quals conformen l&#8217;epicentre de la comunitat universit\u00e0ria.<\/span><\/p>\n<p>[\/et_pb_text][\/et_pb_column][\/et_pb_row][\/et_pb_section][et_pb_section fb_built=&#8221;1&#8243; disabled_on=&#8221;off|off|on&#8221; _builder_version=&#8221;4.16&#8243; background_color=&#8221;#7e2e88  &#8221; custom_padding=&#8221;0px||0px|||&#8221; locked=&#8221;off&#8221; global_colors_info=&#8221;{}&#8221;][et_pb_row use_custom_gutter=&#8221;on&#8221; make_equal=&#8221;on&#8221; _builder_version=&#8221;4.16&#8243; max_width=&#8221;1738px&#8221; global_colors_info=&#8221;{}&#8221;][et_pb_column type=&#8221;4_4&#8243; _builder_version=&#8221;4.16&#8243; global_colors_info=&#8221;{}&#8221;][et_pb_text admin_label=&#8221;description&#8221; _builder_version=&#8221;4.16&#8243; text_font=&#8221;Open Sans|600|||||||&#8221; text_text_color=&#8221;#000000&#8243; text_font_size=&#8221;16px&#8221; text_line_height=&#8221;1.4em&#8221; background_color=&#8221;rgba(255,255,255,0.74)&#8221; max_width_tablet=&#8221;89%&#8221; max_width_phone=&#8221;97%&#8221; max_width_last_edited=&#8221;off|desktop&#8221; custom_margin=&#8221;||||false|false&#8221; custom_padding=&#8221;30px|30px|30px|30px|true|true&#8221; box_shadow_style=&#8221;preset2&#8243; global_colors_info=&#8221;{}&#8221;]<\/p>\n<p style=\"text-align: justify\"><span>Una de las funciones b\u00e1sicas de la universidad es la de formar estudiantes en cada una de las especialidades que se reflejan en las titulaciones impartidas.\u00a0\u00a0<\/span><\/p>\n<p style=\"text-align: justify\"><span>Los estudios han ido creciendo y consolidando la cartera docente, aportando las necesidades formativas que el entorno socioecon\u00f3mico demanda y analizando, en cada momento, las exigencias del mercado laboral. Los 26 Grados y 2 Dobles Grados, 47 m\u00e1steres oficiales y 13 Programas Oficiales de Doctorado que actualmente se imparten son un ejemplo.<\/span><\/p>\n<p style=\"text-align: justify\"><span>En estos 25 a\u00f1os se han ido incorporando titulaciones a la n\u00f3mina inicial, contando, en algunos casos, con la colaboraci\u00f3n de instituciones internacionales para su puesta en funcionamiento, como en el caso del M\u00e1ster en Ciencias Ambientales, como se puede comprobar en el \u201cMemorandum of Understanding\u201d suscrito con el College of Arts and Sciences de la University of San Francisco, California, USA, entre otros documentos seleccionados.<\/span><\/p>\n<p style=\"text-align: justify\">En este \u00e1rea de estudios vamos a comprobar el periplo de la UMH en lo referido a las ramas de conocimiento impartidas en la instituci\u00f3, la actividad acad\u00e9mica desarrollada en sus aulas y el estudiantado, los cuales conforman el epicentro de la comunidad universitaria.<\/p>\n<p>[\/et_pb_text][et_pb_image src=&#8221;https:\/\/expo25.umh.es\/files\/2022\/06\/Programa-A-Micro-Abierto-curso-2012-2013_-2013.jpeg&#8221; alt=&#8221;Programa A Micro Abierto curso 2012\/2013. 2013&#8243; title_text=&#8221;Programa A Micro Abierto curso 2012\/2013. 2013&#8243; align=&#8221;center&#8221; _builder_version=&#8221;4.16&#8243; custom_padding=&#8221;|11px||||&#8221; global_colors_info=&#8221;{}&#8221;][\/et_pb_image][\/et_pb_column][\/et_pb_row][\/et_pb_section][et_pb_section fb_built=&#8221;1&#8243; _builder_version=&#8221;4.16&#8243; background_enable_color=&#8221;off&#8221; background_image=&#8221;https:\/\/expo25.umh.es\/files\/2022\/06\/fondo-25-scaled.jpg&#8221; background_size=&#8221;initial&#8221; background_repeat=&#8221;repeat&#8221; custom_padding=&#8221;4px|0px|100px|0px|false|false&#8221; global_colors_info=&#8221;{}&#8221;][et_pb_row column_structure=&#8221;3_5,2_5&#8243; make_equal=&#8221;on&#8221; _builder_version=&#8221;4.16&#8243; max_width=&#8221;1269px&#8221; custom_padding=&#8221;38px|||||&#8221; locked=&#8221;off&#8221; global_colors_info=&#8221;{}&#8221;][et_pb_column type=&#8221;3_5&#8243; _builder_version=&#8221;4.16&#8243; global_colors_info=&#8221;{}&#8221;][et_pb_text disabled_on=&#8221;on|on|off&#8221; _builder_version=&#8221;4.16&#8243; text_font=&#8221;Bebas Neue||||||||&#8221; text_font_size=&#8221;100px&#8221; text_line_height=&#8221;1.2em&#8221; custom_margin=&#8221;80px|-145px|||false|false&#8221; box_shadow_style=&#8221;preset4&#8243; box_shadow_horizontal=&#8221;-321px&#8221; box_shadow_vertical=&#8221;0px&#8221; box_shadow_color=&#8221;#7e2e88&#8243; global_colors_info=&#8221;{}&#8221;]<span style=\"color: #7e2e88\">Documentaci\u00f3<\/span>[\/et_pb_text][et_pb_text disabled_on=&#8221;off|off|on&#8221; _builder_version=&#8221;4.16&#8243; text_font=&#8221;Bebas Neue||||||||&#8221; text_font_size=&#8221;65px&#8221; text_line_height=&#8221;1.2em&#8221; width=&#8221;112%&#8221; custom_margin=&#8221;80px|-145px|||false|false&#8221; box_shadow_style=&#8221;preset4&#8243; box_shadow_horizontal=&#8221;-321px&#8221; box_shadow_vertical=&#8221;0px&#8221; box_shadow_color=&#8221;#7e2e88  &#8221; locked=&#8221;off&#8221; global_colors_info=&#8221;{}&#8221;]<span style=\"color: #7e2e88\">Documentaci\u00f3<\/span>[\/et_pb_text][et_pb_button button_url=&#8221;https:\/\/expo25.umh.es\/ca\/estudis-galeria-dimatges\/&#8221; button_text=&#8221;GALERIA COMPLETA&#8221; button_alignment=&#8221;left&#8221; _builder_version=&#8221;4.17.4&#8243; custom_button=&#8221;on&#8221; button_text_color=&#8221;#ffffff&#8221; button_bg_color=&#8221;#7e2e88&#8243; button_border_width=&#8221;0px&#8221; button_border_radius=&#8221;19px&#8221; button_font=&#8221;|600|||||||&#8221; button_icon=&#8221;&#x3d;||divi||400&#8243; hover_enabled=&#8221;0&#8243; global_colors_info=&#8221;{}&#8221; sticky_enabled=&#8221;0&#8243;][\/et_pb_button][et_pb_text disabled_on=&#8221;on|on|on&#8221; _builder_version=&#8221;4.16&#8243; text_font=&#8221;|700|||||||&#8221; text_text_color=&#8221;#7e2e88&#8243; text_font_size=&#8221;25px&#8221; disabled=&#8221;on&#8221; global_colors_info=&#8221;{}&#8221;]<\/p>\n<p>Descripci\u00f3<\/p>\n<p>[\/et_pb_text][\/et_pb_column][et_pb_column type=&#8221;2_5&#8243; _builder_version=&#8221;4.16&#8243; global_colors_info=&#8221;{}&#8221;][et_pb_gallery gallery_ids=&#8221;4567,4489,4495,4513,4507,4501,4537,4531,4561,4543,4519,4525,4555,4549&#8243; fullwidth=&#8221;on&#8221; _builder_version=&#8221;4.17.4&#8243; max_width=&#8221;100%&#8221; module_alignment=&#8221;center&#8221; height=&#8221;515px&#8221; global_colors_info=&#8221;{}&#8221;][\/et_pb_gallery][\/et_pb_column][\/et_pb_row][et_pb_row _builder_version=&#8221;4.16&#8243; custom_margin_tablet=&#8221;0px||||false|false&#8221; custom_margin_phone=&#8221;0px||||false|false&#8221; custom_margin_last_edited=&#8221;on|phone&#8221; global_colors_info=&#8221;{}&#8221;][et_pb_column type=&#8221;4_4&#8243; _builder_version=&#8221;4.16&#8243; global_colors_info=&#8221;{}&#8221;][et_pb_gallery gallery_ids=&#8221;1074,1077,1080,1083,1086,1089,1092,1095,1098,1101,1104,1107,1110,1113&#8243; posts_number=&#8221;8&#8243; show_title_and_caption=&#8221;off&#8221; _builder_version=&#8221;4.16&#8243; background_layout=&#8221;dark&#8221; global_colors_info=&#8221;{}&#8221;][\/et_pb_gallery][et_pb_gallery gallery_ids=&#8221;1696,1687,1714&#8243; show_title_and_caption=&#8221;off&#8221; _builder_version=&#8221;4.16&#8243; title_level=&#8221;h6&#8243; caption_font=&#8221;||||||||&#8221; caption_text_align=&#8221;center&#8221; text_orientation=&#8221;center&#8221; max_width=&#8221;70%&#8221; module_alignment=&#8221;center&#8221; custom_margin=&#8221;50px||50px||true|false&#8221; custom_margin_tablet=&#8221;&#8221; custom_margin_phone=&#8221;&#8221; custom_margin_last_edited=&#8221;on|desktop&#8221; custom_padding=&#8221;|||0px|false|false&#8221; custom_css_main_element=&#8221;width: 100%;&#8221; border_radii_image=&#8221;on|10px|10px|10px|10px&#8221; border_width_all_image=&#8221;2px&#8221; border_color_all_image=&#8221;#000000&#8243; global_colors_info=&#8221;{}&#8221;][\/et_pb_gallery][et_pb_button button_url=&#8221;https:\/\/expo25.umh.es\/ca\/estudis\/branques-de-coneixement\/&#8221; button_text=&#8221;II.I BRANQUES DE CONEIXEMENT&#8221; button_alignment=&#8221;left&#8221; _builder_version=&#8221;4.17.4&#8243; custom_button=&#8221;on&#8221; button_text_size=&#8221;25px&#8221; button_text_color=&#8221;#ffffff&#8221; button_bg_image=&#8221;https:\/\/expo25.umh.es\/files\/2022\/06\/violeta-scaled.jpg&#8221; button_border_color=&#8221;#e4532d&#8221; button_border_radius=&#8221;10px&#8221; button_letter_spacing=&#8221;1px&#8221; button_font=&#8221;|600|||||||&#8221; background_layout=&#8221;dark&#8221; custom_margin=&#8221;|150px||150px|false|false&#8221; custom_margin_tablet=&#8221;&#8221; custom_margin_phone=&#8221;|0px||0px|false|false&#8221; custom_margin_last_edited=&#8221;on|phone&#8221; custom_css_main_element=&#8221;width: 100%;&#8221; global_colors_info=&#8221;{}&#8221; button_bg_color__hover_enabled=&#8221;on|hover&#8221; button_bg_enable_image__hover=&#8221;off&#8221; button_bg_color__hover=&#8221;#7e2e88  &#8221; button_bg_enable_color__hover=&#8221;on&#8221; button_border_color__hover_enabled=&#8221;on|hover&#8221; button_border_color__hover=&#8221;#ffffff&#8221;][\/et_pb_button][et_pb_button button_url=&#8221;https:\/\/expo25.umh.es\/ca\/estudis\/activitat-academica\/&#8221; button_text=&#8221;II.II ACTIVITAT ACAD\u00c8MICA&#8221; button_alignment=&#8221;left&#8221; _builder_version=&#8221;4.17.4&#8243; custom_button=&#8221;on&#8221; button_text_size=&#8221;25px&#8221; button_text_color=&#8221;#ffffff&#8221; button_bg_image=&#8221;https:\/\/expo25.umh.es\/files\/2022\/06\/violeta-scaled.jpg&#8221; button_border_color=&#8221;#e4532d&#8221; button_border_radius=&#8221;10px&#8221; button_letter_spacing=&#8221;1px&#8221; button_font=&#8221;|600|||||||&#8221; background_layout=&#8221;dark&#8221; custom_margin=&#8221;|150px||150px|false|false&#8221; custom_margin_tablet=&#8221;&#8221; custom_margin_phone=&#8221;|0px||0px|false|false&#8221; custom_margin_last_edited=&#8221;on|phone&#8221; custom_css_main_element=&#8221;width: 100%;&#8221; global_colors_info=&#8221;{}&#8221; button_bg_color__hover_enabled=&#8221;on|hover&#8221; button_bg_enable_image__hover=&#8221;off&#8221; button_bg_color__hover=&#8221;#7e2e88  &#8221; button_bg_enable_color__hover=&#8221;on&#8221; button_border_color__hover_enabled=&#8221;on|hover&#8221; button_border_color__hover=&#8221;#ffffff&#8221;][\/et_pb_button][et_pb_button button_url=&#8221;https:\/\/expo25.umh.es\/ca\/estudis\/estudiantat\/&#8221; button_text=&#8221;II.III ESTUDIANTAT&#8221; button_alignment=&#8221;left&#8221; _builder_version=&#8221;4.17.4&#8243; custom_button=&#8221;on&#8221; button_text_size=&#8221;25px&#8221; button_text_color=&#8221;#ffffff&#8221; button_bg_image=&#8221;https:\/\/expo25.umh.es\/files\/2022\/06\/violeta-scaled.jpg&#8221; button_border_color=&#8221;#e4532d&#8221; button_border_radius=&#8221;10px&#8221; button_letter_spacing=&#8221;1px&#8221; button_font=&#8221;|600|||||||&#8221; background_layout=&#8221;dark&#8221; custom_margin=&#8221;|150px||150px|false|false&#8221; custom_margin_tablet=&#8221;&#8221; custom_margin_phone=&#8221;|0px||0px|false|false&#8221; custom_margin_last_edited=&#8221;on|phone&#8221; custom_css_main_element=&#8221;width: 100%;&#8221; global_colors_info=&#8221;{}&#8221; button_bg_color__hover_enabled=&#8221;on|hover&#8221; button_bg_enable_image__hover=&#8221;off&#8221; button_bg_color__hover=&#8221;#7e2e88  &#8221; button_bg_enable_color__hover=&#8221;on&#8221; button_border_color__hover_enabled=&#8221;on|hover&#8221; button_border_color__hover=&#8221;#ffffff&#8221;][\/et_pb_button][\/et_pb_column][\/et_pb_row][et_pb_row column_structure=&#8221;1_3,1_3,1_3&#8243; _builder_version=&#8221;4.16&#8243; global_colors_info=&#8221;{}&#8221;][et_pb_column type=&#8221;1_3&#8243; _builder_version=&#8221;4.16&#8243; global_colors_info=&#8221;{}&#8221;][et_pb_button button_url=&#8221;https:\/\/expo25.umh.es\/ca\/universidad\/&#8221; button_text=&#8221;I UNIVERSITAT&#8221; button_alignment=&#8221;center&#8221; _builder_version=&#8221;4.16&#8243; custom_button=&#8221;on&#8221; button_text_size=&#8221;22px&#8221; button_text_color=&#8221;#ffffff&#8221; button_bg_color=&#8221;#7e2e88&#8243; button_border_width=&#8221;0px&#8221; button_border_color=&#8221;#f0981e&#8221; button_border_radius=&#8221;15px&#8221; button_icon=&#8221;&#x3c;||divi||400&#8243; button_icon_placement=&#8221;left&#8221; animation_style=&#8221;fade&#8221; animation_starting_opacity=&#8221;27%&#8221; global_colors_info=&#8221;{}&#8221;][\/et_pb_button][\/et_pb_column][et_pb_column type=&#8221;1_3&#8243; _builder_version=&#8221;4.16&#8243; global_colors_info=&#8221;{}&#8221;][et_pb_button button_url=&#8221;https:\/\/expo25.umh.es\/ca\/&#8221; button_text=&#8221;INICI&#8221; button_alignment=&#8221;center&#8221; module_class=&#8221;pa-button-icon-left&#8221; _builder_version=&#8221;4.16&#8243; custom_button=&#8221;on&#8221; button_text_size=&#8221;22px&#8221; button_text_color=&#8221;#ffffff&#8221; button_bg_color=&#8221;#7e2e88&#8243; button_border_width=&#8221;0px&#8221; button_border_color=&#8221;#f0981e&#8221; button_border_radius=&#8221;15px&#8221; button_use_icon=&#8221;off&#8221; animation_style=&#8221;fade&#8221; animation_starting_opacity=&#8221;27%&#8221; global_colors_info=&#8221;{}&#8221;][\/et_pb_button][\/et_pb_column][et_pb_column type=&#8221;1_3&#8243; _builder_version=&#8221;4.16&#8243; global_colors_info=&#8221;{}&#8221;][et_pb_button button_url=&#8221;https:\/\/expo25.umh.es\/ca\/investigacio\/&#8221; button_text=&#8221;III INVESTIGACI\u00d3&#8221; button_alignment=&#8221;center&#8221; _builder_version=&#8221;4.17.4&#8243; custom_button=&#8221;on&#8221; button_text_size=&#8221;22px&#8221; button_text_color=&#8221;#ffffff&#8221; button_bg_color=&#8221;#7e2e88&#8243; button_border_width=&#8221;0px&#8221; button_border_color=&#8221;#f0981e&#8221; button_border_radius=&#8221;15px&#8221; button_icon=&#8221;&#x3d;||divi||400&#8243; button_icon_color=&#8221;#ffffff&#8221; animation_style=&#8221;fade&#8221; animation_starting_opacity=&#8221;27%&#8221; global_colors_info=&#8221;{}&#8221;][\/et_pb_button][\/et_pb_column][\/et_pb_row][\/et_pb_section]<\/p>\n","protected":false},"excerpt":{"rendered":"<p>II Estudis Una de les funcions b\u00e0siques de la universitat \u00e9s la de formar estudiantat en cadascuna de les especialitats que es reflecteixen en les titulacions impartides.\u00a0\u00a0 Els estudis han anat creixent i consolidant la cartera docent, aportant les necessitats formatives que l&#8217;entorn socioecon\u00f2mic demanda i analitzant, a cada moment, les exig\u00e8ncies del mercat laboral. [&hellip;]<\/p>\n","protected":false},"author":17728,"featured_media":0,"parent":0,"menu_order":0,"comment_status":"closed","ping_status":"closed","template":"","meta":{"_et_pb_use_builder":"on","_et_pb_old_content":"","_et_gb_content_width":"","ngg_post_thumbnail":0,"_links_to":"","_links_to_target":""},"yoast_head":"<!-- This site is optimized with the Yoast SEO plugin v17.5 - https:\/\/yoast.com\/wordpress\/plugins\/seo\/ -->\n<title>Estudis - Exposici\u00f3n 25 aniversario UMH<\/title>\n<meta name=\"robots\" content=\"index, follow, max-snippet:-1, max-image-preview:large, max-video-preview:-1\" \/>\n<link rel=\"canonical\" href=\"https:\/\/expo25.umh.es\/ca\/estudis\/\" \/>\n<meta property=\"og:locale\" content=\"ca_ES\" \/>\n<meta property=\"og:type\" content=\"article\" \/>\n<meta property=\"og:title\" content=\"Estudis - Exposici\u00f3n 25 aniversario UMH\" \/>\n<meta property=\"og:description\" content=\"II Estudis Una de les funcions b\u00e0siques de la universitat \u00e9s la de formar estudiantat en cadascuna de les especialitats que es reflecteixen en les titulacions impartides.\u00a0\u00a0 Els estudis han anat creixent i consolidant la cartera docent, aportant les necessitats formatives que l&#039;entorn socioecon\u00f2mic demanda i analitzant, a cada moment, les exig\u00e8ncies del mercat laboral. [&hellip;]\" \/>\n<meta property=\"og:url\" content=\"https:\/\/expo25.umh.es\/ca\/estudis\/\" \/>\n<meta property=\"og:site_name\" content=\"Exposici\u00f3n 25 aniversario UMH\" \/>\n<meta property=\"article:publisher\" content=\"https:\/\/www.facebook.com\/UniversidadMiguelHernandezElche\" \/>\n<meta property=\"article:modified_time\" content=\"2022-07-27T12:04:25+00:00\" \/>\n<meta property=\"og:image\" content=\"https:\/\/expo25.umh.es\/files\/2022\/06\/Programa-A-Micro-Abierto-curso-2012-2013_-2013.jpeg\" \/>\n<meta name=\"twitter:card\" content=\"summary_large_image\" \/>\n<meta name=\"twitter:site\" content=\"@UniversidadMH\" \/>\n<meta name=\"twitter:label1\" content=\"Temps estimat de lectura\" \/>\n\t<meta name=\"twitter:data1\" content=\"10 minuts\" \/>\n<script type=\"application\/ld+json\" class=\"yoast-schema-graph\">{\"@context\":\"https:\/\/schema.org\",\"@graph\":[{\"@type\":\"Organization\",\"@id\":\"https:\/\/expo25.umh.es\/ca\/#organization\",\"name\":\"Universidad Miguel Hern\\u00e1ndez de Elche\",\"url\":\"https:\/\/expo25.umh.es\/ca\/\",\"sameAs\":[\"https:\/\/www.facebook.com\/UniversidadMiguelHernandezElche\",\"http:\/\/instagram.com\/universidadmh\",\"http:\/\/es.linkedin.com\/edu\/universidad-miguel-hern\\u00e1ndez-de-elche-12237\",\"http:\/\/youtube.umh.es\/\",\"https:\/\/twitter.com\/UniversidadMH\"],\"logo\":{\"@type\":\"ImageObject\",\"@id\":\"https:\/\/expo25.umh.es\/ca\/#logo\",\"inLanguage\":\"ca\",\"url\":\"https:\/\/expo25.umh.es\/files\/2022\/06\/LOGO-GRIS-25-ANIVERSARIO-1A-ARTICULACION.png\",\"contentUrl\":\"https:\/\/expo25.umh.es\/files\/2022\/06\/LOGO-GRIS-25-ANIVERSARIO-1A-ARTICULACION.png\",\"width\":384,\"height\":132,\"caption\":\"Universidad Miguel Hern\\u00e1ndez de Elche\"},\"image\":{\"@id\":\"https:\/\/expo25.umh.es\/ca\/#logo\"}},{\"@type\":\"WebSite\",\"@id\":\"https:\/\/expo25.umh.es\/ca\/#website\",\"url\":\"https:\/\/expo25.umh.es\/ca\/\",\"name\":\"Exposici\\u00f3n 25 aniversario UMH\",\"description\":\"Universidad Miguel Hern\\u00e1ndez de Elche\",\"publisher\":{\"@id\":\"https:\/\/expo25.umh.es\/ca\/#organization\"},\"potentialAction\":[{\"@type\":\"SearchAction\",\"target\":{\"@type\":\"EntryPoint\",\"urlTemplate\":\"https:\/\/expo25.umh.es\/ca\/?s={search_term_string}\"},\"query-input\":\"required name=search_term_string\"}],\"inLanguage\":\"ca\"},{\"@type\":\"ImageObject\",\"@id\":\"https:\/\/expo25.umh.es\/ca\/estudis\/#primaryimage\",\"inLanguage\":\"ca\",\"url\":\"https:\/\/expo25.umh.es\/files\/2022\/06\/Programa-A-Micro-Abierto-curso-2012-2013_-2013.jpeg\",\"contentUrl\":\"https:\/\/expo25.umh.es\/files\/2022\/06\/Programa-A-Micro-Abierto-curso-2012-2013_-2013.jpeg\",\"width\":640,\"height\":427},{\"@type\":\"WebPage\",\"@id\":\"https:\/\/expo25.umh.es\/ca\/estudis\/#webpage\",\"url\":\"https:\/\/expo25.umh.es\/ca\/estudis\/\",\"name\":\"Estudis - Exposici\\u00f3n 25 aniversario UMH\",\"isPartOf\":{\"@id\":\"https:\/\/expo25.umh.es\/ca\/#website\"},\"primaryImageOfPage\":{\"@id\":\"https:\/\/expo25.umh.es\/ca\/estudis\/#primaryimage\"},\"datePublished\":\"2022-07-25T10:15:50+00:00\",\"dateModified\":\"2022-07-27T12:04:25+00:00\",\"breadcrumb\":{\"@id\":\"https:\/\/expo25.umh.es\/ca\/estudis\/#breadcrumb\"},\"inLanguage\":\"ca\",\"potentialAction\":[{\"@type\":\"ReadAction\",\"target\":[\"https:\/\/expo25.umh.es\/ca\/estudis\/\"]}]},{\"@type\":\"BreadcrumbList\",\"@id\":\"https:\/\/expo25.umh.es\/ca\/estudis\/#breadcrumb\",\"itemListElement\":[{\"@type\":\"ListItem\",\"position\":1,\"name\":\"Portada\",\"item\":\"https:\/\/expo25.umh.es\/ca\/\"},{\"@type\":\"ListItem\",\"position\":2,\"name\":\"Estudis\"}]}]}<\/script>\n<!-- \/ Yoast SEO plugin. -->","yoast_head_json":{"title":"Estudis - Exposici\u00f3n 25 aniversario UMH","robots":{"index":"index","follow":"follow","max-snippet":"max-snippet:-1","max-image-preview":"max-image-preview:large","max-video-preview":"max-video-preview:-1"},"canonical":"https:\/\/expo25.umh.es\/ca\/estudis\/","og_locale":"ca_ES","og_type":"article","og_title":"Estudis - Exposici\u00f3n 25 aniversario UMH","og_description":"II Estudis Una de les funcions b\u00e0siques de la universitat \u00e9s la de formar estudiantat en cadascuna de les especialitats que es reflecteixen en les titulacions impartides.\u00a0\u00a0 Els estudis han anat creixent i consolidant la cartera docent, aportant les necessitats formatives que l'entorn socioecon\u00f2mic demanda i analitzant, a cada moment, les exig\u00e8ncies del mercat laboral. [&hellip;]","og_url":"https:\/\/expo25.umh.es\/ca\/estudis\/","og_site_name":"Exposici\u00f3n 25 aniversario UMH","article_publisher":"https:\/\/www.facebook.com\/UniversidadMiguelHernandezElche","article_modified_time":"2022-07-27T12:04:25+00:00","og_image":[{"url":"https:\/\/expo25.umh.es\/files\/2022\/06\/Programa-A-Micro-Abierto-curso-2012-2013_-2013.jpeg"}],"twitter_card":"summary_large_image","twitter_site":"@UniversidadMH","twitter_misc":{"Temps estimat de lectura":"10 minuts"},"schema":{"@context":"https:\/\/schema.org","@graph":[{"@type":"Organization","@id":"https:\/\/expo25.umh.es\/ca\/#organization","name":"Universidad Miguel Hern\u00e1ndez de Elche","url":"https:\/\/expo25.umh.es\/ca\/","sameAs":["https:\/\/www.facebook.com\/UniversidadMiguelHernandezElche","http:\/\/instagram.com\/universidadmh","http:\/\/es.linkedin.com\/edu\/universidad-miguel-hern\u00e1ndez-de-elche-12237","http:\/\/youtube.umh.es\/","https:\/\/twitter.com\/UniversidadMH"],"logo":{"@type":"ImageObject","@id":"https:\/\/expo25.umh.es\/ca\/#logo","inLanguage":"ca","url":"https:\/\/expo25.umh.es\/files\/2022\/06\/LOGO-GRIS-25-ANIVERSARIO-1A-ARTICULACION.png","contentUrl":"https:\/\/expo25.umh.es\/files\/2022\/06\/LOGO-GRIS-25-ANIVERSARIO-1A-ARTICULACION.png","width":384,"height":132,"caption":"Universidad Miguel Hern\u00e1ndez de Elche"},"image":{"@id":"https:\/\/expo25.umh.es\/ca\/#logo"}},{"@type":"WebSite","@id":"https:\/\/expo25.umh.es\/ca\/#website","url":"https:\/\/expo25.umh.es\/ca\/","name":"Exposici\u00f3n 25 aniversario UMH","description":"Universidad Miguel Hern\u00e1ndez de Elche","publisher":{"@id":"https:\/\/expo25.umh.es\/ca\/#organization"},"potentialAction":[{"@type":"SearchAction","target":{"@type":"EntryPoint","urlTemplate":"https:\/\/expo25.umh.es\/ca\/?s={search_term_string}"},"query-input":"required name=search_term_string"}],"inLanguage":"ca"},{"@type":"ImageObject","@id":"https:\/\/expo25.umh.es\/ca\/estudis\/#primaryimage","inLanguage":"ca","url":"https:\/\/expo25.umh.es\/files\/2022\/06\/Programa-A-Micro-Abierto-curso-2012-2013_-2013.jpeg","contentUrl":"https:\/\/expo25.umh.es\/files\/2022\/06\/Programa-A-Micro-Abierto-curso-2012-2013_-2013.jpeg","width":640,"height":427},{"@type":"WebPage","@id":"https:\/\/expo25.umh.es\/ca\/estudis\/#webpage","url":"https:\/\/expo25.umh.es\/ca\/estudis\/","name":"Estudis - Exposici\u00f3n 25 aniversario UMH","isPartOf":{"@id":"https:\/\/expo25.umh.es\/ca\/#website"},"primaryImageOfPage":{"@id":"https:\/\/expo25.umh.es\/ca\/estudis\/#primaryimage"},"datePublished":"2022-07-25T10:15:50+00:00","dateModified":"2022-07-27T12:04:25+00:00","breadcrumb":{"@id":"https:\/\/expo25.umh.es\/ca\/estudis\/#breadcrumb"},"inLanguage":"ca","potentialAction":[{"@type":"ReadAction","target":["https:\/\/expo25.umh.es\/ca\/estudis\/"]}]},{"@type":"BreadcrumbList","@id":"https:\/\/expo25.umh.es\/ca\/estudis\/#breadcrumb","itemListElement":[{"@type":"ListItem","position":1,"name":"Portada","item":"https:\/\/expo25.umh.es\/ca\/"},{"@type":"ListItem","position":2,"name":"Estudis"}]}]}},"_links":{"self":[{"href":"https:\/\/expo25.umh.es\/ca\/wp-json\/wp\/v2\/pages\/3956"}],"collection":[{"href":"https:\/\/expo25.umh.es\/ca\/wp-json\/wp\/v2\/pages"}],"about":[{"href":"https:\/\/expo25.umh.es\/ca\/wp-json\/wp\/v2\/types\/page"}],"author":[{"embeddable":true,"href":"https:\/\/expo25.umh.es\/ca\/wp-json\/wp\/v2\/users\/17728"}],"replies":[{"embeddable":true,"href":"https:\/\/expo25.umh.es\/ca\/wp-json\/wp\/v2\/comments?post=3956"}],"version-history":[{"count":0,"href":"https:\/\/expo25.umh.es\/ca\/wp-json\/wp\/v2\/pages\/3956\/revisions"}],"wp:attachment":[{"href":"https:\/\/expo25.umh.es\/ca\/wp-json\/wp\/v2\/media?parent=3956"}],"curies":[{"name":"wp","href":"https:\/\/api.w.org\/{rel}","templated":true}]}}